{"id":15254,"date":"2026-03-17T17:37:47","date_gmt":"2026-03-17T20:37:47","guid":{"rendered":"https:\/\/med-br.com\/psiquiatra-brasilia\/?page_id=15254"},"modified":"2026-03-17T18:49:08","modified_gmt":"2026-03-17T21:49:08","slug":"destaques","status":"publish","type":"page","link":"https:\/\/med-br.com\/psiquiatra-brasilia\/destaques\/","title":{"rendered":"Destaques"},"content":{"rendered":"<p><div class=\"fusion-fullwidth fullwidth-box fusion-builder-row-1 fusion-flex-container has-pattern-background has-mask-background nonhundred-percent-fullwidth non-hundred-percent-height-scrolling\" style=\"--link_hover_color: var(--awb-color5);--link_color: var(--awb-color2);--awb-border-radius-top-left:10px;--awb-border-radius-top-right:10px;--awb-border-radius-bottom-right:10px;--awb-border-radius-bottom-left:10px;--awb-overflow:hidden;--awb-padding-top:1%;--awb-padding-right:4%;--awb-padding-bottom:4%;--awb-padding-left:4%;--awb-padding-top-medium:4%;--awb-padding-right-medium:4%;--awb-padding-bottom-medium:4%;--awb-padding-left-medium:4%;--awb-padding-top-small:4%;--awb-padding-right-small:4%;--awb-padding-bottom-small:4%;--awb-padding-left-small:4%;--awb-flex-wrap:wrap;\" ><div class=\"fusion-builder-row fusion-row fusion-flex-align-items-stretch fusion-flex-justify-content-center fusion-flex-content-wrap\" style=\"max-width:calc( 1200px + 10px );margin-left: calc(-10px \/ 2 );margin-right: calc(-10px \/ 2 );\"><div class=\"fusion-layout-column fusion_builder_column fusion-builder-column-0 fusion_builder_column_1_1 1_1 fusion-flex-column\" style=\"--awb-bg-size:cover;--awb-width-large:100%;--awb-margin-top-large:0px;--awb-spacing-right-large:5px;--awb-margin-bottom-large:30px;--awb-spacing-left-large:5px;--awb-width-medium:100%;--awb-order-medium:0;--awb-spacing-right-medium:5px;--awb-spacing-left-medium:5px;--awb-width-small:100%;--awb-order-small:0;--awb-spacing-right-small:5px;--awb-margin-bottom-small:20px;--awb-spacing-left-small:5px;\"><div class=\"fusion-column-wrapper fusion-column-has-shadow fusion-flex-justify-content-flex-start fusion-content-layout-column\"><div class=\"fusion-title title fusion-title-1 fusion-sep-none fusion-title-text fusion-title-size-two\" style=\"--awb-text-color:var(--awb-color2);--awb-margin-bottom:10px;--awb-margin-top-small:10px;--awb-margin-right-small:0px;--awb-margin-bottom-small:-10px;--awb-margin-left-small:0px;--awb-font-size:28px;\"><h2 class=\"fusion-title-heading title-heading-left\" style=\"font-family:&quot;Montserrat&quot;;font-style:normal;font-weight:600;margin:0;letter-spacing:1.3px;text-transform:uppercase;font-size:1em;line-height:1.3;\">Destaques<\/h2><\/div><div class=\"fusion-separator\" style=\"align-self: flex-start;margin-right:auto;margin-top:20px;width:100%;max-width:60%;\"><div class=\"fusion-separator-border sep-single sep-solid\" style=\"--awb-height:20px;--awb-amount:20px;border-color:var(--awb-color3);border-top-width:1px;\"><\/div><\/div><\/div><\/div><div class=\"fusion-layout-column fusion_builder_column fusion-builder-column-1 fusion_builder_column_1_1 1_1 fusion-flex-column\" style=\"--awb-padding-top:10px;--awb-padding-right:10px;--awb-padding-bottom:10px;--awb-padding-left:10px;--awb-padding-top-medium:10px;--awb-padding-right-medium:10px;--awb-padding-bottom-medium:10px;--awb-padding-left-medium:10px;--awb-bg-color:var(--awb-color2);--awb-bg-color-hover:var(--awb-color2);--awb-bg-size:cover;--awb-width-large:100%;--awb-margin-top-large:0px;--awb-spacing-right-large:5px;--awb-margin-bottom-large:0px;--awb-spacing-left-large:5px;--awb-width-medium:100%;--awb-order-medium:0;--awb-spacing-right-medium:5px;--awb-spacing-left-medium:5px;--awb-width-small:100%;--awb-order-small:0;--awb-spacing-right-small:5px;--awb-spacing-left-small:5px;\" data-scroll-devices=\"small-visibility,medium-visibility,large-visibility\"><div class=\"fusion-column-wrapper fusion-column-has-shadow fusion-flex-justify-content-flex-start fusion-content-layout-column\"><div class=\"fusion-blog-shortcode fusion-blog-shortcode-1 fusion-blog-archive fusion-blog-layout-grid-wrapper fusion-blog-no fusion-blog-layout-center\" style=\"margin-top:10px;margin-bottom:10px;--awb-title-font-size:1em;--awb-title-line-height:1.3;--awb-title-letter-spacing:1.1px;--awb-title-text-transform:none;--awb-title-font-family:&quot;Montserrat&quot;;--awb-title-font-style:normal;--awb-title-font-weight:500;--grid_separator_color:var(--awb-custom_color_6);\"><style type=\"text\/css\">.fusion-blog-shortcode-1 .fusion-blog-layout-grid .fusion-post-grid{padding:10px;}.fusion-blog-shortcode-1 .fusion-posts-container{margin-left: -10px !important; margin-right:-10px !important;}<\/style><div class=\"fusion-posts-container fusion-posts-container-no fusion-blog-rollover fusion-blog-layout-grid fusion-blog-layout-grid-4 isotope fusion-blog-equal-heights\" data-pages=\"0\" data-grid-col-space=\"20\" style=\"margin: -10px -10px 0;min-height:500px;\"><article id=\"blog-1-post-15179\" class=\"fusion-post-grid post-15179 post type-post status-publish format-standard has-post-thumbnail hentry category-pericia-previdenciaria-administrativa\">\n<div class=\"fusion-post-wrapper\" style=\"background-color:rgba(255,255,255,1);border:1px solid var(--awb-custom_color_6);border-bottom-width:3px;\">\n\n\t\t\t<div class=\"fusion-flexslider flexslider fusion-flexslider-loading fusion-post-slideshow\" style=\"border-color:var(--awb-custom_color_6);\">\n\t\t<ul class=\"slides\">\n\t\t\t\n\t\t\t\t\t\t\t\t\t\t\t\t\t\t<li><div  class=\"fusion-image-wrapper\" aria-haspopup=\"true\">\n\t\t\t\t<img decoding=\"async\" width=\"600\" height=\"600\" src=\"https:\/\/med-br.com\/psiquiatra-brasilia\/wp-content\/uploads\/2026\/03\/pericia-psiquiatrica-32.jpg\" class=\"attachment-full size-full wp-post-image\" alt=\"pericia psiquiatrica (32)\" srcset=\"https:\/\/med-br.com\/psiquiatra-brasilia\/wp-content\/uploads\/2026\/03\/pericia-psiquiatrica-32-200x200.jpg 200w, https:\/\/med-br.com\/psiquiatra-brasilia\/wp-content\/uploads\/2026\/03\/pericia-psiquiatrica-32-400x400.jpg 400w, https:\/\/med-br.com\/psiquiatra-brasilia\/wp-content\/uploads\/2026\/03\/pericia-psiquiatrica-32.jpg 600w\" sizes=\"(min-width: 2200px) 100vw, (min-width: 856px) 285px, (min-width: 784px) 380px, (min-width: 712px) 570px, (min-width: 640px) 712px, \" title=\"\"><div class=\"fusion-rollover\">\n\t<div class=\"fusion-rollover-content\">\n\n\t\t\t\t\t\t\t\t\t\t\t\t\t\t<a class=\"fusion-rollover-link\" href=\"https:\/\/med-br.com\/psiquiatra-brasilia\/documentos-pericia-previdenciaria\/\">Como Montar um Dossi\u00ea M\u00e9dico Infal\u00edvel para a Per\u00edcia Previdenci\u00e1ria: Documentos e Quesitos<\/a>\n\t\t\t\n\t\t\t\t\t\t\t\t\t\t\t\t\t\t\n\t\t\t\t\t\t\t\t\n\t\t\t\t\t\t\t\t\t\t\t\t\t<div class=\"fusion-rollover-sep\"><\/div>\n\t\t\t\t\n\t\t\t\t\t\t\t\t\t\t\t\t\t\t\t\t\t\t<a class=\"fusion-rollover-gallery\" href=\"https:\/\/med-br.com\/psiquiatra-brasilia\/wp-content\/uploads\/2026\/03\/pericia-psiquiatrica-32.jpg\" data-options=\"\" data-id=\"15179\" data-rel=\"iLightbox[gallery]\" data-title=\"pericia psiquiatrica (32)\" data-caption=\"\">\n\t\t\t\t\t\tGaleria\t\t\t\t\t<\/a>\n\t\t\t\t\t\t\t\t\t\t\t\t\t\t\n\t\t\n\t\t\t\t\t\t\t\t\t\t\t\t<h4 class=\"fusion-rollover-title\">\n\t\t\t\t\t<a class=\"fusion-rollover-title-link\" href=\"https:\/\/med-br.com\/psiquiatra-brasilia\/documentos-pericia-previdenciaria\/\">\n\t\t\t\t\t\tComo Montar um Dossi\u00ea M\u00e9dico Infal\u00edvel para a Per\u00edcia Previdenci\u00e1ria: Documentos e Quesitos\t\t\t\t\t<\/a>\n\t\t\t\t<\/h4>\n\t\t\t\n\t\t\t\t\t\t\t\t\t\t<div class=\"fusion-rollover-categories\"><a href=\"https:\/\/med-br.com\/psiquiatra-brasilia\/category\/pericia-previdenciaria-administrativa\/\" rel=\"tag\">Per\u00edcia Previdenci\u00e1ria e Administrativa<\/a><\/div>\t\t\t\t\t\n\t\t\n\t\t\t\t\t\t<a class=\"fusion-link-wrapper\" href=\"https:\/\/med-br.com\/psiquiatra-brasilia\/documentos-pericia-previdenciaria\/\" aria-label=\"Como Montar um Dossi\u00ea M\u00e9dico Infal\u00edvel para a Per\u00edcia Previdenci\u00e1ria: Documentos e Quesitos\"><\/a>\n\t<\/div>\n<\/div>\n<\/div>\n<\/li>\n\t\t\t\n\t\t\t\n\t\t\t\t\t\t\t\t<\/ul>\n\t<\/div>\n\t<div class=\"fusion-post-content-wrapper\" style=\"padding:10px 10px 10px 10px;\"><div class=\"fusion-post-content post-content\"><h2 class=\"blog-shortcode-post-title entry-title\"><a href=\"https:\/\/med-br.com\/psiquiatra-brasilia\/documentos-pericia-previdenciaria\/\">Como Montar um Dossi\u00ea M\u00e9dico Infal\u00edvel para a Per\u00edcia Previdenci\u00e1ria: Documentos e Quesitos<\/a><\/h2><div class=\"fusion-content-sep sep-none\"><\/div><\/div><div class=\"fusion-meta-info\"><div class=\"fusion-aligncenter\"><a class=\"fusion-read-more\" href=\"https:\/\/med-br.com\/psiquiatra-brasilia\/documentos-pericia-previdenciaria\/\" aria-label=\"More on Como Montar um Dossi\u00ea M\u00e9dico Infal\u00edvel para a Per\u00edcia Previdenci\u00e1ria: Documentos e Quesitos\">Ler Mais<\/a><\/div><\/div><\/div><div class=\"fusion-clearfix\"><\/div><\/div>\n<\/article>\n<article id=\"blog-1-post-15178\" class=\"fusion-post-grid post-15178 post type-post status-publish format-standard has-post-thumbnail hentry category-pericia-previdenciaria-administrativa\">\n<div class=\"fusion-post-wrapper\" style=\"background-color:rgba(255,255,255,1);border:1px solid var(--awb-custom_color_6);border-bottom-width:3px;\">\n\n\t\t\t<div class=\"fusion-flexslider flexslider fusion-flexslider-loading fusion-post-slideshow\" style=\"border-color:var(--awb-custom_color_6);\">\n\t\t<ul class=\"slides\">\n\t\t\t\n\t\t\t\t\t\t\t\t\t\t\t\t\t\t<li><div  class=\"fusion-image-wrapper\" aria-haspopup=\"true\">\n\t\t\t\t<img decoding=\"async\" width=\"600\" height=\"600\" src=\"https:\/\/med-br.com\/psiquiatra-brasilia\/wp-content\/uploads\/2026\/03\/pericia-psiquiatrica-37.jpg\" class=\"attachment-full size-full wp-post-image\" alt=\"pericia psiquiatrica (37)\" srcset=\"https:\/\/med-br.com\/psiquiatra-brasilia\/wp-content\/uploads\/2026\/03\/pericia-psiquiatrica-37-200x200.jpg 200w, https:\/\/med-br.com\/psiquiatra-brasilia\/wp-content\/uploads\/2026\/03\/pericia-psiquiatrica-37-400x400.jpg 400w, https:\/\/med-br.com\/psiquiatra-brasilia\/wp-content\/uploads\/2026\/03\/pericia-psiquiatrica-37.jpg 600w\" sizes=\"(min-width: 2200px) 100vw, (min-width: 856px) 285px, (min-width: 784px) 380px, (min-width: 712px) 570px, (min-width: 640px) 712px, \" title=\"\"><div class=\"fusion-rollover\">\n\t<div class=\"fusion-rollover-content\">\n\n\t\t\t\t\t\t\t\t\t\t\t\t\t\t<a class=\"fusion-rollover-link\" href=\"https:\/\/med-br.com\/psiquiatra-brasilia\/pericia-administrativa-servidor-publico\/\">Per\u00edcia Administrativa para Servidores: Readapta\u00e7\u00e3o, Licen\u00e7a M\u00e9dica e Aposentadoria Especial<\/a>\n\t\t\t\n\t\t\t\t\t\t\t\t\t\t\t\t\t\t\n\t\t\t\t\t\t\t\t\n\t\t\t\t\t\t\t\t\t\t\t\t\t<div class=\"fusion-rollover-sep\"><\/div>\n\t\t\t\t\n\t\t\t\t\t\t\t\t\t\t\t\t\t\t\t\t\t\t<a class=\"fusion-rollover-gallery\" href=\"https:\/\/med-br.com\/psiquiatra-brasilia\/wp-content\/uploads\/2026\/03\/pericia-psiquiatrica-37.jpg\" data-options=\"\" data-id=\"15178\" data-rel=\"iLightbox[gallery]\" data-title=\"pericia psiquiatrica (37)\" data-caption=\"\">\n\t\t\t\t\t\tGaleria\t\t\t\t\t<\/a>\n\t\t\t\t\t\t\t\t\t\t\t\t\t\t\n\t\t\n\t\t\t\t\t\t\t\t\t\t\t\t<h4 class=\"fusion-rollover-title\">\n\t\t\t\t\t<a class=\"fusion-rollover-title-link\" href=\"https:\/\/med-br.com\/psiquiatra-brasilia\/pericia-administrativa-servidor-publico\/\">\n\t\t\t\t\t\tPer\u00edcia Administrativa para Servidores: Readapta\u00e7\u00e3o, Licen\u00e7a M\u00e9dica e Aposentadoria Especial\t\t\t\t\t<\/a>\n\t\t\t\t<\/h4>\n\t\t\t\n\t\t\t\t\t\t\t\t\t\t<div class=\"fusion-rollover-categories\"><a href=\"https:\/\/med-br.com\/psiquiatra-brasilia\/category\/pericia-previdenciaria-administrativa\/\" rel=\"tag\">Per\u00edcia Previdenci\u00e1ria e Administrativa<\/a><\/div>\t\t\t\t\t\n\t\t\n\t\t\t\t\t\t<a class=\"fusion-link-wrapper\" href=\"https:\/\/med-br.com\/psiquiatra-brasilia\/pericia-administrativa-servidor-publico\/\" aria-label=\"Per\u00edcia Administrativa para Servidores: Readapta\u00e7\u00e3o, Licen\u00e7a M\u00e9dica e Aposentadoria Especial\"><\/a>\n\t<\/div>\n<\/div>\n<\/div>\n<\/li>\n\t\t\t\n\t\t\t\n\t\t\t\t\t\t\t\t<\/ul>\n\t<\/div>\n\t<div class=\"fusion-post-content-wrapper\" style=\"padding:10px 10px 10px 10px;\"><div class=\"fusion-post-content post-content\"><h2 class=\"blog-shortcode-post-title entry-title\"><a href=\"https:\/\/med-br.com\/psiquiatra-brasilia\/pericia-administrativa-servidor-publico\/\">Per\u00edcia Administrativa para Servidores: Readapta\u00e7\u00e3o, Licen\u00e7a M\u00e9dica e Aposentadoria Especial<\/a><\/h2><div class=\"fusion-content-sep sep-none\"><\/div><\/div><div class=\"fusion-meta-info\"><div class=\"fusion-aligncenter\"><a class=\"fusion-read-more\" href=\"https:\/\/med-br.com\/psiquiatra-brasilia\/pericia-administrativa-servidor-publico\/\" aria-label=\"More on Per\u00edcia Administrativa para Servidores: Readapta\u00e7\u00e3o, Licen\u00e7a M\u00e9dica e Aposentadoria Especial\">Ler Mais<\/a><\/div><\/div><\/div><div class=\"fusion-clearfix\"><\/div><\/div>\n<\/article>\n<article id=\"blog-1-post-15177\" class=\"fusion-post-grid post-15177 post type-post status-publish format-standard has-post-thumbnail hentry category-pericia-previdenciaria-administrativa\">\n<div class=\"fusion-post-wrapper\" style=\"background-color:rgba(255,255,255,1);border:1px solid var(--awb-custom_color_6);border-bottom-width:3px;\">\n\n\t\t\t<div class=\"fusion-flexslider flexslider fusion-flexslider-loading fusion-post-slideshow\" style=\"border-color:var(--awb-custom_color_6);\">\n\t\t<ul class=\"slides\">\n\t\t\t\n\t\t\t\t\t\t\t\t\t\t\t\t\t\t<li><div  class=\"fusion-image-wrapper\" aria-haspopup=\"true\">\n\t\t\t\t<img decoding=\"async\" width=\"600\" height=\"600\" src=\"https:\/\/med-br.com\/psiquiatra-brasilia\/wp-content\/uploads\/2026\/03\/pericia-psiquiatrica-47.jpg\" class=\"attachment-full size-full wp-post-image\" alt=\"pericia psiquiatrica (47)\" srcset=\"https:\/\/med-br.com\/psiquiatra-brasilia\/wp-content\/uploads\/2026\/03\/pericia-psiquiatrica-47-200x200.jpg 200w, https:\/\/med-br.com\/psiquiatra-brasilia\/wp-content\/uploads\/2026\/03\/pericia-psiquiatrica-47-400x400.jpg 400w, https:\/\/med-br.com\/psiquiatra-brasilia\/wp-content\/uploads\/2026\/03\/pericia-psiquiatrica-47.jpg 600w\" sizes=\"(min-width: 2200px) 100vw, (min-width: 856px) 285px, (min-width: 784px) 380px, (min-width: 712px) 570px, (min-width: 640px) 712px, \" title=\"\"><div class=\"fusion-rollover\">\n\t<div class=\"fusion-rollover-content\">\n\n\t\t\t\t\t\t\t\t\t\t\t\t\t\t<a class=\"fusion-rollover-link\" href=\"https:\/\/med-br.com\/psiquiatra-brasilia\/pericia-bpc-loas\/\">Per\u00edcia para BPC\/LOAS: Crit\u00e9rios M\u00e9dicos para Defici\u00eancia Mental e Intelectual<\/a>\n\t\t\t\n\t\t\t\t\t\t\t\t\t\t\t\t\t\t\n\t\t\t\t\t\t\t\t\n\t\t\t\t\t\t\t\t\t\t\t\t\t<div class=\"fusion-rollover-sep\"><\/div>\n\t\t\t\t\n\t\t\t\t\t\t\t\t\t\t\t\t\t\t\t\t\t\t<a class=\"fusion-rollover-gallery\" href=\"https:\/\/med-br.com\/psiquiatra-brasilia\/wp-content\/uploads\/2026\/03\/pericia-psiquiatrica-47.jpg\" data-options=\"\" data-id=\"15177\" data-rel=\"iLightbox[gallery]\" data-title=\"pericia psiquiatrica (47)\" data-caption=\"\">\n\t\t\t\t\t\tGaleria\t\t\t\t\t<\/a>\n\t\t\t\t\t\t\t\t\t\t\t\t\t\t\n\t\t\n\t\t\t\t\t\t\t\t\t\t\t\t<h4 class=\"fusion-rollover-title\">\n\t\t\t\t\t<a class=\"fusion-rollover-title-link\" href=\"https:\/\/med-br.com\/psiquiatra-brasilia\/pericia-bpc-loas\/\">\n\t\t\t\t\t\tPer\u00edcia para BPC\/LOAS: Crit\u00e9rios M\u00e9dicos para Defici\u00eancia Mental e Intelectual\t\t\t\t\t<\/a>\n\t\t\t\t<\/h4>\n\t\t\t\n\t\t\t\t\t\t\t\t\t\t<div class=\"fusion-rollover-categories\"><a href=\"https:\/\/med-br.com\/psiquiatra-brasilia\/category\/pericia-previdenciaria-administrativa\/\" rel=\"tag\">Per\u00edcia Previdenci\u00e1ria e Administrativa<\/a><\/div>\t\t\t\t\t\n\t\t\n\t\t\t\t\t\t<a class=\"fusion-link-wrapper\" href=\"https:\/\/med-br.com\/psiquiatra-brasilia\/pericia-bpc-loas\/\" aria-label=\"Per\u00edcia para BPC\/LOAS: Crit\u00e9rios M\u00e9dicos para Defici\u00eancia Mental e Intelectual\"><\/a>\n\t<\/div>\n<\/div>\n<\/div>\n<\/li>\n\t\t\t\n\t\t\t\n\t\t\t\t\t\t\t\t<\/ul>\n\t<\/div>\n\t<div class=\"fusion-post-content-wrapper\" style=\"padding:10px 10px 10px 10px;\"><div class=\"fusion-post-content post-content\"><h2 class=\"blog-shortcode-post-title entry-title\"><a href=\"https:\/\/med-br.com\/psiquiatra-brasilia\/pericia-bpc-loas\/\">Per\u00edcia para BPC\/LOAS: Crit\u00e9rios M\u00e9dicos para Defici\u00eancia Mental e Intelectual<\/a><\/h2><div class=\"fusion-content-sep sep-none\"><\/div><\/div><div class=\"fusion-meta-info\"><div class=\"fusion-aligncenter\"><a class=\"fusion-read-more\" href=\"https:\/\/med-br.com\/psiquiatra-brasilia\/pericia-bpc-loas\/\" aria-label=\"More on Per\u00edcia para BPC\/LOAS: Crit\u00e9rios M\u00e9dicos para Defici\u00eancia Mental e Intelectual\">Ler Mais<\/a><\/div><\/div><\/div><div class=\"fusion-clearfix\"><\/div><\/div>\n<\/article>\n<article id=\"blog-1-post-15176\" class=\"fusion-post-grid post-15176 post type-post status-publish format-standard has-post-thumbnail hentry category-pericia-previdenciaria-administrativa\">\n<div class=\"fusion-post-wrapper\" style=\"background-color:rgba(255,255,255,1);border:1px solid var(--awb-custom_color_6);border-bottom-width:3px;\">\n\n\t\t\t<div class=\"fusion-flexslider flexslider fusion-flexslider-loading fusion-post-slideshow\" style=\"border-color:var(--awb-custom_color_6);\">\n\t\t<ul class=\"slides\">\n\t\t\t\n\t\t\t\t\t\t\t\t\t\t\t\t\t\t<li><div  class=\"fusion-image-wrapper\" aria-haspopup=\"true\">\n\t\t\t\t<img decoding=\"async\" width=\"600\" height=\"600\" src=\"https:\/\/med-br.com\/psiquiatra-brasilia\/wp-content\/uploads\/2026\/03\/pericia-psiquiatrica-18.jpg\" class=\"attachment-full size-full wp-post-image\" alt=\"pericia psiquiatrica (18)\" srcset=\"https:\/\/med-br.com\/psiquiatra-brasilia\/wp-content\/uploads\/2026\/03\/pericia-psiquiatrica-18-200x200.jpg 200w, https:\/\/med-br.com\/psiquiatra-brasilia\/wp-content\/uploads\/2026\/03\/pericia-psiquiatrica-18-400x400.jpg 400w, https:\/\/med-br.com\/psiquiatra-brasilia\/wp-content\/uploads\/2026\/03\/pericia-psiquiatrica-18.jpg 600w\" sizes=\"(min-width: 2200px) 100vw, (min-width: 856px) 285px, (min-width: 784px) 380px, (min-width: 712px) 570px, (min-width: 640px) 712px, \" title=\"\"><div class=\"fusion-rollover\">\n\t<div class=\"fusion-rollover-content\">\n\n\t\t\t\t\t\t\t\t\t\t\t\t\t\t<a class=\"fusion-rollover-link\" href=\"https:\/\/med-br.com\/psiquiatra-brasilia\/isencao-ir-doenca-grave\/\">Isen\u00e7\u00e3o de Imposto de Renda por Doen\u00e7a Mental Grave: O Papel do Laudo Pericial M\u00e9dico<\/a>\n\t\t\t\n\t\t\t\t\t\t\t\t\t\t\t\t\t\t\n\t\t\t\t\t\t\t\t\n\t\t\t\t\t\t\t\t\t\t\t\t\t<div class=\"fusion-rollover-sep\"><\/div>\n\t\t\t\t\n\t\t\t\t\t\t\t\t\t\t\t\t\t\t\t\t\t\t<a class=\"fusion-rollover-gallery\" href=\"https:\/\/med-br.com\/psiquiatra-brasilia\/wp-content\/uploads\/2026\/03\/pericia-psiquiatrica-18.jpg\" data-options=\"\" data-id=\"15176\" data-rel=\"iLightbox[gallery]\" data-title=\"pericia psiquiatrica (18)\" data-caption=\"\">\n\t\t\t\t\t\tGaleria\t\t\t\t\t<\/a>\n\t\t\t\t\t\t\t\t\t\t\t\t\t\t\n\t\t\n\t\t\t\t\t\t\t\t\t\t\t\t<h4 class=\"fusion-rollover-title\">\n\t\t\t\t\t<a class=\"fusion-rollover-title-link\" href=\"https:\/\/med-br.com\/psiquiatra-brasilia\/isencao-ir-doenca-grave\/\">\n\t\t\t\t\t\tIsen\u00e7\u00e3o de Imposto de Renda por Doen\u00e7a Mental Grave: O Papel do Laudo Pericial M\u00e9dico\t\t\t\t\t<\/a>\n\t\t\t\t<\/h4>\n\t\t\t\n\t\t\t\t\t\t\t\t\t\t<div class=\"fusion-rollover-categories\"><a href=\"https:\/\/med-br.com\/psiquiatra-brasilia\/category\/pericia-previdenciaria-administrativa\/\" rel=\"tag\">Per\u00edcia Previdenci\u00e1ria e Administrativa<\/a><\/div>\t\t\t\t\t\n\t\t\n\t\t\t\t\t\t<a class=\"fusion-link-wrapper\" href=\"https:\/\/med-br.com\/psiquiatra-brasilia\/isencao-ir-doenca-grave\/\" aria-label=\"Isen\u00e7\u00e3o de Imposto de Renda por Doen\u00e7a Mental Grave: O Papel do Laudo Pericial M\u00e9dico\"><\/a>\n\t<\/div>\n<\/div>\n<\/div>\n<\/li>\n\t\t\t\n\t\t\t\n\t\t\t\t\t\t\t\t<\/ul>\n\t<\/div>\n\t<div class=\"fusion-post-content-wrapper\" style=\"padding:10px 10px 10px 10px;\"><div class=\"fusion-post-content post-content\"><h2 class=\"blog-shortcode-post-title entry-title\"><a href=\"https:\/\/med-br.com\/psiquiatra-brasilia\/isencao-ir-doenca-grave\/\">Isen\u00e7\u00e3o de Imposto de Renda por Doen\u00e7a Mental Grave: O Papel do Laudo Pericial M\u00e9dico<\/a><\/h2><div class=\"fusion-content-sep sep-none\"><\/div><\/div><div class=\"fusion-meta-info\"><div class=\"fusion-aligncenter\"><a class=\"fusion-read-more\" href=\"https:\/\/med-br.com\/psiquiatra-brasilia\/isencao-ir-doenca-grave\/\" aria-label=\"More on Isen\u00e7\u00e3o de Imposto de Renda por Doen\u00e7a Mental Grave: O Papel do Laudo Pericial M\u00e9dico\">Ler Mais<\/a><\/div><\/div><\/div><div class=\"fusion-clearfix\"><\/div><\/div>\n<\/article>\n<article id=\"blog-1-post-15175\" class=\"fusion-post-grid post-15175 post type-post status-publish format-standard has-post-thumbnail hentry category-pericia-previdenciaria-administrativa\">\n<div class=\"fusion-post-wrapper\" style=\"background-color:rgba(255,255,255,1);border:1px solid var(--awb-custom_color_6);border-bottom-width:3px;\">\n\n\t\t\t<div class=\"fusion-flexslider flexslider fusion-flexslider-loading fusion-post-slideshow\" style=\"border-color:var(--awb-custom_color_6);\">\n\t\t<ul class=\"slides\">\n\t\t\t\n\t\t\t\t\t\t\t\t\t\t\t\t\t\t<li><div  class=\"fusion-image-wrapper\" aria-haspopup=\"true\">\n\t\t\t\t<img decoding=\"async\" width=\"600\" height=\"600\" src=\"https:\/\/med-br.com\/psiquiatra-brasilia\/wp-content\/uploads\/2025\/12\/med-br-42.jpg\" class=\"attachment-full size-full wp-post-image\" alt=\"med-br (42)\" srcset=\"https:\/\/med-br.com\/psiquiatra-brasilia\/wp-content\/uploads\/2025\/12\/med-br-42-200x200.jpg 200w, https:\/\/med-br.com\/psiquiatra-brasilia\/wp-content\/uploads\/2025\/12\/med-br-42-400x400.jpg 400w, https:\/\/med-br.com\/psiquiatra-brasilia\/wp-content\/uploads\/2025\/12\/med-br-42.jpg 600w\" sizes=\"(min-width: 2200px) 100vw, (min-width: 856px) 285px, (min-width: 784px) 380px, (min-width: 712px) 570px, (min-width: 640px) 712px, \" title=\"\"><div class=\"fusion-rollover\">\n\t<div class=\"fusion-rollover-content\">\n\n\t\t\t\t\t\t\t\t\t\t\t\t\t\t<a class=\"fusion-rollover-link\" href=\"https:\/\/med-br.com\/psiquiatra-brasilia\/pericia-inss-transtornos-mentais\/\">Per\u00edcia do INSS para Transtornos Mentais: Como Comprovar a Incapacidade para o Trabalho<\/a>\n\t\t\t\n\t\t\t\t\t\t\t\t\t\t\t\t\t\t\n\t\t\t\t\t\t\t\t\n\t\t\t\t\t\t\t\t\t\t\t\t\t<div class=\"fusion-rollover-sep\"><\/div>\n\t\t\t\t\n\t\t\t\t\t\t\t\t\t\t\t\t\t\t\t\t\t\t<a class=\"fusion-rollover-gallery\" href=\"https:\/\/med-br.com\/psiquiatra-brasilia\/wp-content\/uploads\/2025\/12\/med-br-42.jpg\" data-options=\"\" data-id=\"15175\" data-rel=\"iLightbox[gallery]\" data-title=\"med-br (42)\" data-caption=\"\">\n\t\t\t\t\t\tGaleria\t\t\t\t\t<\/a>\n\t\t\t\t\t\t\t\t\t\t\t\t\t\t\n\t\t\n\t\t\t\t\t\t\t\t\t\t\t\t<h4 class=\"fusion-rollover-title\">\n\t\t\t\t\t<a class=\"fusion-rollover-title-link\" href=\"https:\/\/med-br.com\/psiquiatra-brasilia\/pericia-inss-transtornos-mentais\/\">\n\t\t\t\t\t\tPer\u00edcia do INSS para Transtornos Mentais: Como Comprovar a Incapacidade para o Trabalho\t\t\t\t\t<\/a>\n\t\t\t\t<\/h4>\n\t\t\t\n\t\t\t\t\t\t\t\t\t\t<div class=\"fusion-rollover-categories\"><a href=\"https:\/\/med-br.com\/psiquiatra-brasilia\/category\/pericia-previdenciaria-administrativa\/\" rel=\"tag\">Per\u00edcia Previdenci\u00e1ria e Administrativa<\/a><\/div>\t\t\t\t\t\n\t\t\n\t\t\t\t\t\t<a class=\"fusion-link-wrapper\" href=\"https:\/\/med-br.com\/psiquiatra-brasilia\/pericia-inss-transtornos-mentais\/\" aria-label=\"Per\u00edcia do INSS para Transtornos Mentais: Como Comprovar a Incapacidade para o Trabalho\"><\/a>\n\t<\/div>\n<\/div>\n<\/div>\n<\/li>\n\t\t\t\n\t\t\t\n\t\t\t\t\t\t\t\t<\/ul>\n\t<\/div>\n\t<div class=\"fusion-post-content-wrapper\" style=\"padding:10px 10px 10px 10px;\"><div class=\"fusion-post-content post-content\"><h2 class=\"blog-shortcode-post-title entry-title\"><a href=\"https:\/\/med-br.com\/psiquiatra-brasilia\/pericia-inss-transtornos-mentais\/\">Per\u00edcia do INSS para Transtornos Mentais: Como Comprovar a Incapacidade para o Trabalho<\/a><\/h2><div class=\"fusion-content-sep sep-none\"><\/div><\/div><div class=\"fusion-meta-info\"><div class=\"fusion-aligncenter\"><a class=\"fusion-read-more\" href=\"https:\/\/med-br.com\/psiquiatra-brasilia\/pericia-inss-transtornos-mentais\/\" aria-label=\"More on Per\u00edcia do INSS para Transtornos Mentais: Como Comprovar a Incapacidade para o Trabalho\">Ler Mais<\/a><\/div><\/div><\/div><div class=\"fusion-clearfix\"><\/div><\/div>\n<\/article>\n<article id=\"blog-1-post-15174\" class=\"fusion-post-grid post-15174 post type-post status-publish format-standard has-post-thumbnail hentry category-pericia-previdenciaria-administrativa\">\n<div class=\"fusion-post-wrapper\" style=\"background-color:rgba(255,255,255,1);border:1px solid var(--awb-custom_color_6);border-bottom-width:3px;\">\n\n\t\t\t<div class=\"fusion-flexslider flexslider fusion-flexslider-loading fusion-post-slideshow\" style=\"border-color:var(--awb-custom_color_6);\">\n\t\t<ul class=\"slides\">\n\t\t\t\n\t\t\t\t\t\t\t\t\t\t\t\t\t\t<li><div  class=\"fusion-image-wrapper\" aria-haspopup=\"true\">\n\t\t\t\t<img decoding=\"async\" width=\"600\" height=\"600\" src=\"https:\/\/med-br.com\/psiquiatra-brasilia\/wp-content\/uploads\/2026\/03\/pericia-psiquiatrica-24.jpg\" class=\"attachment-full size-full wp-post-image\" alt=\"pericia psiquiatrica (24)\" srcset=\"https:\/\/med-br.com\/psiquiatra-brasilia\/wp-content\/uploads\/2026\/03\/pericia-psiquiatrica-24-200x200.jpg 200w, https:\/\/med-br.com\/psiquiatra-brasilia\/wp-content\/uploads\/2026\/03\/pericia-psiquiatrica-24-400x400.jpg 400w, https:\/\/med-br.com\/psiquiatra-brasilia\/wp-content\/uploads\/2026\/03\/pericia-psiquiatrica-24.jpg 600w\" sizes=\"(min-width: 2200px) 100vw, (min-width: 856px) 285px, (min-width: 784px) 380px, (min-width: 712px) 570px, (min-width: 640px) 712px, \" title=\"\"><div class=\"fusion-rollover\">\n\t<div class=\"fusion-rollover-content\">\n\n\t\t\t\t\t\t\t\t\t\t\t\t\t\t<a class=\"fusion-rollover-link\" href=\"https:\/\/med-br.com\/psiquiatra-brasilia\/pericia-previdenciaria-administrativa\/\">Per\u00edcias Previdenci\u00e1rias e Administrativas: Guia para Garantir seus Direitos no INSS e \u00d3rg\u00e3os P\u00fablicos<\/a>\n\t\t\t\n\t\t\t\t\t\t\t\t\t\t\t\t\t\t\n\t\t\t\t\t\t\t\t\n\t\t\t\t\t\t\t\t\t\t\t\t\t<div class=\"fusion-rollover-sep\"><\/div>\n\t\t\t\t\n\t\t\t\t\t\t\t\t\t\t\t\t\t\t\t\t\t\t<a class=\"fusion-rollover-gallery\" href=\"https:\/\/med-br.com\/psiquiatra-brasilia\/wp-content\/uploads\/2026\/03\/pericia-psiquiatrica-24.jpg\" data-options=\"\" data-id=\"15174\" data-rel=\"iLightbox[gallery]\" data-title=\"pericia psiquiatrica (24)\" data-caption=\"\">\n\t\t\t\t\t\tGaleria\t\t\t\t\t<\/a>\n\t\t\t\t\t\t\t\t\t\t\t\t\t\t\n\t\t\n\t\t\t\t\t\t\t\t\t\t\t\t<h4 class=\"fusion-rollover-title\">\n\t\t\t\t\t<a class=\"fusion-rollover-title-link\" href=\"https:\/\/med-br.com\/psiquiatra-brasilia\/pericia-previdenciaria-administrativa\/\">\n\t\t\t\t\t\tPer\u00edcias Previdenci\u00e1rias e Administrativas: Guia para Garantir seus Direitos no INSS e \u00d3rg\u00e3os P\u00fablicos\t\t\t\t\t<\/a>\n\t\t\t\t<\/h4>\n\t\t\t\n\t\t\t\t\t\t\t\t\t\t<div class=\"fusion-rollover-categories\"><a href=\"https:\/\/med-br.com\/psiquiatra-brasilia\/category\/pericia-previdenciaria-administrativa\/\" rel=\"tag\">Per\u00edcia Previdenci\u00e1ria e Administrativa<\/a><\/div>\t\t\t\t\t\n\t\t\n\t\t\t\t\t\t<a class=\"fusion-link-wrapper\" href=\"https:\/\/med-br.com\/psiquiatra-brasilia\/pericia-previdenciaria-administrativa\/\" aria-label=\"Per\u00edcias Previdenci\u00e1rias e Administrativas: Guia para Garantir seus Direitos no INSS e \u00d3rg\u00e3os P\u00fablicos\"><\/a>\n\t<\/div>\n<\/div>\n<\/div>\n<\/li>\n\t\t\t\n\t\t\t\n\t\t\t\t\t\t\t\t<\/ul>\n\t<\/div>\n\t<div class=\"fusion-post-content-wrapper\" style=\"padding:10px 10px 10px 10px;\"><div class=\"fusion-post-content post-content\"><h2 class=\"blog-shortcode-post-title entry-title\"><a href=\"https:\/\/med-br.com\/psiquiatra-brasilia\/pericia-previdenciaria-administrativa\/\">Per\u00edcias Previdenci\u00e1rias e Administrativas: Guia para Garantir seus Direitos no INSS e \u00d3rg\u00e3os P\u00fablicos<\/a><\/h2><div class=\"fusion-content-sep sep-none\"><\/div><\/div><div class=\"fusion-meta-info\"><div class=\"fusion-aligncenter\"><a class=\"fusion-read-more\" href=\"https:\/\/med-br.com\/psiquiatra-brasilia\/pericia-previdenciaria-administrativa\/\" aria-label=\"More on Per\u00edcias Previdenci\u00e1rias e Administrativas: Guia para Garantir seus Direitos no INSS e \u00d3rg\u00e3os P\u00fablicos\">Ler Mais<\/a><\/div><\/div><\/div><div class=\"fusion-clearfix\"><\/div><\/div>\n<\/article>\n<article id=\"blog-1-post-15154\" class=\"fusion-post-grid post-15154 post type-post status-publish format-standard has-post-thumbnail hentry category-pericia-direito-da-familia\">\n<div class=\"fusion-post-wrapper\" style=\"background-color:rgba(255,255,255,1);border:1px solid var(--awb-custom_color_6);border-bottom-width:3px;\">\n\n\t\t\t<div class=\"fusion-flexslider flexslider fusion-flexslider-loading fusion-post-slideshow\" style=\"border-color:var(--awb-custom_color_6);\">\n\t\t<ul class=\"slides\">\n\t\t\t\n\t\t\t\t\t\t\t\t\t\t\t\t\t\t<li><div  class=\"fusion-image-wrapper\" aria-haspopup=\"true\">\n\t\t\t\t<img decoding=\"async\" width=\"600\" height=\"600\" src=\"https:\/\/med-br.com\/psiquiatra-brasilia\/wp-content\/uploads\/2025\/11\/MED-BR-34-1.jpg\" class=\"attachment-full size-full wp-post-image\" alt=\"MED - BR (34)\" srcset=\"https:\/\/med-br.com\/psiquiatra-brasilia\/wp-content\/uploads\/2025\/11\/MED-BR-34-1-200x200.jpg 200w, https:\/\/med-br.com\/psiquiatra-brasilia\/wp-content\/uploads\/2025\/11\/MED-BR-34-1-400x400.jpg 400w, https:\/\/med-br.com\/psiquiatra-brasilia\/wp-content\/uploads\/2025\/11\/MED-BR-34-1.jpg 600w\" sizes=\"(min-width: 2200px) 100vw, (min-width: 856px) 285px, (min-width: 784px) 380px, (min-width: 712px) 570px, (min-width: 640px) 712px, \" title=\"\"><div class=\"fusion-rollover\">\n\t<div class=\"fusion-rollover-content\">\n\n\t\t\t\t\t\t\t\t\t\t\t\t\t\t<a class=\"fusion-rollover-link\" href=\"https:\/\/med-br.com\/psiquiatra-brasilia\/quesitos-pericia-familia\/\">Como Elaborar Quesitos para Per\u00edcia Psiqui\u00e1trica em Direito de Fam\u00edlia (Guia para Advogados)<\/a>\n\t\t\t\n\t\t\t\t\t\t\t\t\t\t\t\t\t\t\n\t\t\t\t\t\t\t\t\n\t\t\t\t\t\t\t\t\t\t\t\t\t<div class=\"fusion-rollover-sep\"><\/div>\n\t\t\t\t\n\t\t\t\t\t\t\t\t\t\t\t\t\t\t\t\t\t\t<a class=\"fusion-rollover-gallery\" href=\"https:\/\/med-br.com\/psiquiatra-brasilia\/wp-content\/uploads\/2025\/11\/MED-BR-34-1.jpg\" data-options=\"\" data-id=\"15154\" data-rel=\"iLightbox[gallery]\" data-title=\"MED - BR (34)\" data-caption=\"\">\n\t\t\t\t\t\tGaleria\t\t\t\t\t<\/a>\n\t\t\t\t\t\t\t\t\t\t\t\t\t\t\n\t\t\n\t\t\t\t\t\t\t\t\t\t\t\t<h4 class=\"fusion-rollover-title\">\n\t\t\t\t\t<a class=\"fusion-rollover-title-link\" href=\"https:\/\/med-br.com\/psiquiatra-brasilia\/quesitos-pericia-familia\/\">\n\t\t\t\t\t\tComo Elaborar Quesitos para Per\u00edcia Psiqui\u00e1trica em Direito de Fam\u00edlia (Guia para Advogados)\t\t\t\t\t<\/a>\n\t\t\t\t<\/h4>\n\t\t\t\n\t\t\t\t\t\t\t\t\t\t<div class=\"fusion-rollover-categories\"><a href=\"https:\/\/med-br.com\/psiquiatra-brasilia\/category\/pericia-direito-da-familia\/\" rel=\"tag\">Per\u00edcia em Direito da Fam\u00edlia<\/a><\/div>\t\t\t\t\t\n\t\t\n\t\t\t\t\t\t<a class=\"fusion-link-wrapper\" href=\"https:\/\/med-br.com\/psiquiatra-brasilia\/quesitos-pericia-familia\/\" aria-label=\"Como Elaborar Quesitos para Per\u00edcia Psiqui\u00e1trica em Direito de Fam\u00edlia (Guia para Advogados)\"><\/a>\n\t<\/div>\n<\/div>\n<\/div>\n<\/li>\n\t\t\t\n\t\t\t\n\t\t\t\t\t\t\t\t<\/ul>\n\t<\/div>\n\t<div class=\"fusion-post-content-wrapper\" style=\"padding:10px 10px 10px 10px;\"><div class=\"fusion-post-content post-content\"><h2 class=\"blog-shortcode-post-title entry-title\"><a href=\"https:\/\/med-br.com\/psiquiatra-brasilia\/quesitos-pericia-familia\/\">Como Elaborar Quesitos para Per\u00edcia Psiqui\u00e1trica em Direito de Fam\u00edlia (Guia para Advogados)<\/a><\/h2><div class=\"fusion-content-sep sep-none\"><\/div><\/div><div class=\"fusion-meta-info\"><div class=\"fusion-aligncenter\"><a class=\"fusion-read-more\" href=\"https:\/\/med-br.com\/psiquiatra-brasilia\/quesitos-pericia-familia\/\" aria-label=\"More on Como Elaborar Quesitos para Per\u00edcia Psiqui\u00e1trica em Direito de Fam\u00edlia (Guia para Advogados)\">Ler Mais<\/a><\/div><\/div><\/div><div class=\"fusion-clearfix\"><\/div><\/div>\n<\/article>\n<article id=\"blog-1-post-15153\" class=\"fusion-post-grid post-15153 post type-post status-publish format-standard has-post-thumbnail hentry category-pericia-direito-da-familia\">\n<div class=\"fusion-post-wrapper\" style=\"background-color:rgba(255,255,255,1);border:1px solid var(--awb-custom_color_6);border-bottom-width:3px;\">\n\n\t\t\t<div class=\"fusion-flexslider flexslider fusion-flexslider-loading fusion-post-slideshow\" style=\"border-color:var(--awb-custom_color_6);\">\n\t\t<ul class=\"slides\">\n\t\t\t\n\t\t\t\t\t\t\t\t\t\t\t\t\t\t<li><div  class=\"fusion-image-wrapper\" aria-haspopup=\"true\">\n\t\t\t\t<img decoding=\"async\" width=\"600\" height=\"600\" src=\"https:\/\/med-br.com\/psiquiatra-brasilia\/wp-content\/uploads\/2025\/12\/med-br-23.jpg\" class=\"attachment-full size-full wp-post-image\" alt=\"med-br (23)\" srcset=\"https:\/\/med-br.com\/psiquiatra-brasilia\/wp-content\/uploads\/2025\/12\/med-br-23-200x200.jpg 200w, https:\/\/med-br.com\/psiquiatra-brasilia\/wp-content\/uploads\/2025\/12\/med-br-23-400x400.jpg 400w, https:\/\/med-br.com\/psiquiatra-brasilia\/wp-content\/uploads\/2025\/12\/med-br-23.jpg 600w\" sizes=\"(min-width: 2200px) 100vw, (min-width: 856px) 285px, (min-width: 784px) 380px, (min-width: 712px) 570px, (min-width: 640px) 712px, \" title=\"\"><div class=\"fusion-rollover\">\n\t<div class=\"fusion-rollover-content\">\n\n\t\t\t\t\t\t\t\t\t\t\t\t\t\t<a class=\"fusion-rollover-link\" href=\"https:\/\/med-br.com\/psiquiatra-brasilia\/assistente-tecnico-direito-familia\/\">Assistente T\u00e9cnico em Per\u00edcias de Fam\u00edlia: Por que contratar um Psiquiatra Forense Particular?<\/a>\n\t\t\t\n\t\t\t\t\t\t\t\t\t\t\t\t\t\t\n\t\t\t\t\t\t\t\t\n\t\t\t\t\t\t\t\t\t\t\t\t\t<div class=\"fusion-rollover-sep\"><\/div>\n\t\t\t\t\n\t\t\t\t\t\t\t\t\t\t\t\t\t\t\t\t\t\t<a class=\"fusion-rollover-gallery\" href=\"https:\/\/med-br.com\/psiquiatra-brasilia\/wp-content\/uploads\/2025\/12\/med-br-23.jpg\" data-options=\"\" data-id=\"15153\" data-rel=\"iLightbox[gallery]\" data-title=\"med-br (23)\" data-caption=\"\">\n\t\t\t\t\t\tGaleria\t\t\t\t\t<\/a>\n\t\t\t\t\t\t\t\t\t\t\t\t\t\t\n\t\t\n\t\t\t\t\t\t\t\t\t\t\t\t<h4 class=\"fusion-rollover-title\">\n\t\t\t\t\t<a class=\"fusion-rollover-title-link\" href=\"https:\/\/med-br.com\/psiquiatra-brasilia\/assistente-tecnico-direito-familia\/\">\n\t\t\t\t\t\tAssistente T\u00e9cnico em Per\u00edcias de Fam\u00edlia: Por que contratar um Psiquiatra Forense Particular?\t\t\t\t\t<\/a>\n\t\t\t\t<\/h4>\n\t\t\t\n\t\t\t\t\t\t\t\t\t\t<div class=\"fusion-rollover-categories\"><a href=\"https:\/\/med-br.com\/psiquiatra-brasilia\/category\/pericia-direito-da-familia\/\" rel=\"tag\">Per\u00edcia em Direito da Fam\u00edlia<\/a><\/div>\t\t\t\t\t\n\t\t\n\t\t\t\t\t\t<a class=\"fusion-link-wrapper\" href=\"https:\/\/med-br.com\/psiquiatra-brasilia\/assistente-tecnico-direito-familia\/\" aria-label=\"Assistente T\u00e9cnico em Per\u00edcias de Fam\u00edlia: Por que contratar um Psiquiatra Forense Particular?\"><\/a>\n\t<\/div>\n<\/div>\n<\/div>\n<\/li>\n\t\t\t\n\t\t\t\n\t\t\t\t\t\t\t\t<\/ul>\n\t<\/div>\n\t<div class=\"fusion-post-content-wrapper\" style=\"padding:10px 10px 10px 10px;\"><div class=\"fusion-post-content post-content\"><h2 class=\"blog-shortcode-post-title entry-title\"><a href=\"https:\/\/med-br.com\/psiquiatra-brasilia\/assistente-tecnico-direito-familia\/\">Assistente T\u00e9cnico em Per\u00edcias de Fam\u00edlia: Por que contratar um Psiquiatra Forense Particular?<\/a><\/h2><div class=\"fusion-content-sep sep-none\"><\/div><\/div><div class=\"fusion-meta-info\"><div class=\"fusion-aligncenter\"><a class=\"fusion-read-more\" href=\"https:\/\/med-br.com\/psiquiatra-brasilia\/assistente-tecnico-direito-familia\/\" aria-label=\"More on Assistente T\u00e9cnico em Per\u00edcias de Fam\u00edlia: Por que contratar um Psiquiatra Forense Particular?\">Ler Mais<\/a><\/div><\/div><\/div><div class=\"fusion-clearfix\"><\/div><\/div>\n<\/article>\n<article id=\"blog-1-post-15152\" class=\"fusion-post-grid post-15152 post type-post status-publish format-standard has-post-thumbnail hentry category-pericia-direito-da-familia\">\n<div class=\"fusion-post-wrapper\" style=\"background-color:rgba(255,255,255,1);border:1px solid var(--awb-custom_color_6);border-bottom-width:3px;\">\n\n\t\t\t<div class=\"fusion-flexslider flexslider fusion-flexslider-loading fusion-post-slideshow\" style=\"border-color:var(--awb-custom_color_6);\">\n\t\t<ul class=\"slides\">\n\t\t\t\n\t\t\t\t\t\t\t\t\t\t\t\t\t\t<li><div  class=\"fusion-image-wrapper\" aria-haspopup=\"true\">\n\t\t\t\t<img decoding=\"async\" width=\"600\" height=\"600\" src=\"https:\/\/med-br.com\/psiquiatra-brasilia\/wp-content\/uploads\/2025\/11\/MED-BR-16-1.jpg\" class=\"attachment-full size-full wp-post-image\" alt=\"MED - BR (16)\" srcset=\"https:\/\/med-br.com\/psiquiatra-brasilia\/wp-content\/uploads\/2025\/11\/MED-BR-16-1-200x200.jpg 200w, https:\/\/med-br.com\/psiquiatra-brasilia\/wp-content\/uploads\/2025\/11\/MED-BR-16-1-400x400.jpg 400w, https:\/\/med-br.com\/psiquiatra-brasilia\/wp-content\/uploads\/2025\/11\/MED-BR-16-1.jpg 600w\" sizes=\"(min-width: 2200px) 100vw, (min-width: 856px) 285px, (min-width: 784px) 380px, (min-width: 712px) 570px, (min-width: 640px) 712px, \" title=\"\"><div class=\"fusion-rollover\">\n\t<div class=\"fusion-rollover-content\">\n\n\t\t\t\t\t\t\t\t\t\t\t\t\t\t<a class=\"fusion-rollover-link\" href=\"https:\/\/med-br.com\/psiquiatra-brasilia\/interdicao-e-curatela-pericia\/\">A\u00e7\u00e3o de Interdi\u00e7\u00e3o e Curatela: O Papel Fundamental da Per\u00edcia Psiqui\u00e1trica na Avalia\u00e7\u00e3o da Capacidade Civil<\/a>\n\t\t\t\n\t\t\t\t\t\t\t\t\t\t\t\t\t\t\n\t\t\t\t\t\t\t\t\n\t\t\t\t\t\t\t\t\t\t\t\t\t<div class=\"fusion-rollover-sep\"><\/div>\n\t\t\t\t\n\t\t\t\t\t\t\t\t\t\t\t\t\t\t\t\t\t\t<a class=\"fusion-rollover-gallery\" href=\"https:\/\/med-br.com\/psiquiatra-brasilia\/wp-content\/uploads\/2025\/11\/MED-BR-16-1.jpg\" data-options=\"\" data-id=\"15152\" data-rel=\"iLightbox[gallery]\" data-title=\"MED - BR (16)\" data-caption=\"\">\n\t\t\t\t\t\tGaleria\t\t\t\t\t<\/a>\n\t\t\t\t\t\t\t\t\t\t\t\t\t\t\n\t\t\n\t\t\t\t\t\t\t\t\t\t\t\t<h4 class=\"fusion-rollover-title\">\n\t\t\t\t\t<a class=\"fusion-rollover-title-link\" href=\"https:\/\/med-br.com\/psiquiatra-brasilia\/interdicao-e-curatela-pericia\/\">\n\t\t\t\t\t\tA\u00e7\u00e3o de Interdi\u00e7\u00e3o e Curatela: O Papel Fundamental da Per\u00edcia Psiqui\u00e1trica na Avalia\u00e7\u00e3o da Capacidade Civil\t\t\t\t\t<\/a>\n\t\t\t\t<\/h4>\n\t\t\t\n\t\t\t\t\t\t\t\t\t\t<div class=\"fusion-rollover-categories\"><a href=\"https:\/\/med-br.com\/psiquiatra-brasilia\/category\/pericia-direito-da-familia\/\" rel=\"tag\">Per\u00edcia em Direito da Fam\u00edlia<\/a><\/div>\t\t\t\t\t\n\t\t\n\t\t\t\t\t\t<a class=\"fusion-link-wrapper\" href=\"https:\/\/med-br.com\/psiquiatra-brasilia\/interdicao-e-curatela-pericia\/\" aria-label=\"A\u00e7\u00e3o de Interdi\u00e7\u00e3o e Curatela: O Papel Fundamental da Per\u00edcia Psiqui\u00e1trica na Avalia\u00e7\u00e3o da Capacidade Civil\"><\/a>\n\t<\/div>\n<\/div>\n<\/div>\n<\/li>\n\t\t\t\n\t\t\t\n\t\t\t\t\t\t\t\t<\/ul>\n\t<\/div>\n\t<div class=\"fusion-post-content-wrapper\" style=\"padding:10px 10px 10px 10px;\"><div class=\"fusion-post-content post-content\"><h2 class=\"blog-shortcode-post-title entry-title\"><a href=\"https:\/\/med-br.com\/psiquiatra-brasilia\/interdicao-e-curatela-pericia\/\">A\u00e7\u00e3o de Interdi\u00e7\u00e3o e Curatela: O Papel Fundamental da Per\u00edcia Psiqui\u00e1trica na Avalia\u00e7\u00e3o da Capacidade Civil<\/a><\/h2><div class=\"fusion-content-sep sep-none\"><\/div><\/div><div class=\"fusion-meta-info\"><div class=\"fusion-aligncenter\"><a class=\"fusion-read-more\" href=\"https:\/\/med-br.com\/psiquiatra-brasilia\/interdicao-e-curatela-pericia\/\" aria-label=\"More on A\u00e7\u00e3o de Interdi\u00e7\u00e3o e Curatela: O Papel Fundamental da Per\u00edcia Psiqui\u00e1trica na Avalia\u00e7\u00e3o da Capacidade Civil\">Ler Mais<\/a><\/div><\/div><\/div><div class=\"fusion-clearfix\"><\/div><\/div>\n<\/article>\n<article id=\"blog-1-post-15151\" class=\"fusion-post-grid post-15151 post type-post status-publish format-standard has-post-thumbnail hentry category-pericia-direito-da-familia\">\n<div class=\"fusion-post-wrapper\" style=\"background-color:rgba(255,255,255,1);border:1px solid var(--awb-custom_color_6);border-bottom-width:3px;\">\n\n\t\t\t<div class=\"fusion-flexslider flexslider fusion-flexslider-loading fusion-post-slideshow\" style=\"border-color:var(--awb-custom_color_6);\">\n\t\t<ul class=\"slides\">\n\t\t\t\n\t\t\t\t\t\t\t\t\t\t\t\t\t\t<li><div  class=\"fusion-image-wrapper\" aria-haspopup=\"true\">\n\t\t\t\t<img decoding=\"async\" width=\"600\" height=\"600\" src=\"https:\/\/med-br.com\/psiquiatra-brasilia\/wp-content\/uploads\/2025\/12\/med-br-4.jpg\" class=\"attachment-full size-full wp-post-image\" alt=\"med-br (4)\" srcset=\"https:\/\/med-br.com\/psiquiatra-brasilia\/wp-content\/uploads\/2025\/12\/med-br-4-200x200.jpg 200w, https:\/\/med-br.com\/psiquiatra-brasilia\/wp-content\/uploads\/2025\/12\/med-br-4-400x400.jpg 400w, https:\/\/med-br.com\/psiquiatra-brasilia\/wp-content\/uploads\/2025\/12\/med-br-4.jpg 600w\" sizes=\"(min-width: 2200px) 100vw, (min-width: 856px) 285px, (min-width: 784px) 380px, (min-width: 712px) 570px, (min-width: 640px) 712px, \" title=\"\"><div class=\"fusion-rollover\">\n\t<div class=\"fusion-rollover-content\">\n\n\t\t\t\t\t\t\t\t\t\t\t\t\t\t<a class=\"fusion-rollover-link\" href=\"https:\/\/med-br.com\/psiquiatra-brasilia\/alienacao-parental-pericia\/\">Aliena\u00e7\u00e3o Parental e Per\u00edcia Psicol\u00f3gica\/Psiqui\u00e1trica: Identificando Sinais de Manipula\u00e7\u00e3o em Processos Judiciais<\/a>\n\t\t\t\n\t\t\t\t\t\t\t\t\t\t\t\t\t\t\n\t\t\t\t\t\t\t\t\n\t\t\t\t\t\t\t\t\t\t\t\t\t<div class=\"fusion-rollover-sep\"><\/div>\n\t\t\t\t\n\t\t\t\t\t\t\t\t\t\t\t\t\t\t\t\t\t\t<a class=\"fusion-rollover-gallery\" href=\"https:\/\/med-br.com\/psiquiatra-brasilia\/wp-content\/uploads\/2025\/12\/med-br-4.jpg\" data-options=\"\" data-id=\"15151\" data-rel=\"iLightbox[gallery]\" data-title=\"med-br (4)\" data-caption=\"\">\n\t\t\t\t\t\tGaleria\t\t\t\t\t<\/a>\n\t\t\t\t\t\t\t\t\t\t\t\t\t\t\n\t\t\n\t\t\t\t\t\t\t\t\t\t\t\t<h4 class=\"fusion-rollover-title\">\n\t\t\t\t\t<a class=\"fusion-rollover-title-link\" href=\"https:\/\/med-br.com\/psiquiatra-brasilia\/alienacao-parental-pericia\/\">\n\t\t\t\t\t\tAliena\u00e7\u00e3o Parental e Per\u00edcia Psicol\u00f3gica\/Psiqui\u00e1trica: Identificando Sinais de Manipula\u00e7\u00e3o em Processos Judiciais\t\t\t\t\t<\/a>\n\t\t\t\t<\/h4>\n\t\t\t\n\t\t\t\t\t\t\t\t\t\t<div class=\"fusion-rollover-categories\"><a href=\"https:\/\/med-br.com\/psiquiatra-brasilia\/category\/pericia-direito-da-familia\/\" rel=\"tag\">Per\u00edcia em Direito da Fam\u00edlia<\/a><\/div>\t\t\t\t\t\n\t\t\n\t\t\t\t\t\t<a class=\"fusion-link-wrapper\" href=\"https:\/\/med-br.com\/psiquiatra-brasilia\/alienacao-parental-pericia\/\" aria-label=\"Aliena\u00e7\u00e3o Parental e Per\u00edcia Psicol\u00f3gica\/Psiqui\u00e1trica: Identificando Sinais de Manipula\u00e7\u00e3o em Processos Judiciais\"><\/a>\n\t<\/div>\n<\/div>\n<\/div>\n<\/li>\n\t\t\t\n\t\t\t\n\t\t\t\t\t\t\t\t<\/ul>\n\t<\/div>\n\t<div class=\"fusion-post-content-wrapper\" style=\"padding:10px 10px 10px 10px;\"><div class=\"fusion-post-content post-content\"><h2 class=\"blog-shortcode-post-title entry-title\"><a href=\"https:\/\/med-br.com\/psiquiatra-brasilia\/alienacao-parental-pericia\/\">Aliena\u00e7\u00e3o Parental e Per\u00edcia Psicol\u00f3gica\/Psiqui\u00e1trica: Identificando Sinais de Manipula\u00e7\u00e3o em Processos Judiciais<\/a><\/h2><div class=\"fusion-content-sep sep-none\"><\/div><\/div><div class=\"fusion-meta-info\"><div class=\"fusion-aligncenter\"><a class=\"fusion-read-more\" href=\"https:\/\/med-br.com\/psiquiatra-brasilia\/alienacao-parental-pericia\/\" aria-label=\"More on Aliena\u00e7\u00e3o Parental e Per\u00edcia Psicol\u00f3gica\/Psiqui\u00e1trica: Identificando Sinais de Manipula\u00e7\u00e3o em Processos Judiciais\">Ler Mais<\/a><\/div><\/div><\/div><div class=\"fusion-clearfix\"><\/div><\/div>\n<\/article>\n<article id=\"blog-1-post-15150\" class=\"fusion-post-grid post-15150 post type-post status-publish format-standard has-post-thumbnail hentry category-pericia-direito-da-familia\">\n<div class=\"fusion-post-wrapper\" style=\"background-color:rgba(255,255,255,1);border:1px solid var(--awb-custom_color_6);border-bottom-width:3px;\">\n\n\t\t\t<div class=\"fusion-flexslider flexslider fusion-flexslider-loading fusion-post-slideshow\" style=\"border-color:var(--awb-custom_color_6);\">\n\t\t<ul class=\"slides\">\n\t\t\t\n\t\t\t\t\t\t\t\t\t\t\t\t\t\t<li><div  class=\"fusion-image-wrapper\" aria-haspopup=\"true\">\n\t\t\t\t<img decoding=\"async\" width=\"600\" height=\"600\" src=\"https:\/\/med-br.com\/psiquiatra-brasilia\/wp-content\/uploads\/2025\/12\/med-br-24.jpg\" class=\"attachment-full size-full wp-post-image\" alt=\"med-br (24)\" srcset=\"https:\/\/med-br.com\/psiquiatra-brasilia\/wp-content\/uploads\/2025\/12\/med-br-24-200x200.jpg 200w, https:\/\/med-br.com\/psiquiatra-brasilia\/wp-content\/uploads\/2025\/12\/med-br-24-400x400.jpg 400w, https:\/\/med-br.com\/psiquiatra-brasilia\/wp-content\/uploads\/2025\/12\/med-br-24.jpg 600w\" sizes=\"(min-width: 2200px) 100vw, (min-width: 856px) 285px, (min-width: 784px) 380px, (min-width: 712px) 570px, (min-width: 640px) 712px, \" title=\"\"><div class=\"fusion-rollover\">\n\t<div class=\"fusion-rollover-content\">\n\n\t\t\t\t\t\t\t\t\t\t\t\t\t\t<a class=\"fusion-rollover-link\" href=\"https:\/\/med-br.com\/psiquiatra-brasilia\/pericia-na-disputa-de-guarda\/\">Per\u00edcia na Disputa de Guarda: Como o Perito Avalia a Aptid\u00e3o dos Pais e o Melhor Interesse da Crian\u00e7a<\/a>\n\t\t\t\n\t\t\t\t\t\t\t\t\t\t\t\t\t\t\n\t\t\t\t\t\t\t\t\n\t\t\t\t\t\t\t\t\t\t\t\t\t<div class=\"fusion-rollover-sep\"><\/div>\n\t\t\t\t\n\t\t\t\t\t\t\t\t\t\t\t\t\t\t\t\t\t\t<a class=\"fusion-rollover-gallery\" href=\"https:\/\/med-br.com\/psiquiatra-brasilia\/wp-content\/uploads\/2025\/12\/med-br-24.jpg\" data-options=\"\" data-id=\"15150\" data-rel=\"iLightbox[gallery]\" data-title=\"med-br (24)\" data-caption=\"\">\n\t\t\t\t\t\tGaleria\t\t\t\t\t<\/a>\n\t\t\t\t\t\t\t\t\t\t\t\t\t\t\n\t\t\n\t\t\t\t\t\t\t\t\t\t\t\t<h4 class=\"fusion-rollover-title\">\n\t\t\t\t\t<a class=\"fusion-rollover-title-link\" href=\"https:\/\/med-br.com\/psiquiatra-brasilia\/pericia-na-disputa-de-guarda\/\">\n\t\t\t\t\t\tPer\u00edcia na Disputa de Guarda: Como o Perito Avalia a Aptid\u00e3o dos Pais e o Melhor Interesse da Crian\u00e7a\t\t\t\t\t<\/a>\n\t\t\t\t<\/h4>\n\t\t\t\n\t\t\t\t\t\t\t\t\t\t<div class=\"fusion-rollover-categories\"><a href=\"https:\/\/med-br.com\/psiquiatra-brasilia\/category\/pericia-direito-da-familia\/\" rel=\"tag\">Per\u00edcia em Direito da Fam\u00edlia<\/a><\/div>\t\t\t\t\t\n\t\t\n\t\t\t\t\t\t<a class=\"fusion-link-wrapper\" href=\"https:\/\/med-br.com\/psiquiatra-brasilia\/pericia-na-disputa-de-guarda\/\" aria-label=\"Per\u00edcia na Disputa de Guarda: Como o Perito Avalia a Aptid\u00e3o dos Pais e o Melhor Interesse da Crian\u00e7a\"><\/a>\n\t<\/div>\n<\/div>\n<\/div>\n<\/li>\n\t\t\t\n\t\t\t\n\t\t\t\t\t\t\t\t<\/ul>\n\t<\/div>\n\t<div class=\"fusion-post-content-wrapper\" style=\"padding:10px 10px 10px 10px;\"><div class=\"fusion-post-content post-content\"><h2 class=\"blog-shortcode-post-title entry-title\"><a href=\"https:\/\/med-br.com\/psiquiatra-brasilia\/pericia-na-disputa-de-guarda\/\">Per\u00edcia na Disputa de Guarda: Como o Perito Avalia a Aptid\u00e3o dos Pais e o Melhor Interesse da Crian\u00e7a<\/a><\/h2><div class=\"fusion-content-sep sep-none\"><\/div><\/div><div class=\"fusion-meta-info\"><div class=\"fusion-aligncenter\"><a class=\"fusion-read-more\" href=\"https:\/\/med-br.com\/psiquiatra-brasilia\/pericia-na-disputa-de-guarda\/\" aria-label=\"More on Per\u00edcia na Disputa de Guarda: Como o Perito Avalia a Aptid\u00e3o dos Pais e o Melhor Interesse da Crian\u00e7a\">Ler Mais<\/a><\/div><\/div><\/div><div class=\"fusion-clearfix\"><\/div><\/div>\n<\/article>\n<article id=\"blog-1-post-15149\" class=\"fusion-post-grid post-15149 post type-post status-publish format-standard has-post-thumbnail hentry category-pericia-direito-da-familia\">\n<div class=\"fusion-post-wrapper\" style=\"background-color:rgba(255,255,255,1);border:1px solid var(--awb-custom_color_6);border-bottom-width:3px;\">\n\n\t\t\t<div class=\"fusion-flexslider flexslider fusion-flexslider-loading fusion-post-slideshow\" style=\"border-color:var(--awb-custom_color_6);\">\n\t\t<ul class=\"slides\">\n\t\t\t\n\t\t\t\t\t\t\t\t\t\t\t\t\t\t<li><div  class=\"fusion-image-wrapper\" aria-haspopup=\"true\">\n\t\t\t\t<img decoding=\"async\" width=\"600\" height=\"600\" src=\"https:\/\/med-br.com\/psiquiatra-brasilia\/wp-content\/uploads\/2025\/12\/med-br-27.jpg\" class=\"attachment-full size-full wp-post-image\" alt=\"med-br (27)\" srcset=\"https:\/\/med-br.com\/psiquiatra-brasilia\/wp-content\/uploads\/2025\/12\/med-br-27-200x200.jpg 200w, https:\/\/med-br.com\/psiquiatra-brasilia\/wp-content\/uploads\/2025\/12\/med-br-27-400x400.jpg 400w, https:\/\/med-br.com\/psiquiatra-brasilia\/wp-content\/uploads\/2025\/12\/med-br-27.jpg 600w\" sizes=\"(min-width: 2200px) 100vw, (min-width: 856px) 285px, (min-width: 784px) 380px, (min-width: 712px) 570px, (min-width: 640px) 712px, \" title=\"\"><div class=\"fusion-rollover\">\n\t<div class=\"fusion-rollover-content\">\n\n\t\t\t\t\t\t\t\t\t\t\t\t\t\t<a class=\"fusion-rollover-link\" href=\"https:\/\/med-br.com\/psiquiatra-brasilia\/pericia-direito-da-familia-guia\/\">Per\u00edcia Psiqui\u00e1trica no Direito de Fam\u00edlia: Como funciona a Avalia\u00e7\u00e3o em Processos Judiciais?<\/a>\n\t\t\t\n\t\t\t\t\t\t\t\t\t\t\t\t\t\t\n\t\t\t\t\t\t\t\t\n\t\t\t\t\t\t\t\t\t\t\t\t\t<div class=\"fusion-rollover-sep\"><\/div>\n\t\t\t\t\n\t\t\t\t\t\t\t\t\t\t\t\t\t\t\t\t\t\t<a class=\"fusion-rollover-gallery\" href=\"https:\/\/med-br.com\/psiquiatra-brasilia\/wp-content\/uploads\/2025\/12\/med-br-27.jpg\" data-options=\"\" data-id=\"15149\" data-rel=\"iLightbox[gallery]\" data-title=\"med-br (27)\" data-caption=\"\">\n\t\t\t\t\t\tGaleria\t\t\t\t\t<\/a>\n\t\t\t\t\t\t\t\t\t\t\t\t\t\t\n\t\t\n\t\t\t\t\t\t\t\t\t\t\t\t<h4 class=\"fusion-rollover-title\">\n\t\t\t\t\t<a class=\"fusion-rollover-title-link\" href=\"https:\/\/med-br.com\/psiquiatra-brasilia\/pericia-direito-da-familia-guia\/\">\n\t\t\t\t\t\tPer\u00edcia Psiqui\u00e1trica no Direito de Fam\u00edlia: Como funciona a Avalia\u00e7\u00e3o em Processos Judiciais?\t\t\t\t\t<\/a>\n\t\t\t\t<\/h4>\n\t\t\t\n\t\t\t\t\t\t\t\t\t\t<div class=\"fusion-rollover-categories\"><a href=\"https:\/\/med-br.com\/psiquiatra-brasilia\/category\/pericia-direito-da-familia\/\" rel=\"tag\">Per\u00edcia em Direito da Fam\u00edlia<\/a><\/div>\t\t\t\t\t\n\t\t\n\t\t\t\t\t\t<a class=\"fusion-link-wrapper\" href=\"https:\/\/med-br.com\/psiquiatra-brasilia\/pericia-direito-da-familia-guia\/\" aria-label=\"Per\u00edcia Psiqui\u00e1trica no Direito de Fam\u00edlia: Como funciona a Avalia\u00e7\u00e3o em Processos Judiciais?\"><\/a>\n\t<\/div>\n<\/div>\n<\/div>\n<\/li>\n\t\t\t\n\t\t\t\n\t\t\t\t\t\t\t\t<\/ul>\n\t<\/div>\n\t<div class=\"fusion-post-content-wrapper\" style=\"padding:10px 10px 10px 10px;\"><div class=\"fusion-post-content post-content\"><h2 class=\"blog-shortcode-post-title entry-title\"><a href=\"https:\/\/med-br.com\/psiquiatra-brasilia\/pericia-direito-da-familia-guia\/\">Per\u00edcia Psiqui\u00e1trica no Direito de Fam\u00edlia: Como funciona a Avalia\u00e7\u00e3o em Processos Judiciais?<\/a><\/h2><div class=\"fusion-content-sep sep-none\"><\/div><\/div><div class=\"fusion-meta-info\"><div class=\"fusion-aligncenter\"><a class=\"fusion-read-more\" href=\"https:\/\/med-br.com\/psiquiatra-brasilia\/pericia-direito-da-familia-guia\/\" aria-label=\"More on Per\u00edcia Psiqui\u00e1trica no Direito de Fam\u00edlia: Como funciona a Avalia\u00e7\u00e3o em Processos Judiciais?\">Ler Mais<\/a><\/div><\/div><\/div><div class=\"fusion-clearfix\"><\/div><\/div>\n<\/article>\n<article id=\"blog-1-post-15124\" class=\"fusion-post-grid post-15124 post type-post status-publish format-standard has-post-thumbnail hentry category-medicina-do-sono\">\n<div class=\"fusion-post-wrapper\" style=\"background-color:rgba(255,255,255,1);border:1px solid var(--awb-custom_color_6);border-bottom-width:3px;\">\n\n\t\t\t<div class=\"fusion-flexslider flexslider fusion-flexslider-loading fusion-post-slideshow\" style=\"border-color:var(--awb-custom_color_6);\">\n\t\t<ul class=\"slides\">\n\t\t\t\n\t\t\t\t\t\t\t\t\t\t\t\t\t\t<li><div  class=\"fusion-image-wrapper\" aria-haspopup=\"true\">\n\t\t\t\t<img decoding=\"async\" width=\"300\" height=\"300\" src=\"https:\/\/med-br.com\/psiquiatra-brasilia\/wp-content\/uploads\/2026\/02\/psiquiatria-e-medicina-18.jpg\" class=\"attachment-full size-full wp-post-image\" alt=\"psiquiatria e medicina (18)\" srcset=\"https:\/\/med-br.com\/psiquiatra-brasilia\/wp-content\/uploads\/2026\/02\/psiquiatria-e-medicina-18-200x200.jpg 200w, https:\/\/med-br.com\/psiquiatra-brasilia\/wp-content\/uploads\/2026\/02\/psiquiatria-e-medicina-18.jpg 300w\" sizes=\"(min-width: 2200px) 100vw, (min-width: 856px) 285px, (min-width: 784px) 380px, (min-width: 712px) 570px, (min-width: 640px) 712px, \" title=\"\"><div class=\"fusion-rollover\">\n\t<div class=\"fusion-rollover-content\">\n\n\t\t\t\t\t\t\t\t\t\t\t\t\t\t<a class=\"fusion-rollover-link\" href=\"https:\/\/med-br.com\/psiquiatra-brasilia\/higiene-do-sono-protocolo\/\">Protocolo de Higiene do Sono: 10 Mudan\u00e7as Simples para Curar a Ins\u00f4nia Naturalmente<\/a>\n\t\t\t\n\t\t\t\t\t\t\t\t\t\t\t\t\t\t\n\t\t\t\t\t\t\t\t\n\t\t\t\t\t\t\t\t\t\t\t\t\t<div class=\"fusion-rollover-sep\"><\/div>\n\t\t\t\t\n\t\t\t\t\t\t\t\t\t\t\t\t\t\t\t\t\t\t<a class=\"fusion-rollover-gallery\" href=\"https:\/\/med-br.com\/psiquiatra-brasilia\/wp-content\/uploads\/2026\/02\/psiquiatria-e-medicina-18.jpg\" data-options=\"\" data-id=\"15124\" data-rel=\"iLightbox[gallery]\" data-title=\"psiquiatria e medicina (18)\" data-caption=\"\">\n\t\t\t\t\t\tGaleria\t\t\t\t\t<\/a>\n\t\t\t\t\t\t\t\t\t\t\t\t\t\t\n\t\t\n\t\t\t\t\t\t\t\t\t\t\t\t<h4 class=\"fusion-rollover-title\">\n\t\t\t\t\t<a class=\"fusion-rollover-title-link\" href=\"https:\/\/med-br.com\/psiquiatra-brasilia\/higiene-do-sono-protocolo\/\">\n\t\t\t\t\t\tProtocolo de Higiene do Sono: 10 Mudan\u00e7as Simples para Curar a Ins\u00f4nia Naturalmente\t\t\t\t\t<\/a>\n\t\t\t\t<\/h4>\n\t\t\t\n\t\t\t\t\t\t\t\t\t\t<div class=\"fusion-rollover-categories\"><a href=\"https:\/\/med-br.com\/psiquiatra-brasilia\/category\/medicina-do-sono\/\" rel=\"tag\">Medicina do Sono<\/a><\/div>\t\t\t\t\t\n\t\t\n\t\t\t\t\t\t<a class=\"fusion-link-wrapper\" href=\"https:\/\/med-br.com\/psiquiatra-brasilia\/higiene-do-sono-protocolo\/\" aria-label=\"Protocolo de Higiene do Sono: 10 Mudan\u00e7as Simples para Curar a Ins\u00f4nia Naturalmente\"><\/a>\n\t<\/div>\n<\/div>\n<\/div>\n<\/li>\n\t\t\t\n\t\t\t\n\t\t\t\t\t\t\t\t<\/ul>\n\t<\/div>\n\t<div class=\"fusion-post-content-wrapper\" style=\"padding:10px 10px 10px 10px;\"><div class=\"fusion-post-content post-content\"><h2 class=\"blog-shortcode-post-title entry-title\"><a href=\"https:\/\/med-br.com\/psiquiatra-brasilia\/higiene-do-sono-protocolo\/\">Protocolo de Higiene do Sono: 10 Mudan\u00e7as Simples para Curar a Ins\u00f4nia Naturalmente<\/a><\/h2><div class=\"fusion-content-sep sep-none\"><\/div><\/div><div class=\"fusion-meta-info\"><div class=\"fusion-aligncenter\"><a class=\"fusion-read-more\" href=\"https:\/\/med-br.com\/psiquiatra-brasilia\/higiene-do-sono-protocolo\/\" aria-label=\"More on Protocolo de Higiene do Sono: 10 Mudan\u00e7as Simples para Curar a Ins\u00f4nia Naturalmente\">Ler Mais<\/a><\/div><\/div><\/div><div class=\"fusion-clearfix\"><\/div><\/div>\n<\/article>\n<article id=\"blog-1-post-15122\" class=\"fusion-post-grid post-15122 post type-post status-publish format-standard has-post-thumbnail hentry category-medicina-do-sono\">\n<div class=\"fusion-post-wrapper\" style=\"background-color:rgba(255,255,255,1);border:1px solid var(--awb-custom_color_6);border-bottom-width:3px;\">\n\n\t\t\t<div class=\"fusion-flexslider flexslider fusion-flexslider-loading fusion-post-slideshow\" style=\"border-color:var(--awb-custom_color_6);\">\n\t\t<ul class=\"slides\">\n\t\t\t\n\t\t\t\t\t\t\t\t\t\t\t\t\t\t<li><div  class=\"fusion-image-wrapper\" aria-haspopup=\"true\">\n\t\t\t\t<img decoding=\"async\" width=\"300\" height=\"300\" src=\"https:\/\/med-br.com\/psiquiatra-brasilia\/wp-content\/uploads\/2026\/02\/psiquiatria-e-medicina-23.jpg\" class=\"attachment-full size-full wp-post-image\" alt=\"psiquiatria e medicina (23)\" srcset=\"https:\/\/med-br.com\/psiquiatra-brasilia\/wp-content\/uploads\/2026\/02\/psiquiatria-e-medicina-23-200x200.jpg 200w, https:\/\/med-br.com\/psiquiatra-brasilia\/wp-content\/uploads\/2026\/02\/psiquiatria-e-medicina-23.jpg 300w\" sizes=\"(min-width: 2200px) 100vw, (min-width: 856px) 285px, (min-width: 784px) 380px, (min-width: 712px) 570px, (min-width: 640px) 712px, \" title=\"\"><div class=\"fusion-rollover\">\n\t<div class=\"fusion-rollover-content\">\n\n\t\t\t\t\t\t\t\t\t\t\t\t\t\t<a class=\"fusion-rollover-link\" href=\"https:\/\/med-br.com\/psiquiatra-brasilia\/sono-e-saude-mental\/\">Sono e Sa\u00fade Mental: Como a Depress\u00e3o e a Ansiedade Destroem o Descanso Noturno<\/a>\n\t\t\t\n\t\t\t\t\t\t\t\t\t\t\t\t\t\t\n\t\t\t\t\t\t\t\t\n\t\t\t\t\t\t\t\t\t\t\t\t\t<div class=\"fusion-rollover-sep\"><\/div>\n\t\t\t\t\n\t\t\t\t\t\t\t\t\t\t\t\t\t\t\t\t\t\t<a class=\"fusion-rollover-gallery\" href=\"https:\/\/med-br.com\/psiquiatra-brasilia\/wp-content\/uploads\/2026\/02\/psiquiatria-e-medicina-23.jpg\" data-options=\"\" data-id=\"15122\" data-rel=\"iLightbox[gallery]\" data-title=\"psiquiatria e medicina (23)\" data-caption=\"\">\n\t\t\t\t\t\tGaleria\t\t\t\t\t<\/a>\n\t\t\t\t\t\t\t\t\t\t\t\t\t\t\n\t\t\n\t\t\t\t\t\t\t\t\t\t\t\t<h4 class=\"fusion-rollover-title\">\n\t\t\t\t\t<a class=\"fusion-rollover-title-link\" href=\"https:\/\/med-br.com\/psiquiatra-brasilia\/sono-e-saude-mental\/\">\n\t\t\t\t\t\tSono e Sa\u00fade Mental: Como a Depress\u00e3o e a Ansiedade Destroem o Descanso Noturno\t\t\t\t\t<\/a>\n\t\t\t\t<\/h4>\n\t\t\t\n\t\t\t\t\t\t\t\t\t\t<div class=\"fusion-rollover-categories\"><a href=\"https:\/\/med-br.com\/psiquiatra-brasilia\/category\/medicina-do-sono\/\" rel=\"tag\">Medicina do Sono<\/a><\/div>\t\t\t\t\t\n\t\t\n\t\t\t\t\t\t<a class=\"fusion-link-wrapper\" href=\"https:\/\/med-br.com\/psiquiatra-brasilia\/sono-e-saude-mental\/\" aria-label=\"Sono e Sa\u00fade Mental: Como a Depress\u00e3o e a Ansiedade Destroem o Descanso Noturno\"><\/a>\n\t<\/div>\n<\/div>\n<\/div>\n<\/li>\n\t\t\t\n\t\t\t\n\t\t\t\t\t\t\t\t<\/ul>\n\t<\/div>\n\t<div class=\"fusion-post-content-wrapper\" style=\"padding:10px 10px 10px 10px;\"><div class=\"fusion-post-content post-content\"><h2 class=\"blog-shortcode-post-title entry-title\"><a href=\"https:\/\/med-br.com\/psiquiatra-brasilia\/sono-e-saude-mental\/\">Sono e Sa\u00fade Mental: Como a Depress\u00e3o e a Ansiedade Destroem o Descanso Noturno<\/a><\/h2><div class=\"fusion-content-sep sep-none\"><\/div><\/div><div class=\"fusion-meta-info\"><div class=\"fusion-aligncenter\"><a class=\"fusion-read-more\" href=\"https:\/\/med-br.com\/psiquiatra-brasilia\/sono-e-saude-mental\/\" aria-label=\"More on Sono e Sa\u00fade Mental: Como a Depress\u00e3o e a Ansiedade Destroem o Descanso Noturno\">Ler Mais<\/a><\/div><\/div><\/div><div class=\"fusion-clearfix\"><\/div><\/div>\n<\/article>\n<article id=\"blog-1-post-15123\" class=\"fusion-post-grid post-15123 post type-post status-publish format-standard has-post-thumbnail hentry category-medicina-do-sono\">\n<div class=\"fusion-post-wrapper\" style=\"background-color:rgba(255,255,255,1);border:1px solid var(--awb-custom_color_6);border-bottom-width:3px;\">\n\n\t\t\t<div class=\"fusion-flexslider flexslider fusion-flexslider-loading fusion-post-slideshow\" style=\"border-color:var(--awb-custom_color_6);\">\n\t\t<ul class=\"slides\">\n\t\t\t\n\t\t\t\t\t\t\t\t\t\t\t\t\t\t<li><div  class=\"fusion-image-wrapper\" aria-haspopup=\"true\">\n\t\t\t\t<img decoding=\"async\" width=\"300\" height=\"300\" src=\"https:\/\/med-br.com\/psiquiatra-brasilia\/wp-content\/uploads\/2026\/02\/psiquiatria-e-medicina-14.jpg\" class=\"attachment-full size-full wp-post-image\" alt=\"psiquiatria e medicina (14)\" srcset=\"https:\/\/med-br.com\/psiquiatra-brasilia\/wp-content\/uploads\/2026\/02\/psiquiatria-e-medicina-14-200x200.jpg 200w, https:\/\/med-br.com\/psiquiatra-brasilia\/wp-content\/uploads\/2026\/02\/psiquiatria-e-medicina-14.jpg 300w\" sizes=\"(min-width: 2200px) 100vw, (min-width: 856px) 285px, (min-width: 784px) 380px, (min-width: 712px) 570px, (min-width: 640px) 712px, \" title=\"\"><div class=\"fusion-rollover\">\n\t<div class=\"fusion-rollover-content\">\n\n\t\t\t\t\t\t\t\t\t\t\t\t\t\t<a class=\"fusion-rollover-link\" href=\"https:\/\/med-br.com\/psiquiatra-brasilia\/exame-polissonografia\/\">Exame de Polissonografia: O que \u00e9, Como \u00e9 Feito e Quando Agendar o Seu?<\/a>\n\t\t\t\n\t\t\t\t\t\t\t\t\t\t\t\t\t\t\n\t\t\t\t\t\t\t\t\n\t\t\t\t\t\t\t\t\t\t\t\t\t<div class=\"fusion-rollover-sep\"><\/div>\n\t\t\t\t\n\t\t\t\t\t\t\t\t\t\t\t\t\t\t\t\t\t\t<a class=\"fusion-rollover-gallery\" href=\"https:\/\/med-br.com\/psiquiatra-brasilia\/wp-content\/uploads\/2026\/02\/psiquiatria-e-medicina-14.jpg\" data-options=\"\" data-id=\"15123\" data-rel=\"iLightbox[gallery]\" data-title=\"psiquiatria e medicina (14)\" data-caption=\"\">\n\t\t\t\t\t\tGaleria\t\t\t\t\t<\/a>\n\t\t\t\t\t\t\t\t\t\t\t\t\t\t\n\t\t\n\t\t\t\t\t\t\t\t\t\t\t\t<h4 class=\"fusion-rollover-title\">\n\t\t\t\t\t<a class=\"fusion-rollover-title-link\" href=\"https:\/\/med-br.com\/psiquiatra-brasilia\/exame-polissonografia\/\">\n\t\t\t\t\t\tExame de Polissonografia: O que \u00e9, Como \u00e9 Feito e Quando Agendar o Seu?\t\t\t\t\t<\/a>\n\t\t\t\t<\/h4>\n\t\t\t\n\t\t\t\t\t\t\t\t\t\t<div class=\"fusion-rollover-categories\"><a href=\"https:\/\/med-br.com\/psiquiatra-brasilia\/category\/medicina-do-sono\/\" rel=\"tag\">Medicina do Sono<\/a><\/div>\t\t\t\t\t\n\t\t\n\t\t\t\t\t\t<a class=\"fusion-link-wrapper\" href=\"https:\/\/med-br.com\/psiquiatra-brasilia\/exame-polissonografia\/\" aria-label=\"Exame de Polissonografia: O que \u00e9, Como \u00e9 Feito e Quando Agendar o Seu?\"><\/a>\n\t<\/div>\n<\/div>\n<\/div>\n<\/li>\n\t\t\t\n\t\t\t\n\t\t\t\t\t\t\t\t<\/ul>\n\t<\/div>\n\t<div class=\"fusion-post-content-wrapper\" style=\"padding:10px 10px 10px 10px;\"><div class=\"fusion-post-content post-content\"><h2 class=\"blog-shortcode-post-title entry-title\"><a href=\"https:\/\/med-br.com\/psiquiatra-brasilia\/exame-polissonografia\/\">Exame de Polissonografia: O que \u00e9, Como \u00e9 Feito e Quando Agendar o Seu?<\/a><\/h2><div class=\"fusion-content-sep sep-none\"><\/div><\/div><div class=\"fusion-meta-info\"><div class=\"fusion-aligncenter\"><a class=\"fusion-read-more\" href=\"https:\/\/med-br.com\/psiquiatra-brasilia\/exame-polissonografia\/\" aria-label=\"More on Exame de Polissonografia: O que \u00e9, Como \u00e9 Feito e Quando Agendar o Seu?\">Ler Mais<\/a><\/div><\/div><\/div><div class=\"fusion-clearfix\"><\/div><\/div>\n<\/article>\n<article id=\"blog-1-post-15121\" class=\"fusion-post-grid post-15121 post type-post status-publish format-standard has-post-thumbnail hentry category-medicina-do-sono\">\n<div class=\"fusion-post-wrapper\" style=\"background-color:rgba(255,255,255,1);border:1px solid var(--awb-custom_color_6);border-bottom-width:3px;\">\n\n\t\t\t<div class=\"fusion-flexslider flexslider fusion-flexslider-loading fusion-post-slideshow\" style=\"border-color:var(--awb-custom_color_6);\">\n\t\t<ul class=\"slides\">\n\t\t\t\n\t\t\t\t\t\t\t\t\t\t\t\t\t\t<li><div  class=\"fusion-image-wrapper\" aria-haspopup=\"true\">\n\t\t\t\t<img decoding=\"async\" width=\"300\" height=\"300\" src=\"https:\/\/med-br.com\/psiquiatra-brasilia\/wp-content\/uploads\/2026\/02\/psiquiatria-e-medicina-28.jpg\" class=\"attachment-full size-full wp-post-image\" alt=\"psiquiatria e medicina (28)\" srcset=\"https:\/\/med-br.com\/psiquiatra-brasilia\/wp-content\/uploads\/2026\/02\/psiquiatria-e-medicina-28-200x200.jpg 200w, https:\/\/med-br.com\/psiquiatra-brasilia\/wp-content\/uploads\/2026\/02\/psiquiatria-e-medicina-28.jpg 300w\" sizes=\"(min-width: 2200px) 100vw, (min-width: 856px) 285px, (min-width: 784px) 380px, (min-width: 712px) 570px, (min-width: 640px) 712px, \" title=\"\"><div class=\"fusion-rollover\">\n\t<div class=\"fusion-rollover-content\">\n\n\t\t\t\t\t\t\t\t\t\t\t\t\t\t<a class=\"fusion-rollover-link\" href=\"https:\/\/med-br.com\/psiquiatra-brasilia\/apneia-obstrutiva-do-sono\/\">Apneia do Sono: Os Riscos do Ronco e Quando o Uso do CPAP \u00e9 Indispens\u00e1vel<\/a>\n\t\t\t\n\t\t\t\t\t\t\t\t\t\t\t\t\t\t\n\t\t\t\t\t\t\t\t\n\t\t\t\t\t\t\t\t\t\t\t\t\t<div class=\"fusion-rollover-sep\"><\/div>\n\t\t\t\t\n\t\t\t\t\t\t\t\t\t\t\t\t\t\t\t\t\t\t<a class=\"fusion-rollover-gallery\" href=\"https:\/\/med-br.com\/psiquiatra-brasilia\/wp-content\/uploads\/2026\/02\/psiquiatria-e-medicina-28.jpg\" data-options=\"\" data-id=\"15121\" data-rel=\"iLightbox[gallery]\" data-title=\"psiquiatria e medicina (28)\" data-caption=\"\">\n\t\t\t\t\t\tGaleria\t\t\t\t\t<\/a>\n\t\t\t\t\t\t\t\t\t\t\t\t\t\t\n\t\t\n\t\t\t\t\t\t\t\t\t\t\t\t<h4 class=\"fusion-rollover-title\">\n\t\t\t\t\t<a class=\"fusion-rollover-title-link\" href=\"https:\/\/med-br.com\/psiquiatra-brasilia\/apneia-obstrutiva-do-sono\/\">\n\t\t\t\t\t\tApneia do Sono: Os Riscos do Ronco e Quando o Uso do CPAP \u00e9 Indispens\u00e1vel\t\t\t\t\t<\/a>\n\t\t\t\t<\/h4>\n\t\t\t\n\t\t\t\t\t\t\t\t\t\t<div class=\"fusion-rollover-categories\"><a href=\"https:\/\/med-br.com\/psiquiatra-brasilia\/category\/medicina-do-sono\/\" rel=\"tag\">Medicina do Sono<\/a><\/div>\t\t\t\t\t\n\t\t\n\t\t\t\t\t\t<a class=\"fusion-link-wrapper\" href=\"https:\/\/med-br.com\/psiquiatra-brasilia\/apneia-obstrutiva-do-sono\/\" aria-label=\"Apneia do Sono: Os Riscos do Ronco e Quando o Uso do CPAP \u00e9 Indispens\u00e1vel\"><\/a>\n\t<\/div>\n<\/div>\n<\/div>\n<\/li>\n\t\t\t\n\t\t\t\n\t\t\t\t\t\t\t\t<\/ul>\n\t<\/div>\n\t<div class=\"fusion-post-content-wrapper\" style=\"padding:10px 10px 10px 10px;\"><div class=\"fusion-post-content post-content\"><h2 class=\"blog-shortcode-post-title entry-title\"><a href=\"https:\/\/med-br.com\/psiquiatra-brasilia\/apneia-obstrutiva-do-sono\/\">Apneia do Sono: Os Riscos do Ronco e Quando o Uso do CPAP \u00e9 Indispens\u00e1vel<\/a><\/h2><div class=\"fusion-content-sep sep-none\"><\/div><\/div><div class=\"fusion-meta-info\"><div class=\"fusion-aligncenter\"><a class=\"fusion-read-more\" href=\"https:\/\/med-br.com\/psiquiatra-brasilia\/apneia-obstrutiva-do-sono\/\" aria-label=\"More on Apneia do Sono: Os Riscos do Ronco e Quando o Uso do CPAP \u00e9 Indispens\u00e1vel\">Ler Mais<\/a><\/div><\/div><\/div><div class=\"fusion-clearfix\"><\/div><\/div>\n<\/article>\n<article id=\"blog-1-post-15120\" class=\"fusion-post-grid post-15120 post type-post status-publish format-standard has-post-thumbnail hentry category-medicina-do-sono\">\n<div class=\"fusion-post-wrapper\" style=\"background-color:rgba(255,255,255,1);border:1px solid var(--awb-custom_color_6);border-bottom-width:3px;\">\n\n\t\t\t<div class=\"fusion-flexslider flexslider fusion-flexslider-loading fusion-post-slideshow\" style=\"border-color:var(--awb-custom_color_6);\">\n\t\t<ul class=\"slides\">\n\t\t\t\n\t\t\t\t\t\t\t\t\t\t\t\t\t\t<li><div  class=\"fusion-image-wrapper\" aria-haspopup=\"true\">\n\t\t\t\t<img decoding=\"async\" width=\"300\" height=\"300\" src=\"https:\/\/med-br.com\/psiquiatra-brasilia\/wp-content\/uploads\/2026\/02\/psiquiatria-e-medicina-22.jpg\" class=\"attachment-full size-full wp-post-image\" alt=\"psiquiatria e medicina (22)\" srcset=\"https:\/\/med-br.com\/psiquiatra-brasilia\/wp-content\/uploads\/2026\/02\/psiquiatria-e-medicina-22-200x200.jpg 200w, https:\/\/med-br.com\/psiquiatra-brasilia\/wp-content\/uploads\/2026\/02\/psiquiatria-e-medicina-22.jpg 300w\" sizes=\"(min-width: 2200px) 100vw, (min-width: 856px) 285px, (min-width: 784px) 380px, (min-width: 712px) 570px, (min-width: 640px) 712px, \" title=\"\"><div class=\"fusion-rollover\">\n\t<div class=\"fusion-rollover-content\">\n\n\t\t\t\t\t\t\t\t\t\t\t\t\t\t<a class=\"fusion-rollover-link\" href=\"https:\/\/med-br.com\/psiquiatra-brasilia\/insonia-tratamento\/\">Ins\u00f4nia Cr\u00f4nica: Causas, Sintomas e os Tratamentos Mais Eficazes para Voltar a Dormir<\/a>\n\t\t\t\n\t\t\t\t\t\t\t\t\t\t\t\t\t\t\n\t\t\t\t\t\t\t\t\n\t\t\t\t\t\t\t\t\t\t\t\t\t<div class=\"fusion-rollover-sep\"><\/div>\n\t\t\t\t\n\t\t\t\t\t\t\t\t\t\t\t\t\t\t\t\t\t\t<a class=\"fusion-rollover-gallery\" href=\"https:\/\/med-br.com\/psiquiatra-brasilia\/wp-content\/uploads\/2026\/02\/psiquiatria-e-medicina-22.jpg\" data-options=\"\" data-id=\"15120\" data-rel=\"iLightbox[gallery]\" data-title=\"psiquiatria e medicina (22)\" data-caption=\"\">\n\t\t\t\t\t\tGaleria\t\t\t\t\t<\/a>\n\t\t\t\t\t\t\t\t\t\t\t\t\t\t\n\t\t\n\t\t\t\t\t\t\t\t\t\t\t\t<h4 class=\"fusion-rollover-title\">\n\t\t\t\t\t<a class=\"fusion-rollover-title-link\" href=\"https:\/\/med-br.com\/psiquiatra-brasilia\/insonia-tratamento\/\">\n\t\t\t\t\t\tIns\u00f4nia Cr\u00f4nica: Causas, Sintomas e os Tratamentos Mais Eficazes para Voltar a Dormir\t\t\t\t\t<\/a>\n\t\t\t\t<\/h4>\n\t\t\t\n\t\t\t\t\t\t\t\t\t\t<div class=\"fusion-rollover-categories\"><a href=\"https:\/\/med-br.com\/psiquiatra-brasilia\/category\/medicina-do-sono\/\" rel=\"tag\">Medicina do Sono<\/a><\/div>\t\t\t\t\t\n\t\t\n\t\t\t\t\t\t<a class=\"fusion-link-wrapper\" href=\"https:\/\/med-br.com\/psiquiatra-brasilia\/insonia-tratamento\/\" aria-label=\"Ins\u00f4nia Cr\u00f4nica: Causas, Sintomas e os Tratamentos Mais Eficazes para Voltar a Dormir\"><\/a>\n\t<\/div>\n<\/div>\n<\/div>\n<\/li>\n\t\t\t\n\t\t\t\n\t\t\t\t\t\t\t\t<\/ul>\n\t<\/div>\n\t<div class=\"fusion-post-content-wrapper\" style=\"padding:10px 10px 10px 10px;\"><div class=\"fusion-post-content post-content\"><h2 class=\"blog-shortcode-post-title entry-title\"><a href=\"https:\/\/med-br.com\/psiquiatra-brasilia\/insonia-tratamento\/\">Ins\u00f4nia Cr\u00f4nica: Causas, Sintomas e os Tratamentos Mais Eficazes para Voltar a Dormir<\/a><\/h2><div class=\"fusion-content-sep sep-none\"><\/div><\/div><div class=\"fusion-meta-info\"><div class=\"fusion-aligncenter\"><a class=\"fusion-read-more\" href=\"https:\/\/med-br.com\/psiquiatra-brasilia\/insonia-tratamento\/\" aria-label=\"More on Ins\u00f4nia Cr\u00f4nica: Causas, Sintomas e os Tratamentos Mais Eficazes para Voltar a Dormir\">Ler Mais<\/a><\/div><\/div><\/div><div class=\"fusion-clearfix\"><\/div><\/div>\n<\/article>\n<article id=\"blog-1-post-15119\" class=\"fusion-post-grid post-15119 post type-post status-publish format-standard has-post-thumbnail hentry category-medicina-do-sono\">\n<div class=\"fusion-post-wrapper\" style=\"background-color:rgba(255,255,255,1);border:1px solid var(--awb-custom_color_6);border-bottom-width:3px;\">\n\n\t\t\t<div class=\"fusion-flexslider flexslider fusion-flexslider-loading fusion-post-slideshow\" style=\"border-color:var(--awb-custom_color_6);\">\n\t\t<ul class=\"slides\">\n\t\t\t\n\t\t\t\t\t\t\t\t\t\t\t\t\t\t<li><div  class=\"fusion-image-wrapper\" aria-haspopup=\"true\">\n\t\t\t\t<img decoding=\"async\" width=\"300\" height=\"300\" src=\"https:\/\/med-br.com\/psiquiatra-brasilia\/wp-content\/uploads\/2026\/02\/psiquiatria-e-medicina-13.jpg\" class=\"attachment-full size-full wp-post-image\" alt=\"psiquiatria e medicina (13)\" srcset=\"https:\/\/med-br.com\/psiquiatra-brasilia\/wp-content\/uploads\/2026\/02\/psiquiatria-e-medicina-13-200x200.jpg 200w, https:\/\/med-br.com\/psiquiatra-brasilia\/wp-content\/uploads\/2026\/02\/psiquiatria-e-medicina-13.jpg 300w\" sizes=\"(min-width: 2200px) 100vw, (min-width: 856px) 285px, (min-width: 784px) 380px, (min-width: 712px) 570px, (min-width: 640px) 712px, \" title=\"\"><div class=\"fusion-rollover\">\n\t<div class=\"fusion-rollover-content\">\n\n\t\t\t\t\t\t\t\t\t\t\t\t\t\t<a class=\"fusion-rollover-link\" href=\"https:\/\/med-br.com\/psiquiatra-brasilia\/medicina-do-sono-guia\/\">Medicina do Sono: O Guia Completo para Diagn\u00f3stico e Tratamento dos Dist\u00farbios do Sono (2026)<\/a>\n\t\t\t\n\t\t\t\t\t\t\t\t\t\t\t\t\t\t\n\t\t\t\t\t\t\t\t\n\t\t\t\t\t\t\t\t\t\t\t\t\t<div class=\"fusion-rollover-sep\"><\/div>\n\t\t\t\t\n\t\t\t\t\t\t\t\t\t\t\t\t\t\t\t\t\t\t<a class=\"fusion-rollover-gallery\" href=\"https:\/\/med-br.com\/psiquiatra-brasilia\/wp-content\/uploads\/2026\/02\/psiquiatria-e-medicina-13.jpg\" data-options=\"\" data-id=\"15119\" data-rel=\"iLightbox[gallery]\" data-title=\"psiquiatria e medicina (13)\" data-caption=\"\">\n\t\t\t\t\t\tGaleria\t\t\t\t\t<\/a>\n\t\t\t\t\t\t\t\t\t\t\t\t\t\t\n\t\t\n\t\t\t\t\t\t\t\t\t\t\t\t<h4 class=\"fusion-rollover-title\">\n\t\t\t\t\t<a class=\"fusion-rollover-title-link\" href=\"https:\/\/med-br.com\/psiquiatra-brasilia\/medicina-do-sono-guia\/\">\n\t\t\t\t\t\tMedicina do Sono: O Guia Completo para Diagn\u00f3stico e Tratamento dos Dist\u00farbios do Sono (2026)\t\t\t\t\t<\/a>\n\t\t\t\t<\/h4>\n\t\t\t\n\t\t\t\t\t\t\t\t\t\t<div class=\"fusion-rollover-categories\"><a href=\"https:\/\/med-br.com\/psiquiatra-brasilia\/category\/medicina-do-sono\/\" rel=\"tag\">Medicina do Sono<\/a><\/div>\t\t\t\t\t\n\t\t\n\t\t\t\t\t\t<a class=\"fusion-link-wrapper\" href=\"https:\/\/med-br.com\/psiquiatra-brasilia\/medicina-do-sono-guia\/\" aria-label=\"Medicina do Sono: O Guia Completo para Diagn\u00f3stico e Tratamento dos Dist\u00farbios do Sono (2026)\"><\/a>\n\t<\/div>\n<\/div>\n<\/div>\n<\/li>\n\t\t\t\n\t\t\t\n\t\t\t\t\t\t\t\t<\/ul>\n\t<\/div>\n\t<div class=\"fusion-post-content-wrapper\" style=\"padding:10px 10px 10px 10px;\"><div class=\"fusion-post-content post-content\"><h2 class=\"blog-shortcode-post-title entry-title\"><a href=\"https:\/\/med-br.com\/psiquiatra-brasilia\/medicina-do-sono-guia\/\">Medicina do Sono: O Guia Completo para Diagn\u00f3stico e Tratamento dos Dist\u00farbios do Sono (2026)<\/a><\/h2><div class=\"fusion-content-sep sep-none\"><\/div><\/div><div class=\"fusion-meta-info\"><div class=\"fusion-aligncenter\"><a class=\"fusion-read-more\" href=\"https:\/\/med-br.com\/psiquiatra-brasilia\/medicina-do-sono-guia\/\" aria-label=\"More on Medicina do Sono: O Guia Completo para Diagn\u00f3stico e Tratamento dos Dist\u00farbios do Sono (2026)\">Ler Mais<\/a><\/div><\/div><\/div><div class=\"fusion-clearfix\"><\/div><\/div>\n<\/article>\n<article id=\"blog-1-post-1007\" class=\"fusion-post-grid post-1007 post type-post status-publish format-standard has-post-thumbnail hentry category-psiquiatria-forense-e-pericias-medicas tag-defesa-tecnica-medica tag-elaboracao-de-quesitos tag-parecer-tecnico tag-perito-do-juizo\">\n<div class=\"fusion-post-wrapper\" style=\"background-color:rgba(255,255,255,1);border:1px solid var(--awb-custom_color_6);border-bottom-width:3px;\">\n\n\t\t\t<div class=\"fusion-flexslider flexslider fusion-flexslider-loading fusion-post-slideshow\" style=\"border-color:var(--awb-custom_color_6);\">\n\t\t<ul class=\"slides\">\n\t\t\t\n\t\t\t\t\t\t\t\t\t\t\t\t\t\t<li><div  class=\"fusion-image-wrapper\" aria-haspopup=\"true\">\n\t\t\t\t<img decoding=\"async\" width=\"600\" height=\"600\" src=\"https:\/\/med-br.com\/psiquiatra-brasilia\/wp-content\/uploads\/2025\/11\/MED-BR-48-1.jpg\" class=\"attachment-full size-full wp-post-image\" alt=\"MED - BR (48)\" srcset=\"https:\/\/med-br.com\/psiquiatra-brasilia\/wp-content\/uploads\/2025\/11\/MED-BR-48-1-200x200.jpg 200w, https:\/\/med-br.com\/psiquiatra-brasilia\/wp-content\/uploads\/2025\/11\/MED-BR-48-1-400x400.jpg 400w, https:\/\/med-br.com\/psiquiatra-brasilia\/wp-content\/uploads\/2025\/11\/MED-BR-48-1.jpg 600w\" sizes=\"(min-width: 2200px) 100vw, (min-width: 856px) 285px, (min-width: 784px) 380px, (min-width: 712px) 570px, (min-width: 640px) 712px, \" title=\"\"><div class=\"fusion-rollover\">\n\t<div class=\"fusion-rollover-content\">\n\n\t\t\t\t\t\t\t\t\t\t\t\t\t\t<a class=\"fusion-rollover-link\" href=\"https:\/\/med-br.com\/psiquiatra-brasilia\/assistente-tecnico-psiquiatria\/\">Assistente T\u00e9cnico em Psiquiatria: Por que Voc\u00ea N\u00e3o Deve Ir para uma Per\u00edcia Sem Um?<\/a>\n\t\t\t\n\t\t\t\t\t\t\t\t\t\t\t\t\t\t\n\t\t\t\t\t\t\t\t\n\t\t\t\t\t\t\t\t\t\t\t\t\t<div class=\"fusion-rollover-sep\"><\/div>\n\t\t\t\t\n\t\t\t\t\t\t\t\t\t\t\t\t\t\t\t\t\t\t<a class=\"fusion-rollover-gallery\" href=\"https:\/\/med-br.com\/psiquiatra-brasilia\/wp-content\/uploads\/2025\/11\/MED-BR-48-1.jpg\" data-options=\"\" data-id=\"1007\" data-rel=\"iLightbox[gallery]\" data-title=\"MED - BR (48)\" data-caption=\"\">\n\t\t\t\t\t\tGaleria\t\t\t\t\t<\/a>\n\t\t\t\t\t\t\t\t\t\t\t\t\t\t\n\t\t\n\t\t\t\t\t\t\t\t\t\t\t\t<h4 class=\"fusion-rollover-title\">\n\t\t\t\t\t<a class=\"fusion-rollover-title-link\" href=\"https:\/\/med-br.com\/psiquiatra-brasilia\/assistente-tecnico-psiquiatria\/\">\n\t\t\t\t\t\tAssistente T\u00e9cnico em Psiquiatria: Por que Voc\u00ea N\u00e3o Deve Ir para uma Per\u00edcia Sem Um?\t\t\t\t\t<\/a>\n\t\t\t\t<\/h4>\n\t\t\t\n\t\t\t\t\t\t\t\t\t\t<div class=\"fusion-rollover-categories\"><a href=\"https:\/\/med-br.com\/psiquiatra-brasilia\/category\/psiquiatria-forense-e-pericias-medicas\/\" rel=\"tag\">Psiquiatria Forense e Per\u00edcias M\u00e9dicas<\/a><\/div>\t\t\t\t\t\n\t\t\n\t\t\t\t\t\t<a class=\"fusion-link-wrapper\" href=\"https:\/\/med-br.com\/psiquiatra-brasilia\/assistente-tecnico-psiquiatria\/\" aria-label=\"Assistente T\u00e9cnico em Psiquiatria: Por que Voc\u00ea N\u00e3o Deve Ir para uma Per\u00edcia Sem Um?\"><\/a>\n\t<\/div>\n<\/div>\n<\/div>\n<\/li>\n\t\t\t\n\t\t\t\n\t\t\t\t\t\t\t\t<\/ul>\n\t<\/div>\n\t<div class=\"fusion-post-content-wrapper\" style=\"padding:10px 10px 10px 10px;\"><div class=\"fusion-post-content post-content\"><h2 class=\"blog-shortcode-post-title entry-title\"><a href=\"https:\/\/med-br.com\/psiquiatra-brasilia\/assistente-tecnico-psiquiatria\/\">Assistente T\u00e9cnico em Psiquiatria: Por que Voc\u00ea N\u00e3o Deve Ir para uma Per\u00edcia Sem Um?<\/a><\/h2><div class=\"fusion-content-sep sep-none\"><\/div><\/div><div class=\"fusion-meta-info\"><div class=\"fusion-aligncenter\"><a class=\"fusion-read-more\" href=\"https:\/\/med-br.com\/psiquiatra-brasilia\/assistente-tecnico-psiquiatria\/\" aria-label=\"More on Assistente T\u00e9cnico em Psiquiatria: Por que Voc\u00ea N\u00e3o Deve Ir para uma Per\u00edcia Sem Um?\">Ler Mais<\/a><\/div><\/div><\/div><div class=\"fusion-clearfix\"><\/div><\/div>\n<\/article>\n<article id=\"blog-1-post-2006\" class=\"fusion-post-grid post-2006 post type-post status-publish format-standard has-post-thumbnail hentry category-pareceres-tecnicos-e-jurisprudencia tag-assistente-tecnico tag-estrategia-processual tag-quesitos-preliminares\">\n<div class=\"fusion-post-wrapper\" style=\"background-color:rgba(255,255,255,1);border:1px solid var(--awb-custom_color_6);border-bottom-width:3px;\">\n\n\t\t\t<div class=\"fusion-flexslider flexslider fusion-flexslider-loading fusion-post-slideshow\" style=\"border-color:var(--awb-custom_color_6);\">\n\t\t<ul class=\"slides\">\n\t\t\t\n\t\t\t\t\t\t\t\t\t\t\t\t\t\t<li><div  class=\"fusion-image-wrapper\" aria-haspopup=\"true\">\n\t\t\t\t<img decoding=\"async\" width=\"600\" height=\"600\" src=\"https:\/\/med-br.com\/psiquiatra-brasilia\/wp-content\/uploads\/2025\/11\/MED-BR-42-1.jpg\" class=\"attachment-full size-full wp-post-image\" alt=\"MED - BR (42)\" srcset=\"https:\/\/med-br.com\/psiquiatra-brasilia\/wp-content\/uploads\/2025\/11\/MED-BR-42-1-200x200.jpg 200w, https:\/\/med-br.com\/psiquiatra-brasilia\/wp-content\/uploads\/2025\/11\/MED-BR-42-1-400x400.jpg 400w, https:\/\/med-br.com\/psiquiatra-brasilia\/wp-content\/uploads\/2025\/11\/MED-BR-42-1.jpg 600w\" sizes=\"(min-width: 2200px) 100vw, (min-width: 856px) 285px, (min-width: 784px) 380px, (min-width: 712px) 570px, (min-width: 640px) 712px, \" title=\"\"><div class=\"fusion-rollover\">\n\t<div class=\"fusion-rollover-content\">\n\n\t\t\t\t\t\t\t\t\t\t\t\t\t\t<a class=\"fusion-rollover-link\" href=\"https:\/\/med-br.com\/psiquiatra-brasilia\/quesitos-periciais-psiquiatria\/\">Quesitos Periciais Estrat\u00e9gicos: A Arte de Perguntar para Obter a Resposta Certa<\/a>\n\t\t\t\n\t\t\t\t\t\t\t\t\t\t\t\t\t\t\n\t\t\t\t\t\t\t\t\n\t\t\t\t\t\t\t\t\t\t\t\t\t<div class=\"fusion-rollover-sep\"><\/div>\n\t\t\t\t\n\t\t\t\t\t\t\t\t\t\t\t\t\t\t\t\t\t\t<a class=\"fusion-rollover-gallery\" href=\"https:\/\/med-br.com\/psiquiatra-brasilia\/wp-content\/uploads\/2025\/11\/MED-BR-42-1.jpg\" data-options=\"\" data-id=\"2006\" data-rel=\"iLightbox[gallery]\" data-title=\"MED - BR (42)\" data-caption=\"\">\n\t\t\t\t\t\tGaleria\t\t\t\t\t<\/a>\n\t\t\t\t\t\t\t\t\t\t\t\t\t\t\n\t\t\n\t\t\t\t\t\t\t\t\t\t\t\t<h4 class=\"fusion-rollover-title\">\n\t\t\t\t\t<a class=\"fusion-rollover-title-link\" href=\"https:\/\/med-br.com\/psiquiatra-brasilia\/quesitos-periciais-psiquiatria\/\">\n\t\t\t\t\t\tQuesitos Periciais Estrat\u00e9gicos: A Arte de Perguntar para Obter a Resposta Certa\t\t\t\t\t<\/a>\n\t\t\t\t<\/h4>\n\t\t\t\n\t\t\t\t\t\t\t\t\t\t<div class=\"fusion-rollover-categories\"><a href=\"https:\/\/med-br.com\/psiquiatra-brasilia\/category\/pareceres-tecnicos-e-jurisprudencia\/\" rel=\"tag\">Pareceres T\u00e9cnicos e Jurisprud\u00eancia<\/a><\/div>\t\t\t\t\t\n\t\t\n\t\t\t\t\t\t<a class=\"fusion-link-wrapper\" href=\"https:\/\/med-br.com\/psiquiatra-brasilia\/quesitos-periciais-psiquiatria\/\" aria-label=\"Quesitos Periciais Estrat\u00e9gicos: A Arte de Perguntar para Obter a Resposta Certa\"><\/a>\n\t<\/div>\n<\/div>\n<\/div>\n<\/li>\n\t\t\t\n\t\t\t\n\t\t\t\t\t\t\t\t<\/ul>\n\t<\/div>\n\t<div class=\"fusion-post-content-wrapper\" style=\"padding:10px 10px 10px 10px;\"><div class=\"fusion-post-content post-content\"><h2 class=\"blog-shortcode-post-title entry-title\"><a href=\"https:\/\/med-br.com\/psiquiatra-brasilia\/quesitos-periciais-psiquiatria\/\">Quesitos Periciais Estrat\u00e9gicos: A Arte de Perguntar para Obter a Resposta Certa<\/a><\/h2><div class=\"fusion-content-sep sep-none\"><\/div><\/div><div class=\"fusion-meta-info\"><div class=\"fusion-aligncenter\"><a class=\"fusion-read-more\" href=\"https:\/\/med-br.com\/psiquiatra-brasilia\/quesitos-periciais-psiquiatria\/\" aria-label=\"More on Quesitos Periciais Estrat\u00e9gicos: A Arte de Perguntar para Obter a Resposta Certa\">Ler Mais<\/a><\/div><\/div><\/div><div class=\"fusion-clearfix\"><\/div><\/div>\n<\/article>\n<article id=\"blog-1-post-1006\" class=\"fusion-post-grid post-1006 post type-post status-publish format-standard has-post-thumbnail hentry category-psiquiatria-forense-e-pericias-medicas tag-alienacao-parental tag-avaliacao-psicologica-familiar tag-guarda-unilateral tag-sap\">\n<div class=\"fusion-post-wrapper\" style=\"background-color:rgba(255,255,255,1);border:1px solid var(--awb-custom_color_6);border-bottom-width:3px;\">\n\n\t\t\t<div class=\"fusion-flexslider flexslider fusion-flexslider-loading fusion-post-slideshow\" style=\"border-color:var(--awb-custom_color_6);\">\n\t\t<ul class=\"slides\">\n\t\t\t\n\t\t\t\t\t\t\t\t\t\t\t\t\t\t<li><div  class=\"fusion-image-wrapper\" aria-haspopup=\"true\">\n\t\t\t\t<img decoding=\"async\" width=\"600\" height=\"600\" src=\"https:\/\/med-br.com\/psiquiatra-brasilia\/wp-content\/uploads\/2025\/12\/med-br-29.jpg\" class=\"attachment-full size-full wp-post-image\" alt=\"med-br (29)\" srcset=\"https:\/\/med-br.com\/psiquiatra-brasilia\/wp-content\/uploads\/2025\/12\/med-br-29-200x200.jpg 200w, https:\/\/med-br.com\/psiquiatra-brasilia\/wp-content\/uploads\/2025\/12\/med-br-29-400x400.jpg 400w, https:\/\/med-br.com\/psiquiatra-brasilia\/wp-content\/uploads\/2025\/12\/med-br-29.jpg 600w\" sizes=\"(min-width: 2200px) 100vw, (min-width: 856px) 285px, (min-width: 784px) 380px, (min-width: 712px) 570px, (min-width: 640px) 712px, \" title=\"\"><div class=\"fusion-rollover\">\n\t<div class=\"fusion-rollover-content\">\n\n\t\t\t\t\t\t\t\t\t\t\t\t\t\t<a class=\"fusion-rollover-link\" href=\"https:\/\/med-br.com\/psiquiatra-brasilia\/psiquiatria-na-vara-de-familia\/\">Psiquiatria na Vara de Fam\u00edlia: Disputas de Guarda e Aliena\u00e7\u00e3o Parental sob \u00d3tica M\u00e9dica<\/a>\n\t\t\t\n\t\t\t\t\t\t\t\t\t\t\t\t\t\t\n\t\t\t\t\t\t\t\t\n\t\t\t\t\t\t\t\t\t\t\t\t\t<div class=\"fusion-rollover-sep\"><\/div>\n\t\t\t\t\n\t\t\t\t\t\t\t\t\t\t\t\t\t\t\t\t\t\t<a class=\"fusion-rollover-gallery\" href=\"https:\/\/med-br.com\/psiquiatra-brasilia\/wp-content\/uploads\/2025\/12\/med-br-29.jpg\" data-options=\"\" data-id=\"1006\" data-rel=\"iLightbox[gallery]\" data-title=\"med-br (29)\" data-caption=\"\">\n\t\t\t\t\t\tGaleria\t\t\t\t\t<\/a>\n\t\t\t\t\t\t\t\t\t\t\t\t\t\t\n\t\t\n\t\t\t\t\t\t\t\t\t\t\t\t<h4 class=\"fusion-rollover-title\">\n\t\t\t\t\t<a class=\"fusion-rollover-title-link\" href=\"https:\/\/med-br.com\/psiquiatra-brasilia\/psiquiatria-na-vara-de-familia\/\">\n\t\t\t\t\t\tPsiquiatria na Vara de Fam\u00edlia: Disputas de Guarda e Aliena\u00e7\u00e3o Parental sob \u00d3tica M\u00e9dica\t\t\t\t\t<\/a>\n\t\t\t\t<\/h4>\n\t\t\t\n\t\t\t\t\t\t\t\t\t\t<div class=\"fusion-rollover-categories\"><a href=\"https:\/\/med-br.com\/psiquiatra-brasilia\/category\/psiquiatria-forense-e-pericias-medicas\/\" rel=\"tag\">Psiquiatria Forense e Per\u00edcias M\u00e9dicas<\/a><\/div>\t\t\t\t\t\n\t\t\n\t\t\t\t\t\t<a class=\"fusion-link-wrapper\" href=\"https:\/\/med-br.com\/psiquiatra-brasilia\/psiquiatria-na-vara-de-familia\/\" aria-label=\"Psiquiatria na Vara de Fam\u00edlia: Disputas de Guarda e Aliena\u00e7\u00e3o Parental sob \u00d3tica M\u00e9dica\"><\/a>\n\t<\/div>\n<\/div>\n<\/div>\n<\/li>\n\t\t\t\n\t\t\t\n\t\t\t\t\t\t\t\t<\/ul>\n\t<\/div>\n\t<div class=\"fusion-post-content-wrapper\" style=\"padding:10px 10px 10px 10px;\"><div class=\"fusion-post-content post-content\"><h2 class=\"blog-shortcode-post-title entry-title\"><a href=\"https:\/\/med-br.com\/psiquiatra-brasilia\/psiquiatria-na-vara-de-familia\/\">Psiquiatria na Vara de Fam\u00edlia: Disputas de Guarda e Aliena\u00e7\u00e3o Parental sob \u00d3tica M\u00e9dica<\/a><\/h2><div class=\"fusion-content-sep sep-none\"><\/div><\/div><div class=\"fusion-meta-info\"><div class=\"fusion-aligncenter\"><a class=\"fusion-read-more\" href=\"https:\/\/med-br.com\/psiquiatra-brasilia\/psiquiatria-na-vara-de-familia\/\" aria-label=\"More on Psiquiatria na Vara de Fam\u00edlia: Disputas de Guarda e Aliena\u00e7\u00e3o Parental sob \u00d3tica M\u00e9dica\">Ler Mais<\/a><\/div><\/div><\/div><div class=\"fusion-clearfix\"><\/div><\/div>\n<\/article>\n<article id=\"blog-1-post-2005\" class=\"fusion-post-grid post-2005 post type-post status-publish format-standard has-post-thumbnail hentry category-pareceres-tecnicos-e-jurisprudencia tag-avaliacao-psicologica-concurso tag-pmk tag-teste-palografico\">\n<div class=\"fusion-post-wrapper\" style=\"background-color:rgba(255,255,255,1);border:1px solid var(--awb-custom_color_6);border-bottom-width:3px;\">\n\n\t\t\t<div class=\"fusion-flexslider flexslider fusion-flexslider-loading fusion-post-slideshow\" style=\"border-color:var(--awb-custom_color_6);\">\n\t\t<ul class=\"slides\">\n\t\t\t\n\t\t\t\t\t\t\t\t\t\t\t\t\t\t<li><div  class=\"fusion-image-wrapper\" aria-haspopup=\"true\">\n\t\t\t\t<img decoding=\"async\" width=\"600\" height=\"600\" src=\"https:\/\/med-br.com\/psiquiatra-brasilia\/wp-content\/uploads\/2025\/11\/MED-BR-50-1.jpg\" class=\"attachment-full size-full wp-post-image\" alt=\"MED - BR (50)\" srcset=\"https:\/\/med-br.com\/psiquiatra-brasilia\/wp-content\/uploads\/2025\/11\/MED-BR-50-1-200x200.jpg 200w, https:\/\/med-br.com\/psiquiatra-brasilia\/wp-content\/uploads\/2025\/11\/MED-BR-50-1-400x400.jpg 400w, https:\/\/med-br.com\/psiquiatra-brasilia\/wp-content\/uploads\/2025\/11\/MED-BR-50-1.jpg 600w\" sizes=\"(min-width: 2200px) 100vw, (min-width: 856px) 285px, (min-width: 784px) 380px, (min-width: 712px) 570px, (min-width: 640px) 712px, \" title=\"\"><div class=\"fusion-rollover\">\n\t<div class=\"fusion-rollover-content\">\n\n\t\t\t\t\t\t\t\t\t\t\t\t\t\t<a class=\"fusion-rollover-link\" href=\"https:\/\/med-br.com\/psiquiatra-brasilia\/recurso-psicotecnico-concurso\/\">Reprovado no Psicot\u00e9cnico? Como o Parecer T\u00e9cnico Fundamenta o Recurso Administrativo<\/a>\n\t\t\t\n\t\t\t\t\t\t\t\t\t\t\t\t\t\t\n\t\t\t\t\t\t\t\t\n\t\t\t\t\t\t\t\t\t\t\t\t\t<div class=\"fusion-rollover-sep\"><\/div>\n\t\t\t\t\n\t\t\t\t\t\t\t\t\t\t\t\t\t\t\t\t\t\t<a class=\"fusion-rollover-gallery\" href=\"https:\/\/med-br.com\/psiquiatra-brasilia\/wp-content\/uploads\/2025\/11\/MED-BR-50-1.jpg\" data-options=\"\" data-id=\"2005\" data-rel=\"iLightbox[gallery]\" data-title=\"MED - BR (50)\" data-caption=\"\">\n\t\t\t\t\t\tGaleria\t\t\t\t\t<\/a>\n\t\t\t\t\t\t\t\t\t\t\t\t\t\t\n\t\t\n\t\t\t\t\t\t\t\t\t\t\t\t<h4 class=\"fusion-rollover-title\">\n\t\t\t\t\t<a class=\"fusion-rollover-title-link\" href=\"https:\/\/med-br.com\/psiquiatra-brasilia\/recurso-psicotecnico-concurso\/\">\n\t\t\t\t\t\tReprovado no Psicot\u00e9cnico? Como o Parecer T\u00e9cnico Fundamenta o Recurso Administrativo\t\t\t\t\t<\/a>\n\t\t\t\t<\/h4>\n\t\t\t\n\t\t\t\t\t\t\t\t\t\t<div class=\"fusion-rollover-categories\"><a href=\"https:\/\/med-br.com\/psiquiatra-brasilia\/category\/pareceres-tecnicos-e-jurisprudencia\/\" rel=\"tag\">Pareceres T\u00e9cnicos e Jurisprud\u00eancia<\/a><\/div>\t\t\t\t\t\n\t\t\n\t\t\t\t\t\t<a class=\"fusion-link-wrapper\" href=\"https:\/\/med-br.com\/psiquiatra-brasilia\/recurso-psicotecnico-concurso\/\" aria-label=\"Reprovado no Psicot\u00e9cnico? Como o Parecer T\u00e9cnico Fundamenta o Recurso Administrativo\"><\/a>\n\t<\/div>\n<\/div>\n<\/div>\n<\/li>\n\t\t\t\n\t\t\t\n\t\t\t\t\t\t\t\t<\/ul>\n\t<\/div>\n\t<div class=\"fusion-post-content-wrapper\" style=\"padding:10px 10px 10px 10px;\"><div class=\"fusion-post-content post-content\"><h2 class=\"blog-shortcode-post-title entry-title\"><a href=\"https:\/\/med-br.com\/psiquiatra-brasilia\/recurso-psicotecnico-concurso\/\">Reprovado no Psicot\u00e9cnico? Como o Parecer T\u00e9cnico Fundamenta o Recurso Administrativo<\/a><\/h2><div class=\"fusion-content-sep sep-none\"><\/div><\/div><div class=\"fusion-meta-info\"><div class=\"fusion-aligncenter\"><a class=\"fusion-read-more\" href=\"https:\/\/med-br.com\/psiquiatra-brasilia\/recurso-psicotecnico-concurso\/\" aria-label=\"More on Reprovado no Psicot\u00e9cnico? Como o Parecer T\u00e9cnico Fundamenta o Recurso Administrativo\">Ler Mais<\/a><\/div><\/div><\/div><div class=\"fusion-clearfix\"><\/div><\/div>\n<\/article>\n<article id=\"blog-1-post-1005\" class=\"fusion-post-grid post-1005 post type-post status-publish format-standard has-post-thumbnail hentry category-psiquiatria-forense-e-pericias-medicas tag-cid-11 tag-impugnacao-de-laudo tag-metodologia-pericial tag-quesitos-periciais\">\n<div class=\"fusion-post-wrapper\" style=\"background-color:rgba(255,255,255,1);border:1px solid var(--awb-custom_color_6);border-bottom-width:3px;\">\n\n\t\t\t<div class=\"fusion-flexslider flexslider fusion-flexslider-loading fusion-post-slideshow\" style=\"border-color:var(--awb-custom_color_6);\">\n\t\t<ul class=\"slides\">\n\t\t\t\n\t\t\t\t\t\t\t\t\t\t\t\t\t\t<li><div  class=\"fusion-image-wrapper\" aria-haspopup=\"true\">\n\t\t\t\t<img decoding=\"async\" width=\"600\" height=\"600\" src=\"https:\/\/med-br.com\/psiquiatra-brasilia\/wp-content\/uploads\/2025\/12\/med-br-44.jpg\" class=\"attachment-full size-full wp-post-image\" alt=\"med-br (44)\" srcset=\"https:\/\/med-br.com\/psiquiatra-brasilia\/wp-content\/uploads\/2025\/12\/med-br-44-200x200.jpg 200w, https:\/\/med-br.com\/psiquiatra-brasilia\/wp-content\/uploads\/2025\/12\/med-br-44-400x400.jpg 400w, https:\/\/med-br.com\/psiquiatra-brasilia\/wp-content\/uploads\/2025\/12\/med-br-44.jpg 600w\" sizes=\"(min-width: 2200px) 100vw, (min-width: 856px) 285px, (min-width: 784px) 380px, (min-width: 712px) 570px, (min-width: 640px) 712px, \" title=\"\"><div class=\"fusion-rollover\">\n\t<div class=\"fusion-rollover-content\">\n\n\t\t\t\t\t\t\t\t\t\t\t\t\t\t<a class=\"fusion-rollover-link\" href=\"https:\/\/med-br.com\/psiquiatra-brasilia\/laudo-psiquiatrico-elementos\/\">Laudo Psiqui\u00e1trico Forense: 5 Elementos Essenciais que Validam (ou Anulam) uma Per\u00edcia<\/a>\n\t\t\t\n\t\t\t\t\t\t\t\t\t\t\t\t\t\t\n\t\t\t\t\t\t\t\t\n\t\t\t\t\t\t\t\t\t\t\t\t\t<div class=\"fusion-rollover-sep\"><\/div>\n\t\t\t\t\n\t\t\t\t\t\t\t\t\t\t\t\t\t\t\t\t\t\t<a class=\"fusion-rollover-gallery\" href=\"https:\/\/med-br.com\/psiquiatra-brasilia\/wp-content\/uploads\/2025\/12\/med-br-44.jpg\" data-options=\"\" data-id=\"1005\" data-rel=\"iLightbox[gallery]\" data-title=\"med-br (44)\" data-caption=\"\">\n\t\t\t\t\t\tGaleria\t\t\t\t\t<\/a>\n\t\t\t\t\t\t\t\t\t\t\t\t\t\t\n\t\t\n\t\t\t\t\t\t\t\t\t\t\t\t<h4 class=\"fusion-rollover-title\">\n\t\t\t\t\t<a class=\"fusion-rollover-title-link\" href=\"https:\/\/med-br.com\/psiquiatra-brasilia\/laudo-psiquiatrico-elementos\/\">\n\t\t\t\t\t\tLaudo Psiqui\u00e1trico Forense: 5 Elementos Essenciais que Validam (ou Anulam) uma Per\u00edcia\t\t\t\t\t<\/a>\n\t\t\t\t<\/h4>\n\t\t\t\n\t\t\t\t\t\t\t\t\t\t<div class=\"fusion-rollover-categories\"><a href=\"https:\/\/med-br.com\/psiquiatra-brasilia\/category\/psiquiatria-forense-e-pericias-medicas\/\" rel=\"tag\">Psiquiatria Forense e Per\u00edcias M\u00e9dicas<\/a><\/div>\t\t\t\t\t\n\t\t\n\t\t\t\t\t\t<a class=\"fusion-link-wrapper\" href=\"https:\/\/med-br.com\/psiquiatra-brasilia\/laudo-psiquiatrico-elementos\/\" aria-label=\"Laudo Psiqui\u00e1trico Forense: 5 Elementos Essenciais que Validam (ou Anulam) uma Per\u00edcia\"><\/a>\n\t<\/div>\n<\/div>\n<\/div>\n<\/li>\n\t\t\t\n\t\t\t\n\t\t\t\t\t\t\t\t<\/ul>\n\t<\/div>\n\t<div class=\"fusion-post-content-wrapper\" style=\"padding:10px 10px 10px 10px;\"><div class=\"fusion-post-content post-content\"><h2 class=\"blog-shortcode-post-title entry-title\"><a href=\"https:\/\/med-br.com\/psiquiatra-brasilia\/laudo-psiquiatrico-elementos\/\">Laudo Psiqui\u00e1trico Forense: 5 Elementos Essenciais que Validam (ou Anulam) uma Per\u00edcia<\/a><\/h2><div class=\"fusion-content-sep sep-none\"><\/div><\/div><div class=\"fusion-meta-info\"><div class=\"fusion-aligncenter\"><a class=\"fusion-read-more\" href=\"https:\/\/med-br.com\/psiquiatra-brasilia\/laudo-psiquiatrico-elementos\/\" aria-label=\"More on Laudo Psiqui\u00e1trico Forense: 5 Elementos Essenciais que Validam (ou Anulam) uma Per\u00edcia\">Ler Mais<\/a><\/div><\/div><\/div><div class=\"fusion-clearfix\"><\/div><\/div>\n<\/article>\n<article id=\"blog-1-post-2004\" class=\"fusion-post-grid post-2004 post type-post status-publish format-standard has-post-thumbnail hentry category-pareceres-tecnicos-e-jurisprudencia tag-dependencia-quimica-forense tag-incidente-de-insanidade-mental tag-periculosidade\">\n<div class=\"fusion-post-wrapper\" style=\"background-color:rgba(255,255,255,1);border:1px solid var(--awb-custom_color_6);border-bottom-width:3px;\">\n\n\t\t\t<div class=\"fusion-flexslider flexslider fusion-flexslider-loading fusion-post-slideshow\" style=\"border-color:var(--awb-custom_color_6);\">\n\t\t<ul class=\"slides\">\n\t\t\t\n\t\t\t\t\t\t\t\t\t\t\t\t\t\t<li><div  class=\"fusion-image-wrapper\" aria-haspopup=\"true\">\n\t\t\t\t<img decoding=\"async\" width=\"600\" height=\"600\" src=\"https:\/\/med-br.com\/psiquiatra-brasilia\/wp-content\/uploads\/2025\/11\/MED-BR-25-1.jpg\" class=\"attachment-full size-full wp-post-image\" alt=\"MED - BR (25)\" srcset=\"https:\/\/med-br.com\/psiquiatra-brasilia\/wp-content\/uploads\/2025\/11\/MED-BR-25-1-200x200.jpg 200w, https:\/\/med-br.com\/psiquiatra-brasilia\/wp-content\/uploads\/2025\/11\/MED-BR-25-1-400x400.jpg 400w, https:\/\/med-br.com\/psiquiatra-brasilia\/wp-content\/uploads\/2025\/11\/MED-BR-25-1.jpg 600w\" sizes=\"(min-width: 2200px) 100vw, (min-width: 856px) 285px, (min-width: 784px) 380px, (min-width: 712px) 570px, (min-width: 640px) 712px, \" title=\"\"><div class=\"fusion-rollover\">\n\t<div class=\"fusion-rollover-content\">\n\n\t\t\t\t\t\t\t\t\t\t\t\t\t\t<a class=\"fusion-rollover-link\" href=\"https:\/\/med-br.com\/psiquiatra-brasilia\/parecer-psiquiatrico-criminal\/\">Parecer Psiqui\u00e1trico Criminal: A Estrat\u00e9gia de Defesa na Inimputabilidade Penal<\/a>\n\t\t\t\n\t\t\t\t\t\t\t\t\t\t\t\t\t\t\n\t\t\t\t\t\t\t\t\n\t\t\t\t\t\t\t\t\t\t\t\t\t<div class=\"fusion-rollover-sep\"><\/div>\n\t\t\t\t\n\t\t\t\t\t\t\t\t\t\t\t\t\t\t\t\t\t\t<a class=\"fusion-rollover-gallery\" href=\"https:\/\/med-br.com\/psiquiatra-brasilia\/wp-content\/uploads\/2025\/11\/MED-BR-25-1.jpg\" data-options=\"\" data-id=\"2004\" data-rel=\"iLightbox[gallery]\" data-title=\"MED - BR (25)\" data-caption=\"\">\n\t\t\t\t\t\tGaleria\t\t\t\t\t<\/a>\n\t\t\t\t\t\t\t\t\t\t\t\t\t\t\n\t\t\n\t\t\t\t\t\t\t\t\t\t\t\t<h4 class=\"fusion-rollover-title\">\n\t\t\t\t\t<a class=\"fusion-rollover-title-link\" href=\"https:\/\/med-br.com\/psiquiatra-brasilia\/parecer-psiquiatrico-criminal\/\">\n\t\t\t\t\t\tParecer Psiqui\u00e1trico Criminal: A Estrat\u00e9gia de Defesa na Inimputabilidade Penal\t\t\t\t\t<\/a>\n\t\t\t\t<\/h4>\n\t\t\t\n\t\t\t\t\t\t\t\t\t\t<div class=\"fusion-rollover-categories\"><a href=\"https:\/\/med-br.com\/psiquiatra-brasilia\/category\/pareceres-tecnicos-e-jurisprudencia\/\" rel=\"tag\">Pareceres T\u00e9cnicos e Jurisprud\u00eancia<\/a><\/div>\t\t\t\t\t\n\t\t\n\t\t\t\t\t\t<a class=\"fusion-link-wrapper\" href=\"https:\/\/med-br.com\/psiquiatra-brasilia\/parecer-psiquiatrico-criminal\/\" aria-label=\"Parecer Psiqui\u00e1trico Criminal: A Estrat\u00e9gia de Defesa na Inimputabilidade Penal\"><\/a>\n\t<\/div>\n<\/div>\n<\/div>\n<\/li>\n\t\t\t\n\t\t\t\n\t\t\t\t\t\t\t\t<\/ul>\n\t<\/div>\n\t<div class=\"fusion-post-content-wrapper\" style=\"padding:10px 10px 10px 10px;\"><div class=\"fusion-post-content post-content\"><h2 class=\"blog-shortcode-post-title entry-title\"><a href=\"https:\/\/med-br.com\/psiquiatra-brasilia\/parecer-psiquiatrico-criminal\/\">Parecer Psiqui\u00e1trico Criminal: A Estrat\u00e9gia de Defesa na Inimputabilidade Penal<\/a><\/h2><div class=\"fusion-content-sep sep-none\"><\/div><\/div><div class=\"fusion-meta-info\"><div class=\"fusion-aligncenter\"><a class=\"fusion-read-more\" href=\"https:\/\/med-br.com\/psiquiatra-brasilia\/parecer-psiquiatrico-criminal\/\" aria-label=\"More on Parecer Psiqui\u00e1trico Criminal: A Estrat\u00e9gia de Defesa na Inimputabilidade Penal\">Ler Mais<\/a><\/div><\/div><\/div><div class=\"fusion-clearfix\"><\/div><\/div>\n<\/article>\n<article id=\"blog-1-post-1004\" class=\"fusion-post-grid post-1004 post type-post status-publish format-standard has-post-thumbnail hentry category-psiquiatria-forense-e-pericias-medicas tag-afastamento-inss tag-doenca-ocupacional tag-nexo-causal tag-sindrome-de-burnout\">\n<div class=\"fusion-post-wrapper\" style=\"background-color:rgba(255,255,255,1);border:1px solid var(--awb-custom_color_6);border-bottom-width:3px;\">\n\n\t\t\t<div class=\"fusion-flexslider flexslider fusion-flexslider-loading fusion-post-slideshow\" style=\"border-color:var(--awb-custom_color_6);\">\n\t\t<ul class=\"slides\">\n\t\t\t\n\t\t\t\t\t\t\t\t\t\t\t\t\t\t<li><div  class=\"fusion-image-wrapper\" aria-haspopup=\"true\">\n\t\t\t\t<img decoding=\"async\" width=\"600\" height=\"600\" src=\"https:\/\/med-br.com\/psiquiatra-brasilia\/wp-content\/uploads\/2025\/12\/med-br-6.jpg\" class=\"attachment-full size-full wp-post-image\" alt=\"med-br (6)\" srcset=\"https:\/\/med-br.com\/psiquiatra-brasilia\/wp-content\/uploads\/2025\/12\/med-br-6-200x200.jpg 200w, https:\/\/med-br.com\/psiquiatra-brasilia\/wp-content\/uploads\/2025\/12\/med-br-6-400x400.jpg 400w, https:\/\/med-br.com\/psiquiatra-brasilia\/wp-content\/uploads\/2025\/12\/med-br-6.jpg 600w\" sizes=\"(min-width: 2200px) 100vw, (min-width: 856px) 285px, (min-width: 784px) 380px, (min-width: 712px) 570px, (min-width: 640px) 712px, \" title=\"\"><div class=\"fusion-rollover\">\n\t<div class=\"fusion-rollover-content\">\n\n\t\t\t\t\t\t\t\t\t\t\t\t\t\t<a class=\"fusion-rollover-link\" href=\"https:\/\/med-br.com\/psiquiatra-brasilia\/pericia-psiquiatrica-trabalho\/\">Per\u00edcia Psiqui\u00e1trica no Trabalho: Burnout, Ass\u00e9dio e Nexo Causal Explicados<\/a>\n\t\t\t\n\t\t\t\t\t\t\t\t\t\t\t\t\t\t\n\t\t\t\t\t\t\t\t\n\t\t\t\t\t\t\t\t\t\t\t\t\t<div class=\"fusion-rollover-sep\"><\/div>\n\t\t\t\t\n\t\t\t\t\t\t\t\t\t\t\t\t\t\t\t\t\t\t<a class=\"fusion-rollover-gallery\" href=\"https:\/\/med-br.com\/psiquiatra-brasilia\/wp-content\/uploads\/2025\/12\/med-br-6.jpg\" data-options=\"\" data-id=\"1004\" data-rel=\"iLightbox[gallery]\" data-title=\"med-br (6)\" data-caption=\"\">\n\t\t\t\t\t\tGaleria\t\t\t\t\t<\/a>\n\t\t\t\t\t\t\t\t\t\t\t\t\t\t\n\t\t\n\t\t\t\t\t\t\t\t\t\t\t\t<h4 class=\"fusion-rollover-title\">\n\t\t\t\t\t<a class=\"fusion-rollover-title-link\" href=\"https:\/\/med-br.com\/psiquiatra-brasilia\/pericia-psiquiatrica-trabalho\/\">\n\t\t\t\t\t\tPer\u00edcia Psiqui\u00e1trica no Trabalho: Burnout, Ass\u00e9dio e Nexo Causal Explicados\t\t\t\t\t<\/a>\n\t\t\t\t<\/h4>\n\t\t\t\n\t\t\t\t\t\t\t\t\t\t<div class=\"fusion-rollover-categories\"><a href=\"https:\/\/med-br.com\/psiquiatra-brasilia\/category\/psiquiatria-forense-e-pericias-medicas\/\" rel=\"tag\">Psiquiatria Forense e Per\u00edcias M\u00e9dicas<\/a><\/div>\t\t\t\t\t\n\t\t\n\t\t\t\t\t\t<a class=\"fusion-link-wrapper\" href=\"https:\/\/med-br.com\/psiquiatra-brasilia\/pericia-psiquiatrica-trabalho\/\" aria-label=\"Per\u00edcia Psiqui\u00e1trica no Trabalho: Burnout, Ass\u00e9dio e Nexo Causal Explicados\"><\/a>\n\t<\/div>\n<\/div>\n<\/div>\n<\/li>\n\t\t\t\n\t\t\t\n\t\t\t\t\t\t\t\t<\/ul>\n\t<\/div>\n\t<div class=\"fusion-post-content-wrapper\" style=\"padding:10px 10px 10px 10px;\"><div class=\"fusion-post-content post-content\"><h2 class=\"blog-shortcode-post-title entry-title\"><a href=\"https:\/\/med-br.com\/psiquiatra-brasilia\/pericia-psiquiatrica-trabalho\/\">Per\u00edcia Psiqui\u00e1trica no Trabalho: Burnout, Ass\u00e9dio e Nexo Causal Explicados<\/a><\/h2><div class=\"fusion-content-sep sep-none\"><\/div><\/div><div class=\"fusion-meta-info\"><div class=\"fusion-aligncenter\"><a class=\"fusion-read-more\" href=\"https:\/\/med-br.com\/psiquiatra-brasilia\/pericia-psiquiatrica-trabalho\/\" aria-label=\"More on Per\u00edcia Psiqui\u00e1trica no Trabalho: Burnout, Ass\u00e9dio e Nexo Causal Explicados\">Ler Mais<\/a><\/div><\/div><\/div><div class=\"fusion-clearfix\"><\/div><\/div>\n<\/article>\n<article id=\"blog-1-post-2003\" class=\"fusion-post-grid post-2003 post type-post status-publish format-standard has-post-thumbnail hentry category-pareceres-tecnicos-e-jurisprudencia tag-doenca-ocupacional tag-indenizacao-por-danos-morais tag-schilling-ii\">\n<div class=\"fusion-post-wrapper\" style=\"background-color:rgba(255,255,255,1);border:1px solid var(--awb-custom_color_6);border-bottom-width:3px;\">\n\n\t\t\t<div class=\"fusion-flexslider flexslider fusion-flexslider-loading fusion-post-slideshow\" style=\"border-color:var(--awb-custom_color_6);\">\n\t\t<ul class=\"slides\">\n\t\t\t\n\t\t\t\t\t\t\t\t\t\t\t\t\t\t<li><div  class=\"fusion-image-wrapper\" aria-haspopup=\"true\">\n\t\t\t\t<img decoding=\"async\" width=\"600\" height=\"600\" src=\"https:\/\/med-br.com\/psiquiatra-brasilia\/wp-content\/uploads\/2025\/11\/MED-BR-17-1.jpg\" class=\"attachment-full size-full wp-post-image\" alt=\"MED - BR (17)\" srcset=\"https:\/\/med-br.com\/psiquiatra-brasilia\/wp-content\/uploads\/2025\/11\/MED-BR-17-1-200x200.jpg 200w, https:\/\/med-br.com\/psiquiatra-brasilia\/wp-content\/uploads\/2025\/11\/MED-BR-17-1-400x400.jpg 400w, https:\/\/med-br.com\/psiquiatra-brasilia\/wp-content\/uploads\/2025\/11\/MED-BR-17-1.jpg 600w\" sizes=\"(min-width: 2200px) 100vw, (min-width: 856px) 285px, (min-width: 784px) 380px, (min-width: 712px) 570px, (min-width: 640px) 712px, \" title=\"\"><div class=\"fusion-rollover\">\n\t<div class=\"fusion-rollover-content\">\n\n\t\t\t\t\t\t\t\t\t\t\t\t\t\t<a class=\"fusion-rollover-link\" href=\"https:\/\/med-br.com\/psiquiatra-brasilia\/parecer-tecnico-trabalhista-mental\/\">Parecer T\u00e9cnico Trabalhista: Contestando o Nexo Causal em Casos de Burnout e Depress\u00e3o<\/a>\n\t\t\t\n\t\t\t\t\t\t\t\t\t\t\t\t\t\t\n\t\t\t\t\t\t\t\t\n\t\t\t\t\t\t\t\t\t\t\t\t\t<div class=\"fusion-rollover-sep\"><\/div>\n\t\t\t\t\n\t\t\t\t\t\t\t\t\t\t\t\t\t\t\t\t\t\t<a class=\"fusion-rollover-gallery\" href=\"https:\/\/med-br.com\/psiquiatra-brasilia\/wp-content\/uploads\/2025\/11\/MED-BR-17-1.jpg\" data-options=\"\" data-id=\"2003\" data-rel=\"iLightbox[gallery]\" data-title=\"MED - BR (17)\" data-caption=\"\">\n\t\t\t\t\t\tGaleria\t\t\t\t\t<\/a>\n\t\t\t\t\t\t\t\t\t\t\t\t\t\t\n\t\t\n\t\t\t\t\t\t\t\t\t\t\t\t<h4 class=\"fusion-rollover-title\">\n\t\t\t\t\t<a class=\"fusion-rollover-title-link\" href=\"https:\/\/med-br.com\/psiquiatra-brasilia\/parecer-tecnico-trabalhista-mental\/\">\n\t\t\t\t\t\tParecer T\u00e9cnico Trabalhista: Contestando o Nexo Causal em Casos de Burnout e Depress\u00e3o\t\t\t\t\t<\/a>\n\t\t\t\t<\/h4>\n\t\t\t\n\t\t\t\t\t\t\t\t\t\t<div class=\"fusion-rollover-categories\"><a href=\"https:\/\/med-br.com\/psiquiatra-brasilia\/category\/pareceres-tecnicos-e-jurisprudencia\/\" rel=\"tag\">Pareceres T\u00e9cnicos e Jurisprud\u00eancia<\/a><\/div>\t\t\t\t\t\n\t\t\n\t\t\t\t\t\t<a class=\"fusion-link-wrapper\" href=\"https:\/\/med-br.com\/psiquiatra-brasilia\/parecer-tecnico-trabalhista-mental\/\" aria-label=\"Parecer T\u00e9cnico Trabalhista: Contestando o Nexo Causal em Casos de Burnout e Depress\u00e3o\"><\/a>\n\t<\/div>\n<\/div>\n<\/div>\n<\/li>\n\t\t\t\n\t\t\t\n\t\t\t\t\t\t\t\t<\/ul>\n\t<\/div>\n\t<div class=\"fusion-post-content-wrapper\" style=\"padding:10px 10px 10px 10px;\"><div class=\"fusion-post-content post-content\"><h2 class=\"blog-shortcode-post-title entry-title\"><a href=\"https:\/\/med-br.com\/psiquiatra-brasilia\/parecer-tecnico-trabalhista-mental\/\">Parecer T\u00e9cnico Trabalhista: Contestando o Nexo Causal em Casos de Burnout e Depress\u00e3o<\/a><\/h2><div class=\"fusion-content-sep sep-none\"><\/div><\/div><div class=\"fusion-meta-info\"><div class=\"fusion-aligncenter\"><a class=\"fusion-read-more\" href=\"https:\/\/med-br.com\/psiquiatra-brasilia\/parecer-tecnico-trabalhista-mental\/\" aria-label=\"More on Parecer T\u00e9cnico Trabalhista: Contestando o Nexo Causal em Casos de Burnout e Depress\u00e3o\">Ler Mais<\/a><\/div><\/div><\/div><div class=\"fusion-clearfix\"><\/div><\/div>\n<\/article>\n<article id=\"blog-1-post-1003\" class=\"fusion-post-grid post-1003 post type-post status-publish format-standard has-post-thumbnail hentry category-psiquiatria-forense-e-pericias-medicas tag-capacidade-de-gerir-bens tag-demencia tag-estatuto-da-pessoa-com-deficiencia tag-tomada-de-decisao-apoiada\">\n<div class=\"fusion-post-wrapper\" style=\"background-color:rgba(255,255,255,1);border:1px solid var(--awb-custom_color_6);border-bottom-width:3px;\">\n\n\t\t\t<div class=\"fusion-flexslider flexslider fusion-flexslider-loading fusion-post-slideshow\" style=\"border-color:var(--awb-custom_color_6);\">\n\t\t<ul class=\"slides\">\n\t\t\t\n\t\t\t\t\t\t\t\t\t\t\t\t\t\t<li><div  class=\"fusion-image-wrapper\" aria-haspopup=\"true\">\n\t\t\t\t<img decoding=\"async\" width=\"600\" height=\"600\" src=\"https:\/\/med-br.com\/psiquiatra-brasilia\/wp-content\/uploads\/2025\/12\/med-br-48.jpg\" class=\"attachment-full size-full wp-post-image\" alt=\"med-br (48)\" srcset=\"https:\/\/med-br.com\/psiquiatra-brasilia\/wp-content\/uploads\/2025\/12\/med-br-48-200x200.jpg 200w, https:\/\/med-br.com\/psiquiatra-brasilia\/wp-content\/uploads\/2025\/12\/med-br-48-400x400.jpg 400w, https:\/\/med-br.com\/psiquiatra-brasilia\/wp-content\/uploads\/2025\/12\/med-br-48.jpg 600w\" sizes=\"(min-width: 2200px) 100vw, (min-width: 856px) 285px, (min-width: 784px) 380px, (min-width: 712px) 570px, (min-width: 640px) 712px, \" title=\"\"><div class=\"fusion-rollover\">\n\t<div class=\"fusion-rollover-content\">\n\n\t\t\t\t\t\t\t\t\t\t\t\t\t\t<a class=\"fusion-rollover-link\" href=\"https:\/\/med-br.com\/psiquiatra-brasilia\/interdicao-curatela\/\">Interdi\u00e7\u00e3o e Curatela: Como a Per\u00edcia Avalia a Capacidade Civil (Passo a Passo)<\/a>\n\t\t\t\n\t\t\t\t\t\t\t\t\t\t\t\t\t\t\n\t\t\t\t\t\t\t\t\n\t\t\t\t\t\t\t\t\t\t\t\t\t<div class=\"fusion-rollover-sep\"><\/div>\n\t\t\t\t\n\t\t\t\t\t\t\t\t\t\t\t\t\t\t\t\t\t\t<a class=\"fusion-rollover-gallery\" href=\"https:\/\/med-br.com\/psiquiatra-brasilia\/wp-content\/uploads\/2025\/12\/med-br-48.jpg\" data-options=\"\" data-id=\"1003\" data-rel=\"iLightbox[gallery]\" data-title=\"med-br (48)\" data-caption=\"\">\n\t\t\t\t\t\tGaleria\t\t\t\t\t<\/a>\n\t\t\t\t\t\t\t\t\t\t\t\t\t\t\n\t\t\n\t\t\t\t\t\t\t\t\t\t\t\t<h4 class=\"fusion-rollover-title\">\n\t\t\t\t\t<a class=\"fusion-rollover-title-link\" href=\"https:\/\/med-br.com\/psiquiatra-brasilia\/interdicao-curatela\/\">\n\t\t\t\t\t\tInterdi\u00e7\u00e3o e Curatela: Como a Per\u00edcia Avalia a Capacidade Civil (Passo a Passo)\t\t\t\t\t<\/a>\n\t\t\t\t<\/h4>\n\t\t\t\n\t\t\t\t\t\t\t\t\t\t<div class=\"fusion-rollover-categories\"><a href=\"https:\/\/med-br.com\/psiquiatra-brasilia\/category\/psiquiatria-forense-e-pericias-medicas\/\" rel=\"tag\">Psiquiatria Forense e Per\u00edcias M\u00e9dicas<\/a><\/div>\t\t\t\t\t\n\t\t\n\t\t\t\t\t\t<a class=\"fusion-link-wrapper\" href=\"https:\/\/med-br.com\/psiquiatra-brasilia\/interdicao-curatela\/\" aria-label=\"Interdi\u00e7\u00e3o e Curatela: Como a Per\u00edcia Avalia a Capacidade Civil (Passo a Passo)\"><\/a>\n\t<\/div>\n<\/div>\n<\/div>\n<\/li>\n\t\t\t\n\t\t\t\n\t\t\t\t\t\t\t\t<\/ul>\n\t<\/div>\n\t<div class=\"fusion-post-content-wrapper\" style=\"padding:10px 10px 10px 10px;\"><div class=\"fusion-post-content post-content\"><h2 class=\"blog-shortcode-post-title entry-title\"><a href=\"https:\/\/med-br.com\/psiquiatra-brasilia\/interdicao-curatela\/\">Interdi\u00e7\u00e3o e Curatela: Como a Per\u00edcia Avalia a Capacidade Civil (Passo a Passo)<\/a><\/h2><div class=\"fusion-content-sep sep-none\"><\/div><\/div><div class=\"fusion-meta-info\"><div class=\"fusion-aligncenter\"><a class=\"fusion-read-more\" href=\"https:\/\/med-br.com\/psiquiatra-brasilia\/interdicao-curatela\/\" aria-label=\"More on Interdi\u00e7\u00e3o e Curatela: Como a Per\u00edcia Avalia a Capacidade Civil (Passo a Passo)\">Ler Mais<\/a><\/div><\/div><\/div><div class=\"fusion-clearfix\"><\/div><\/div>\n<\/article>\n<article id=\"blog-1-post-2002\" class=\"fusion-post-grid post-2002 post type-post status-publish format-standard has-post-thumbnail hentry category-pareceres-tecnicos-e-jurisprudencia tag-erro-medico-pericial tag-nulidade-da-pericia tag-quesitos-suplementares\">\n<div class=\"fusion-post-wrapper\" style=\"background-color:rgba(255,255,255,1);border:1px solid var(--awb-custom_color_6);border-bottom-width:3px;\">\n\n\t\t\t<div class=\"fusion-flexslider flexslider fusion-flexslider-loading fusion-post-slideshow\" style=\"border-color:var(--awb-custom_color_6);\">\n\t\t<ul class=\"slides\">\n\t\t\t\n\t\t\t\t\t\t\t\t\t\t\t\t\t\t<li><div  class=\"fusion-image-wrapper\" aria-haspopup=\"true\">\n\t\t\t\t<img decoding=\"async\" width=\"600\" height=\"600\" src=\"https:\/\/med-br.com\/psiquiatra-brasilia\/wp-content\/uploads\/2025\/11\/MED-BR-13-1.jpg\" class=\"attachment-full size-full wp-post-image\" alt=\"MED - BR (13)\" srcset=\"https:\/\/med-br.com\/psiquiatra-brasilia\/wp-content\/uploads\/2025\/11\/MED-BR-13-1-200x200.jpg 200w, https:\/\/med-br.com\/psiquiatra-brasilia\/wp-content\/uploads\/2025\/11\/MED-BR-13-1-400x400.jpg 400w, https:\/\/med-br.com\/psiquiatra-brasilia\/wp-content\/uploads\/2025\/11\/MED-BR-13-1.jpg 600w\" sizes=\"(min-width: 2200px) 100vw, (min-width: 856px) 285px, (min-width: 784px) 380px, (min-width: 712px) 570px, (min-width: 640px) 712px, \" title=\"\"><div class=\"fusion-rollover\">\n\t<div class=\"fusion-rollover-content\">\n\n\t\t\t\t\t\t\t\t\t\t\t\t\t\t<a class=\"fusion-rollover-link\" href=\"https:\/\/med-br.com\/psiquiatra-brasilia\/impugnar-laudo-psiquiatrico\/\">Como Impugnar um Laudo Pericial Psiqui\u00e1trico? O Poder do Parecer Cr\u00edtico<\/a>\n\t\t\t\n\t\t\t\t\t\t\t\t\t\t\t\t\t\t\n\t\t\t\t\t\t\t\t\n\t\t\t\t\t\t\t\t\t\t\t\t\t<div class=\"fusion-rollover-sep\"><\/div>\n\t\t\t\t\n\t\t\t\t\t\t\t\t\t\t\t\t\t\t\t\t\t\t<a class=\"fusion-rollover-gallery\" href=\"https:\/\/med-br.com\/psiquiatra-brasilia\/wp-content\/uploads\/2025\/11\/MED-BR-13-1.jpg\" data-options=\"\" data-id=\"2002\" data-rel=\"iLightbox[gallery]\" data-title=\"MED - BR (13)\" data-caption=\"\">\n\t\t\t\t\t\tGaleria\t\t\t\t\t<\/a>\n\t\t\t\t\t\t\t\t\t\t\t\t\t\t\n\t\t\n\t\t\t\t\t\t\t\t\t\t\t\t<h4 class=\"fusion-rollover-title\">\n\t\t\t\t\t<a class=\"fusion-rollover-title-link\" href=\"https:\/\/med-br.com\/psiquiatra-brasilia\/impugnar-laudo-psiquiatrico\/\">\n\t\t\t\t\t\tComo Impugnar um Laudo Pericial Psiqui\u00e1trico? O Poder do Parecer Cr\u00edtico\t\t\t\t\t<\/a>\n\t\t\t\t<\/h4>\n\t\t\t\n\t\t\t\t\t\t\t\t\t\t<div class=\"fusion-rollover-categories\"><a href=\"https:\/\/med-br.com\/psiquiatra-brasilia\/category\/pareceres-tecnicos-e-jurisprudencia\/\" rel=\"tag\">Pareceres T\u00e9cnicos e Jurisprud\u00eancia<\/a><\/div>\t\t\t\t\t\n\t\t\n\t\t\t\t\t\t<a class=\"fusion-link-wrapper\" href=\"https:\/\/med-br.com\/psiquiatra-brasilia\/impugnar-laudo-psiquiatrico\/\" aria-label=\"Como Impugnar um Laudo Pericial Psiqui\u00e1trico? O Poder do Parecer Cr\u00edtico\"><\/a>\n\t<\/div>\n<\/div>\n<\/div>\n<\/li>\n\t\t\t\n\t\t\t\n\t\t\t\t\t\t\t\t<\/ul>\n\t<\/div>\n\t<div class=\"fusion-post-content-wrapper\" style=\"padding:10px 10px 10px 10px;\"><div class=\"fusion-post-content post-content\"><h2 class=\"blog-shortcode-post-title entry-title\"><a href=\"https:\/\/med-br.com\/psiquiatra-brasilia\/impugnar-laudo-psiquiatrico\/\">Como Impugnar um Laudo Pericial Psiqui\u00e1trico? O Poder do Parecer Cr\u00edtico<\/a><\/h2><div class=\"fusion-content-sep sep-none\"><\/div><\/div><div class=\"fusion-meta-info\"><div class=\"fusion-aligncenter\"><a class=\"fusion-read-more\" href=\"https:\/\/med-br.com\/psiquiatra-brasilia\/impugnar-laudo-psiquiatrico\/\" aria-label=\"More on Como Impugnar um Laudo Pericial Psiqui\u00e1trico? O Poder do Parecer Cr\u00edtico\">Ler Mais<\/a><\/div><\/div><\/div><div class=\"fusion-clearfix\"><\/div><\/div>\n<\/article>\n<article id=\"blog-1-post-1002\" class=\"fusion-post-grid post-1002 post type-post status-publish format-standard has-post-thumbnail hentry category-psiquiatria-forense-e-pericias-medicas tag-incidente-de-insanidade-mental tag-medida-de-seguranca tag-psicose-e-crime tag-semi-imputavel\">\n<div class=\"fusion-post-wrapper\" style=\"background-color:rgba(255,255,255,1);border:1px solid var(--awb-custom_color_6);border-bottom-width:3px;\">\n\n\t\t\t<div class=\"fusion-flexslider flexslider fusion-flexslider-loading fusion-post-slideshow\" style=\"border-color:var(--awb-custom_color_6);\">\n\t\t<ul class=\"slides\">\n\t\t\t\n\t\t\t\t\t\t\t\t\t\t\t\t\t\t<li><div  class=\"fusion-image-wrapper\" aria-haspopup=\"true\">\n\t\t\t\t<img decoding=\"async\" width=\"600\" height=\"600\" src=\"https:\/\/med-br.com\/psiquiatra-brasilia\/wp-content\/uploads\/2025\/11\/MED-BR-36-1.jpg\" class=\"attachment-full size-full wp-post-image\" alt=\"MED - BR (36)\" srcset=\"https:\/\/med-br.com\/psiquiatra-brasilia\/wp-content\/uploads\/2025\/11\/MED-BR-36-1-200x200.jpg 200w, https:\/\/med-br.com\/psiquiatra-brasilia\/wp-content\/uploads\/2025\/11\/MED-BR-36-1-400x400.jpg 400w, https:\/\/med-br.com\/psiquiatra-brasilia\/wp-content\/uploads\/2025\/11\/MED-BR-36-1.jpg 600w\" sizes=\"(min-width: 2200px) 100vw, (min-width: 856px) 285px, (min-width: 784px) 380px, (min-width: 712px) 570px, (min-width: 640px) 712px, \" title=\"\"><div class=\"fusion-rollover\">\n\t<div class=\"fusion-rollover-content\">\n\n\t\t\t\t\t\t\t\t\t\t\t\t\t\t<a class=\"fusion-rollover-link\" href=\"https:\/\/med-br.com\/psiquiatra-brasilia\/inimputabilidade-penal\/\">Inimputabilidade Penal: Quando a Doen\u00e7a Mental Isenta de Pena? An\u00e1lise Especializada<\/a>\n\t\t\t\n\t\t\t\t\t\t\t\t\t\t\t\t\t\t\n\t\t\t\t\t\t\t\t\n\t\t\t\t\t\t\t\t\t\t\t\t\t<div class=\"fusion-rollover-sep\"><\/div>\n\t\t\t\t\n\t\t\t\t\t\t\t\t\t\t\t\t\t\t\t\t\t\t<a class=\"fusion-rollover-gallery\" href=\"https:\/\/med-br.com\/psiquiatra-brasilia\/wp-content\/uploads\/2025\/11\/MED-BR-36-1.jpg\" data-options=\"\" data-id=\"1002\" data-rel=\"iLightbox[gallery]\" data-title=\"MED - BR (36)\" data-caption=\"\">\n\t\t\t\t\t\tGaleria\t\t\t\t\t<\/a>\n\t\t\t\t\t\t\t\t\t\t\t\t\t\t\n\t\t\n\t\t\t\t\t\t\t\t\t\t\t\t<h4 class=\"fusion-rollover-title\">\n\t\t\t\t\t<a class=\"fusion-rollover-title-link\" href=\"https:\/\/med-br.com\/psiquiatra-brasilia\/inimputabilidade-penal\/\">\n\t\t\t\t\t\tInimputabilidade Penal: Quando a Doen\u00e7a Mental Isenta de Pena? An\u00e1lise Especializada\t\t\t\t\t<\/a>\n\t\t\t\t<\/h4>\n\t\t\t\n\t\t\t\t\t\t\t\t\t\t<div class=\"fusion-rollover-categories\"><a href=\"https:\/\/med-br.com\/psiquiatra-brasilia\/category\/psiquiatria-forense-e-pericias-medicas\/\" rel=\"tag\">Psiquiatria Forense e Per\u00edcias M\u00e9dicas<\/a><\/div>\t\t\t\t\t\n\t\t\n\t\t\t\t\t\t<a class=\"fusion-link-wrapper\" href=\"https:\/\/med-br.com\/psiquiatra-brasilia\/inimputabilidade-penal\/\" aria-label=\"Inimputabilidade Penal: Quando a Doen\u00e7a Mental Isenta de Pena? An\u00e1lise Especializada\"><\/a>\n\t<\/div>\n<\/div>\n<\/div>\n<\/li>\n\t\t\t\n\t\t\t\n\t\t\t\t\t\t\t\t<\/ul>\n\t<\/div>\n\t<div class=\"fusion-post-content-wrapper\" style=\"padding:10px 10px 10px 10px;\"><div class=\"fusion-post-content post-content\"><h2 class=\"blog-shortcode-post-title entry-title\"><a href=\"https:\/\/med-br.com\/psiquiatra-brasilia\/inimputabilidade-penal\/\">Inimputabilidade Penal: Quando a Doen\u00e7a Mental Isenta de Pena? An\u00e1lise Especializada<\/a><\/h2><div class=\"fusion-content-sep sep-none\"><\/div><\/div><div class=\"fusion-meta-info\"><div class=\"fusion-aligncenter\"><a class=\"fusion-read-more\" href=\"https:\/\/med-br.com\/psiquiatra-brasilia\/inimputabilidade-penal\/\" aria-label=\"More on Inimputabilidade Penal: Quando a Doen\u00e7a Mental Isenta de Pena? An\u00e1lise Especializada\">Ler Mais<\/a><\/div><\/div><\/div><div class=\"fusion-clearfix\"><\/div><\/div>\n<\/article>\n<article id=\"blog-1-post-2001\" class=\"fusion-post-grid post-2001 post type-post status-publish format-standard has-post-thumbnail hentry category-pareceres-tecnicos-e-jurisprudencia tag-artigo-477-cpc tag-assistencia-tecnica-judicial tag-critica-de-laudo tag-laudo-divergente\">\n<div class=\"fusion-post-wrapper\" style=\"background-color:rgba(255,255,255,1);border:1px solid var(--awb-custom_color_6);border-bottom-width:3px;\">\n\n\t\t\t<div class=\"fusion-flexslider flexslider fusion-flexslider-loading fusion-post-slideshow\" style=\"border-color:var(--awb-custom_color_6);\">\n\t\t<ul class=\"slides\">\n\t\t\t\n\t\t\t\t\t\t\t\t\t\t\t\t\t\t<li><div  class=\"fusion-image-wrapper\" aria-haspopup=\"true\">\n\t\t\t\t<img decoding=\"async\" width=\"600\" height=\"600\" src=\"https:\/\/med-br.com\/psiquiatra-brasilia\/wp-content\/uploads\/2025\/11\/MED-BR-21-1.jpg\" class=\"attachment-full size-full wp-post-image\" alt=\"MED - BR (21)\" srcset=\"https:\/\/med-br.com\/psiquiatra-brasilia\/wp-content\/uploads\/2025\/11\/MED-BR-21-1-200x200.jpg 200w, https:\/\/med-br.com\/psiquiatra-brasilia\/wp-content\/uploads\/2025\/11\/MED-BR-21-1-400x400.jpg 400w, https:\/\/med-br.com\/psiquiatra-brasilia\/wp-content\/uploads\/2025\/11\/MED-BR-21-1.jpg 600w\" sizes=\"(min-width: 2200px) 100vw, (min-width: 856px) 285px, (min-width: 784px) 380px, (min-width: 712px) 570px, (min-width: 640px) 712px, \" title=\"\"><div class=\"fusion-rollover\">\n\t<div class=\"fusion-rollover-content\">\n\n\t\t\t\t\t\t\t\t\t\t\t\t\t\t<a class=\"fusion-rollover-link\" href=\"https:\/\/med-br.com\/psiquiatra-brasilia\/parecer-tecnico-psiquiatria-guia\/\">Parecer T\u00e9cnico em Psiquiatria: O Documento que Pode Reverter Senten\u00e7as e Laudos<\/a>\n\t\t\t\n\t\t\t\t\t\t\t\t\t\t\t\t\t\t\n\t\t\t\t\t\t\t\t\n\t\t\t\t\t\t\t\t\t\t\t\t\t<div class=\"fusion-rollover-sep\"><\/div>\n\t\t\t\t\n\t\t\t\t\t\t\t\t\t\t\t\t\t\t\t\t\t\t<a class=\"fusion-rollover-gallery\" href=\"https:\/\/med-br.com\/psiquiatra-brasilia\/wp-content\/uploads\/2025\/11\/MED-BR-21-1.jpg\" data-options=\"\" data-id=\"2001\" data-rel=\"iLightbox[gallery]\" data-title=\"MED - BR (21)\" data-caption=\"\">\n\t\t\t\t\t\tGaleria\t\t\t\t\t<\/a>\n\t\t\t\t\t\t\t\t\t\t\t\t\t\t\n\t\t\n\t\t\t\t\t\t\t\t\t\t\t\t<h4 class=\"fusion-rollover-title\">\n\t\t\t\t\t<a class=\"fusion-rollover-title-link\" href=\"https:\/\/med-br.com\/psiquiatra-brasilia\/parecer-tecnico-psiquiatria-guia\/\">\n\t\t\t\t\t\tParecer T\u00e9cnico em Psiquiatria: O Documento que Pode Reverter Senten\u00e7as e Laudos\t\t\t\t\t<\/a>\n\t\t\t\t<\/h4>\n\t\t\t\n\t\t\t\t\t\t\t\t\t\t<div class=\"fusion-rollover-categories\"><a href=\"https:\/\/med-br.com\/psiquiatra-brasilia\/category\/pareceres-tecnicos-e-jurisprudencia\/\" rel=\"tag\">Pareceres T\u00e9cnicos e Jurisprud\u00eancia<\/a><\/div>\t\t\t\t\t\n\t\t\n\t\t\t\t\t\t<a class=\"fusion-link-wrapper\" href=\"https:\/\/med-br.com\/psiquiatra-brasilia\/parecer-tecnico-psiquiatria-guia\/\" aria-label=\"Parecer T\u00e9cnico em Psiquiatria: O Documento que Pode Reverter Senten\u00e7as e Laudos\"><\/a>\n\t<\/div>\n<\/div>\n<\/div>\n<\/li>\n\t\t\t\n\t\t\t\n\t\t\t\t\t\t\t\t<\/ul>\n\t<\/div>\n\t<div class=\"fusion-post-content-wrapper\" style=\"padding:10px 10px 10px 10px;\"><div class=\"fusion-post-content post-content\"><h2 class=\"blog-shortcode-post-title entry-title\"><a href=\"https:\/\/med-br.com\/psiquiatra-brasilia\/parecer-tecnico-psiquiatria-guia\/\">Parecer T\u00e9cnico em Psiquiatria: O Documento que Pode Reverter Senten\u00e7as e Laudos<\/a><\/h2><div class=\"fusion-content-sep sep-none\"><\/div><\/div><div class=\"fusion-meta-info\"><div class=\"fusion-aligncenter\"><a class=\"fusion-read-more\" href=\"https:\/\/med-br.com\/psiquiatra-brasilia\/parecer-tecnico-psiquiatria-guia\/\" aria-label=\"More on Parecer T\u00e9cnico em Psiquiatria: O Documento que Pode Reverter Senten\u00e7as e Laudos\">Ler Mais<\/a><\/div><\/div><\/div><div class=\"fusion-clearfix\"><\/div><\/div>\n<\/article>\n<article id=\"blog-1-post-1001\" class=\"fusion-post-grid post-1001 post type-post status-publish format-standard has-post-thumbnail hentry category-psiquiatria-forense-e-pericias-medicas tag-assistente-tecnico-judicial tag-laudo-pericial tag-medicina-legal tag-pericia-psiquiatrica\">\n<div class=\"fusion-post-wrapper\" style=\"background-color:rgba(255,255,255,1);border:1px solid var(--awb-custom_color_6);border-bottom-width:3px;\">\n\n\t\t\t<div class=\"fusion-flexslider flexslider fusion-flexslider-loading fusion-post-slideshow\" style=\"border-color:var(--awb-custom_color_6);\">\n\t\t<ul class=\"slides\">\n\t\t\t\n\t\t\t\t\t\t\t\t\t\t\t\t\t\t<li><div  class=\"fusion-image-wrapper\" aria-haspopup=\"true\">\n\t\t\t\t<img decoding=\"async\" width=\"600\" height=\"600\" src=\"https:\/\/med-br.com\/psiquiatra-brasilia\/wp-content\/uploads\/2025\/12\/med-br-13.jpg\" class=\"attachment-full size-full wp-post-image\" alt=\"med-br (13)\" srcset=\"https:\/\/med-br.com\/psiquiatra-brasilia\/wp-content\/uploads\/2025\/12\/med-br-13-200x200.jpg 200w, https:\/\/med-br.com\/psiquiatra-brasilia\/wp-content\/uploads\/2025\/12\/med-br-13-400x400.jpg 400w, https:\/\/med-br.com\/psiquiatra-brasilia\/wp-content\/uploads\/2025\/12\/med-br-13.jpg 600w\" sizes=\"(min-width: 2200px) 100vw, (min-width: 856px) 285px, (min-width: 784px) 380px, (min-width: 712px) 570px, (min-width: 640px) 712px, \" title=\"\"><div class=\"fusion-rollover\">\n\t<div class=\"fusion-rollover-content\">\n\n\t\t\t\t\t\t\t\t\t\t\t\t\t\t<a class=\"fusion-rollover-link\" href=\"https:\/\/med-br.com\/psiquiatra-brasilia\/psiquiatria-forense\/\">Psiquiatria Forense: O Guia Definitivo sobre Per\u00edcias e Sa\u00fade Mental na Justi\u00e7a (2025)<\/a>\n\t\t\t\n\t\t\t\t\t\t\t\t\t\t\t\t\t\t\n\t\t\t\t\t\t\t\t\n\t\t\t\t\t\t\t\t\t\t\t\t\t<div class=\"fusion-rollover-sep\"><\/div>\n\t\t\t\t\n\t\t\t\t\t\t\t\t\t\t\t\t\t\t\t\t\t\t<a class=\"fusion-rollover-gallery\" href=\"https:\/\/med-br.com\/psiquiatra-brasilia\/wp-content\/uploads\/2025\/12\/med-br-13.jpg\" data-options=\"\" data-id=\"1001\" data-rel=\"iLightbox[gallery]\" data-title=\"med-br (13)\" data-caption=\"\">\n\t\t\t\t\t\tGaleria\t\t\t\t\t<\/a>\n\t\t\t\t\t\t\t\t\t\t\t\t\t\t\n\t\t\n\t\t\t\t\t\t\t\t\t\t\t\t<h4 class=\"fusion-rollover-title\">\n\t\t\t\t\t<a class=\"fusion-rollover-title-link\" href=\"https:\/\/med-br.com\/psiquiatra-brasilia\/psiquiatria-forense\/\">\n\t\t\t\t\t\tPsiquiatria Forense: O Guia Definitivo sobre Per\u00edcias e Sa\u00fade Mental na Justi\u00e7a (2025)\t\t\t\t\t<\/a>\n\t\t\t\t<\/h4>\n\t\t\t\n\t\t\t\t\t\t\t\t\t\t<div class=\"fusion-rollover-categories\"><a href=\"https:\/\/med-br.com\/psiquiatra-brasilia\/category\/psiquiatria-forense-e-pericias-medicas\/\" rel=\"tag\">Psiquiatria Forense e Per\u00edcias M\u00e9dicas<\/a><\/div>\t\t\t\t\t\n\t\t\n\t\t\t\t\t\t<a class=\"fusion-link-wrapper\" href=\"https:\/\/med-br.com\/psiquiatra-brasilia\/psiquiatria-forense\/\" aria-label=\"Psiquiatria Forense: O Guia Definitivo sobre Per\u00edcias e Sa\u00fade Mental na Justi\u00e7a (2025)\"><\/a>\n\t<\/div>\n<\/div>\n<\/div>\n<\/li>\n\t\t\t\n\t\t\t\n\t\t\t\t\t\t\t\t<\/ul>\n\t<\/div>\n\t<div class=\"fusion-post-content-wrapper\" style=\"padding:10px 10px 10px 10px;\"><div class=\"fusion-post-content post-content\"><h2 class=\"blog-shortcode-post-title entry-title\"><a href=\"https:\/\/med-br.com\/psiquiatra-brasilia\/psiquiatria-forense\/\">Psiquiatria Forense: O Guia Definitivo sobre Per\u00edcias e Sa\u00fade Mental na Justi\u00e7a (2025)<\/a><\/h2><div class=\"fusion-content-sep sep-none\"><\/div><\/div><div class=\"fusion-meta-info\"><div class=\"fusion-aligncenter\"><a class=\"fusion-read-more\" href=\"https:\/\/med-br.com\/psiquiatra-brasilia\/psiquiatria-forense\/\" aria-label=\"More on Psiquiatria Forense: O Guia Definitivo sobre Per\u00edcias e Sa\u00fade Mental na Justi\u00e7a (2025)\">Ler Mais<\/a><\/div><\/div><\/div><div class=\"fusion-clearfix\"><\/div><\/div>\n<\/article>\n<article id=\"blog-1-post-14897\" class=\"fusion-post-grid post-14897 post type-post status-publish format-standard has-post-thumbnail hentry category-midia-etica-psicopatologia category-psicopatologia\">\n<div class=\"fusion-post-wrapper\" style=\"background-color:rgba(255,255,255,1);border:1px solid var(--awb-custom_color_6);border-bottom-width:3px;\">\n\n\t\t\t<div class=\"fusion-flexslider flexslider fusion-flexslider-loading fusion-post-slideshow\" style=\"border-color:var(--awb-custom_color_6);\">\n\t\t<ul class=\"slides\">\n\t\t\t\n\t\t\t\t\t\t\t\t\t\t\t\t\t\t<li><div  class=\"fusion-image-wrapper\" aria-haspopup=\"true\">\n\t\t\t\t<img decoding=\"async\" width=\"600\" height=\"391\" src=\"https:\/\/med-br.com\/psiquiatra-brasilia\/wp-content\/uploads\/2025\/11\/MED-BR-41-1.jpg\" class=\"attachment-full size-full wp-post-image\" alt=\"MED - BR (41)\" srcset=\"https:\/\/med-br.com\/psiquiatra-brasilia\/wp-content\/uploads\/2025\/11\/MED-BR-41-1-200x130.jpg 200w, https:\/\/med-br.com\/psiquiatra-brasilia\/wp-content\/uploads\/2025\/11\/MED-BR-41-1-400x261.jpg 400w, https:\/\/med-br.com\/psiquiatra-brasilia\/wp-content\/uploads\/2025\/11\/MED-BR-41-1.jpg 600w\" sizes=\"(min-width: 2200px) 100vw, (min-width: 856px) 285px, (min-width: 784px) 380px, (min-width: 712px) 570px, (min-width: 640px) 712px, \" title=\"\"><div class=\"fusion-rollover\">\n\t<div class=\"fusion-rollover-content\">\n\n\t\t\t\t\t\t\t\t\t\t\t\t\t\t<a class=\"fusion-rollover-link\" href=\"https:\/\/med-br.com\/psiquiatra-brasilia\/comunicacao-de-risco\/\">Comunica\u00e7\u00e3o de Risco: Como a M\u00eddia Pode Prevenir o Efeito &#8220;Copycat&#8221;<\/a>\n\t\t\t\n\t\t\t\t\t\t\t\t\t\t\t\t\t\t\n\t\t\t\t\t\t\t\t\n\t\t\t\t\t\t\t\t\t\t\t\t\t<div class=\"fusion-rollover-sep\"><\/div>\n\t\t\t\t\n\t\t\t\t\t\t\t\t\t\t\t\t\t\t\t\t\t\t<a class=\"fusion-rollover-gallery\" href=\"https:\/\/med-br.com\/psiquiatra-brasilia\/wp-content\/uploads\/2025\/11\/MED-BR-41-1.jpg\" data-options=\"\" data-id=\"14897\" data-rel=\"iLightbox[gallery]\" data-title=\"MED - BR (41)\" data-caption=\"\">\n\t\t\t\t\t\tGaleria\t\t\t\t\t<\/a>\n\t\t\t\t\t\t\t\t\t\t\t\t\t\t\n\t\t\n\t\t\t\t\t\t\t\t\t\t\t\t<h4 class=\"fusion-rollover-title\">\n\t\t\t\t\t<a class=\"fusion-rollover-title-link\" href=\"https:\/\/med-br.com\/psiquiatra-brasilia\/comunicacao-de-risco\/\">\n\t\t\t\t\t\tComunica\u00e7\u00e3o de Risco: Como a M\u00eddia Pode Prevenir o Efeito &#8220;Copycat&#8221;\t\t\t\t\t<\/a>\n\t\t\t\t<\/h4>\n\t\t\t\n\t\t\t\t\t\t\t\t\t\t<div class=\"fusion-rollover-categories\"><a href=\"https:\/\/med-br.com\/psiquiatra-brasilia\/category\/psicopatologia\/midia-etica-psicopatologia\/\" rel=\"tag\">M\u00eddia \u00e9tica<\/a>, <a href=\"https:\/\/med-br.com\/psiquiatra-brasilia\/category\/psicopatologia\/\" rel=\"tag\">Psicopatologia<\/a><\/div>\t\t\t\t\t\n\t\t\n\t\t\t\t\t\t<a class=\"fusion-link-wrapper\" href=\"https:\/\/med-br.com\/psiquiatra-brasilia\/comunicacao-de-risco\/\" aria-label=\"Comunica\u00e7\u00e3o de Risco: Como a M\u00eddia Pode Prevenir o Efeito &#8220;Copycat&#8221;\"><\/a>\n\t<\/div>\n<\/div>\n<\/div>\n<\/li>\n\t\t\t\n\t\t\t\n\t\t\t\t\t\t\t\t<\/ul>\n\t<\/div>\n\t<div class=\"fusion-post-content-wrapper\" style=\"padding:10px 10px 10px 10px;\"><div class=\"fusion-post-content post-content\"><h2 class=\"blog-shortcode-post-title entry-title\"><a href=\"https:\/\/med-br.com\/psiquiatra-brasilia\/comunicacao-de-risco\/\">Comunica\u00e7\u00e3o de Risco: Como a M\u00eddia Pode Prevenir o Efeito &#8220;Copycat&#8221;<\/a><\/h2><div class=\"fusion-content-sep sep-none\"><\/div><\/div><div class=\"fusion-meta-info\"><div class=\"fusion-aligncenter\"><a class=\"fusion-read-more\" href=\"https:\/\/med-br.com\/psiquiatra-brasilia\/comunicacao-de-risco\/\" aria-label=\"More on Comunica\u00e7\u00e3o de Risco: Como a M\u00eddia Pode Prevenir o Efeito &#8220;Copycat&#8221;\">Ler Mais<\/a><\/div><\/div><\/div><div class=\"fusion-clearfix\"><\/div><\/div>\n<\/article>\n<article id=\"blog-1-post-14895\" class=\"fusion-post-grid post-14895 post type-post status-publish format-standard has-post-thumbnail hentry category-midia-etica-psicopatologia\">\n<div class=\"fusion-post-wrapper\" style=\"background-color:rgba(255,255,255,1);border:1px solid var(--awb-custom_color_6);border-bottom-width:3px;\">\n\n\t\t\t<div class=\"fusion-flexslider flexslider fusion-flexslider-loading fusion-post-slideshow\" style=\"border-color:var(--awb-custom_color_6);\">\n\t\t<ul class=\"slides\">\n\t\t\t\n\t\t\t\t\t\t\t\t\t\t\t\t\t\t<li><div  class=\"fusion-image-wrapper\" aria-haspopup=\"true\">\n\t\t\t\t<img decoding=\"async\" width=\"600\" height=\"600\" src=\"https:\/\/med-br.com\/psiquiatra-brasilia\/wp-content\/uploads\/2025\/11\/MED-BR-27-1.jpg\" class=\"attachment-full size-full wp-post-image\" alt=\"MED - BR (27)\" srcset=\"https:\/\/med-br.com\/psiquiatra-brasilia\/wp-content\/uploads\/2025\/11\/MED-BR-27-1-200x200.jpg 200w, https:\/\/med-br.com\/psiquiatra-brasilia\/wp-content\/uploads\/2025\/11\/MED-BR-27-1-400x400.jpg 400w, https:\/\/med-br.com\/psiquiatra-brasilia\/wp-content\/uploads\/2025\/11\/MED-BR-27-1.jpg 600w\" sizes=\"(min-width: 2200px) 100vw, (min-width: 856px) 285px, (min-width: 784px) 380px, (min-width: 712px) 570px, (min-width: 640px) 712px, \" title=\"\"><div class=\"fusion-rollover\">\n\t<div class=\"fusion-rollover-content\">\n\n\t\t\t\t\t\t\t\t\t\t\t\t\t\t<a class=\"fusion-rollover-link\" href=\"https:\/\/med-br.com\/psiquiatra-brasilia\/diretrizes-eticas-para-a-midia\/\">Diretrizes \u00c9ticas para a M\u00eddia: Como Cobrir Sa\u00fade Mental e Crime<\/a>\n\t\t\t\n\t\t\t\t\t\t\t\t\t\t\t\t\t\t\n\t\t\t\t\t\t\t\t\n\t\t\t\t\t\t\t\t\t\t\t\t\t<div class=\"fusion-rollover-sep\"><\/div>\n\t\t\t\t\n\t\t\t\t\t\t\t\t\t\t\t\t\t\t\t\t\t\t<a class=\"fusion-rollover-gallery\" href=\"https:\/\/med-br.com\/psiquiatra-brasilia\/wp-content\/uploads\/2025\/11\/MED-BR-27-1.jpg\" data-options=\"\" data-id=\"14895\" data-rel=\"iLightbox[gallery]\" data-title=\"MED - BR (27)\" data-caption=\"\">\n\t\t\t\t\t\tGaleria\t\t\t\t\t<\/a>\n\t\t\t\t\t\t\t\t\t\t\t\t\t\t\n\t\t\n\t\t\t\t\t\t\t\t\t\t\t\t<h4 class=\"fusion-rollover-title\">\n\t\t\t\t\t<a class=\"fusion-rollover-title-link\" href=\"https:\/\/med-br.com\/psiquiatra-brasilia\/diretrizes-eticas-para-a-midia\/\">\n\t\t\t\t\t\tDiretrizes \u00c9ticas para a M\u00eddia: Como Cobrir Sa\u00fade Mental e Crime\t\t\t\t\t<\/a>\n\t\t\t\t<\/h4>\n\t\t\t\n\t\t\t\t\t\t\t\t\t\t<div class=\"fusion-rollover-categories\"><a href=\"https:\/\/med-br.com\/psiquiatra-brasilia\/category\/psicopatologia\/midia-etica-psicopatologia\/\" rel=\"tag\">M\u00eddia \u00e9tica<\/a><\/div>\t\t\t\t\t\n\t\t\n\t\t\t\t\t\t<a class=\"fusion-link-wrapper\" href=\"https:\/\/med-br.com\/psiquiatra-brasilia\/diretrizes-eticas-para-a-midia\/\" aria-label=\"Diretrizes \u00c9ticas para a M\u00eddia: Como Cobrir Sa\u00fade Mental e Crime\"><\/a>\n\t<\/div>\n<\/div>\n<\/div>\n<\/li>\n\t\t\t\n\t\t\t\n\t\t\t\t\t\t\t\t<\/ul>\n\t<\/div>\n\t<div class=\"fusion-post-content-wrapper\" style=\"padding:10px 10px 10px 10px;\"><div class=\"fusion-post-content post-content\"><h2 class=\"blog-shortcode-post-title entry-title\"><a href=\"https:\/\/med-br.com\/psiquiatra-brasilia\/diretrizes-eticas-para-a-midia\/\">Diretrizes \u00c9ticas para a M\u00eddia: Como Cobrir Sa\u00fade Mental e Crime<\/a><\/h2><div class=\"fusion-content-sep sep-none\"><\/div><\/div><div class=\"fusion-meta-info\"><div class=\"fusion-aligncenter\"><a class=\"fusion-read-more\" href=\"https:\/\/med-br.com\/psiquiatra-brasilia\/diretrizes-eticas-para-a-midia\/\" aria-label=\"More on Diretrizes \u00c9ticas para a M\u00eddia: Como Cobrir Sa\u00fade Mental e Crime\">Ler Mais<\/a><\/div><\/div><\/div><div class=\"fusion-clearfix\"><\/div><\/div>\n<\/article>\n<article id=\"blog-1-post-14893\" class=\"fusion-post-grid post-14893 post type-post status-publish format-standard has-post-thumbnail hentry category-psiquiatra-forense\">\n<div class=\"fusion-post-wrapper\" style=\"background-color:rgba(255,255,255,1);border:1px solid var(--awb-custom_color_6);border-bottom-width:3px;\">\n\n\t\t\t<div class=\"fusion-flexslider flexslider fusion-flexslider-loading fusion-post-slideshow\" style=\"border-color:var(--awb-custom_color_6);\">\n\t\t<ul class=\"slides\">\n\t\t\t\n\t\t\t\t\t\t\t\t\t\t\t\t\t\t<li><div  class=\"fusion-image-wrapper\" aria-haspopup=\"true\">\n\t\t\t\t<img decoding=\"async\" width=\"600\" height=\"600\" src=\"https:\/\/med-br.com\/psiquiatra-brasilia\/wp-content\/uploads\/2025\/11\/MED-BR-23-1.jpg\" class=\"attachment-full size-full wp-post-image\" alt=\"MED - BR (23)\" srcset=\"https:\/\/med-br.com\/psiquiatra-brasilia\/wp-content\/uploads\/2025\/11\/MED-BR-23-1-200x200.jpg 200w, https:\/\/med-br.com\/psiquiatra-brasilia\/wp-content\/uploads\/2025\/11\/MED-BR-23-1-400x400.jpg 400w, https:\/\/med-br.com\/psiquiatra-brasilia\/wp-content\/uploads\/2025\/11\/MED-BR-23-1.jpg 600w\" sizes=\"(min-width: 2200px) 100vw, (min-width: 856px) 285px, (min-width: 784px) 380px, (min-width: 712px) 570px, (min-width: 640px) 712px, \" title=\"\"><div class=\"fusion-rollover\">\n\t<div class=\"fusion-rollover-content\">\n\n\t\t\t\t\t\t\t\t\t\t\t\t\t\t<a class=\"fusion-rollover-link\" href=\"https:\/\/med-br.com\/psiquiatra-brasilia\/faq-psiquiatria-forense\/\">FAQ Psiquiatria Forense para Leigos (Mitos, Termos e Conceitos)<\/a>\n\t\t\t\n\t\t\t\t\t\t\t\t\t\t\t\t\t\t\n\t\t\t\t\t\t\t\t\n\t\t\t\t\t\t\t\t\t\t\t\t\t<div class=\"fusion-rollover-sep\"><\/div>\n\t\t\t\t\n\t\t\t\t\t\t\t\t\t\t\t\t\t\t\t\t\t\t<a class=\"fusion-rollover-gallery\" href=\"https:\/\/med-br.com\/psiquiatra-brasilia\/wp-content\/uploads\/2025\/11\/MED-BR-23-1.jpg\" data-options=\"\" data-id=\"14893\" data-rel=\"iLightbox[gallery]\" data-title=\"MED - BR (23)\" data-caption=\"\">\n\t\t\t\t\t\tGaleria\t\t\t\t\t<\/a>\n\t\t\t\t\t\t\t\t\t\t\t\t\t\t\n\t\t\n\t\t\t\t\t\t\t\t\t\t\t\t<h4 class=\"fusion-rollover-title\">\n\t\t\t\t\t<a class=\"fusion-rollover-title-link\" href=\"https:\/\/med-br.com\/psiquiatra-brasilia\/faq-psiquiatria-forense\/\">\n\t\t\t\t\t\tFAQ Psiquiatria Forense para Leigos (Mitos, Termos e Conceitos)\t\t\t\t\t<\/a>\n\t\t\t\t<\/h4>\n\t\t\t\n\t\t\t\t\t\t\t\t\t\t<div class=\"fusion-rollover-categories\"><a href=\"https:\/\/med-br.com\/psiquiatra-brasilia\/category\/psiquiatra-forense\/\" rel=\"tag\">Psiquiatra Forense<\/a><\/div>\t\t\t\t\t\n\t\t\n\t\t\t\t\t\t<a class=\"fusion-link-wrapper\" href=\"https:\/\/med-br.com\/psiquiatra-brasilia\/faq-psiquiatria-forense\/\" aria-label=\"FAQ Psiquiatria Forense para Leigos (Mitos, Termos e Conceitos)\"><\/a>\n\t<\/div>\n<\/div>\n<\/div>\n<\/li>\n\t\t\t\n\t\t\t\n\t\t\t\t\t\t\t\t<\/ul>\n\t<\/div>\n\t<div class=\"fusion-post-content-wrapper\" style=\"padding:10px 10px 10px 10px;\"><div class=\"fusion-post-content post-content\"><h2 class=\"blog-shortcode-post-title entry-title\"><a href=\"https:\/\/med-br.com\/psiquiatra-brasilia\/faq-psiquiatria-forense\/\">FAQ Psiquiatria Forense para Leigos (Mitos, Termos e Conceitos)<\/a><\/h2><div class=\"fusion-content-sep sep-none\"><\/div><\/div><div class=\"fusion-meta-info\"><div class=\"fusion-aligncenter\"><a class=\"fusion-read-more\" href=\"https:\/\/med-br.com\/psiquiatra-brasilia\/faq-psiquiatria-forense\/\" aria-label=\"More on FAQ Psiquiatria Forense para Leigos (Mitos, Termos e Conceitos)\">Ler Mais<\/a><\/div><\/div><\/div><div class=\"fusion-clearfix\"><\/div><\/div>\n<\/article>\n<article id=\"blog-1-post-14891\" class=\"fusion-post-grid post-14891 post type-post status-publish format-standard has-post-thumbnail hentry category-midia-etica-psicopatologia category-psicopatologia\">\n<div class=\"fusion-post-wrapper\" style=\"background-color:rgba(255,255,255,1);border:1px solid var(--awb-custom_color_6);border-bottom-width:3px;\">\n\n\t\t\t<div class=\"fusion-flexslider flexslider fusion-flexslider-loading fusion-post-slideshow\" style=\"border-color:var(--awb-custom_color_6);\">\n\t\t<ul class=\"slides\">\n\t\t\t\n\t\t\t\t\t\t\t\t\t\t\t\t\t\t<li><div  class=\"fusion-image-wrapper\" aria-haspopup=\"true\">\n\t\t\t\t<img decoding=\"async\" width=\"600\" height=\"600\" src=\"https:\/\/med-br.com\/psiquiatra-brasilia\/wp-content\/uploads\/2025\/11\/MED-BR-47-1.jpg\" class=\"attachment-full size-full wp-post-image\" alt=\"MED - BR (47)\" srcset=\"https:\/\/med-br.com\/psiquiatra-brasilia\/wp-content\/uploads\/2025\/11\/MED-BR-47-1-200x200.jpg 200w, https:\/\/med-br.com\/psiquiatra-brasilia\/wp-content\/uploads\/2025\/11\/MED-BR-47-1-400x400.jpg 400w, https:\/\/med-br.com\/psiquiatra-brasilia\/wp-content\/uploads\/2025\/11\/MED-BR-47-1.jpg 600w\" sizes=\"(min-width: 2200px) 100vw, (min-width: 856px) 285px, (min-width: 784px) 380px, (min-width: 712px) 570px, (min-width: 640px) 712px, \" title=\"\"><div class=\"fusion-rollover\">\n\t<div class=\"fusion-rollover-content\">\n\n\t\t\t\t\t\t\t\t\t\t\t\t\t\t<a class=\"fusion-rollover-link\" href=\"https:\/\/med-br.com\/psiquiatra-brasilia\/vinculos-abusivos-e-sinais\/\">V\u00ednculos Abusivos e Sinais de Alerta: O que &#8220;Trememb\u00e9&#8221; Ensina ao P\u00fablico<\/a>\n\t\t\t\n\t\t\t\t\t\t\t\t\t\t\t\t\t\t\n\t\t\t\t\t\t\t\t\n\t\t\t\t\t\t\t\t\t\t\t\t\t<div class=\"fusion-rollover-sep\"><\/div>\n\t\t\t\t\n\t\t\t\t\t\t\t\t\t\t\t\t\t\t\t\t\t\t<a class=\"fusion-rollover-gallery\" href=\"https:\/\/med-br.com\/psiquiatra-brasilia\/wp-content\/uploads\/2025\/11\/MED-BR-47-1.jpg\" data-options=\"\" data-id=\"14891\" data-rel=\"iLightbox[gallery]\" data-title=\"MED - BR (47)\" data-caption=\"\">\n\t\t\t\t\t\tGaleria\t\t\t\t\t<\/a>\n\t\t\t\t\t\t\t\t\t\t\t\t\t\t\n\t\t\n\t\t\t\t\t\t\t\t\t\t\t\t<h4 class=\"fusion-rollover-title\">\n\t\t\t\t\t<a class=\"fusion-rollover-title-link\" href=\"https:\/\/med-br.com\/psiquiatra-brasilia\/vinculos-abusivos-e-sinais\/\">\n\t\t\t\t\t\tV\u00ednculos Abusivos e Sinais de Alerta: O que &#8220;Trememb\u00e9&#8221; Ensina ao P\u00fablico\t\t\t\t\t<\/a>\n\t\t\t\t<\/h4>\n\t\t\t\n\t\t\t\t\t\t\t\t\t\t<div class=\"fusion-rollover-categories\"><a href=\"https:\/\/med-br.com\/psiquiatra-brasilia\/category\/psicopatologia\/midia-etica-psicopatologia\/\" rel=\"tag\">M\u00eddia \u00e9tica<\/a>, <a href=\"https:\/\/med-br.com\/psiquiatra-brasilia\/category\/psicopatologia\/\" rel=\"tag\">Psicopatologia<\/a><\/div>\t\t\t\t\t\n\t\t\n\t\t\t\t\t\t<a class=\"fusion-link-wrapper\" href=\"https:\/\/med-br.com\/psiquiatra-brasilia\/vinculos-abusivos-e-sinais\/\" aria-label=\"V\u00ednculos Abusivos e Sinais de Alerta: O que &#8220;Trememb\u00e9&#8221; Ensina ao P\u00fablico\"><\/a>\n\t<\/div>\n<\/div>\n<\/div>\n<\/li>\n\t\t\t\n\t\t\t\n\t\t\t\t\t\t\t\t<\/ul>\n\t<\/div>\n\t<div class=\"fusion-post-content-wrapper\" style=\"padding:10px 10px 10px 10px;\"><div class=\"fusion-post-content post-content\"><h2 class=\"blog-shortcode-post-title entry-title\"><a href=\"https:\/\/med-br.com\/psiquiatra-brasilia\/vinculos-abusivos-e-sinais\/\">V\u00ednculos Abusivos e Sinais de Alerta: O que &#8220;Trememb\u00e9&#8221; Ensina ao P\u00fablico<\/a><\/h2><div class=\"fusion-content-sep sep-none\"><\/div><\/div><div class=\"fusion-meta-info\"><div class=\"fusion-aligncenter\"><a class=\"fusion-read-more\" href=\"https:\/\/med-br.com\/psiquiatra-brasilia\/vinculos-abusivos-e-sinais\/\" aria-label=\"More on V\u00ednculos Abusivos e Sinais de Alerta: O que &#8220;Trememb\u00e9&#8221; Ensina ao P\u00fablico\">Ler Mais<\/a><\/div><\/div><\/div><div class=\"fusion-clearfix\"><\/div><\/div>\n<\/article>\n<article id=\"blog-1-post-14889\" class=\"fusion-post-grid post-14889 post type-post status-publish format-standard has-post-thumbnail hentry category-midia-etica-psicopatologia category-psicopatologia\">\n<div class=\"fusion-post-wrapper\" style=\"background-color:rgba(255,255,255,1);border:1px solid var(--awb-custom_color_6);border-bottom-width:3px;\">\n\n\t\t\t<div class=\"fusion-flexslider flexslider fusion-flexslider-loading fusion-post-slideshow\" style=\"border-color:var(--awb-custom_color_6);\">\n\t\t<ul class=\"slides\">\n\t\t\t\n\t\t\t\t\t\t\t\t\t\t\t\t\t\t<li><div  class=\"fusion-image-wrapper\" aria-haspopup=\"true\">\n\t\t\t\t<img decoding=\"async\" width=\"600\" height=\"505\" src=\"https:\/\/med-br.com\/psiquiatra-brasilia\/wp-content\/uploads\/2025\/11\/MED-BR-31-1.jpg\" class=\"attachment-full size-full wp-post-image\" alt=\"MED - BR (31)\" srcset=\"https:\/\/med-br.com\/psiquiatra-brasilia\/wp-content\/uploads\/2025\/11\/MED-BR-31-1-200x168.jpg 200w, https:\/\/med-br.com\/psiquiatra-brasilia\/wp-content\/uploads\/2025\/11\/MED-BR-31-1-400x337.jpg 400w, https:\/\/med-br.com\/psiquiatra-brasilia\/wp-content\/uploads\/2025\/11\/MED-BR-31-1.jpg 600w\" sizes=\"(min-width: 2200px) 100vw, (min-width: 856px) 285px, (min-width: 784px) 380px, (min-width: 712px) 570px, (min-width: 640px) 712px, \" title=\"\"><div class=\"fusion-rollover\">\n\t<div class=\"fusion-rollover-content\">\n\n\t\t\t\t\t\t\t\t\t\t\t\t\t\t<a class=\"fusion-rollover-link\" href=\"https:\/\/med-br.com\/psiquiatra-brasilia\/romantizacao-do-criminoso\/\">Romantiza\u00e7\u00e3o do Criminoso: O Impacto Psicol\u00f3gico do &#8220;True Crime&#8221;<\/a>\n\t\t\t\n\t\t\t\t\t\t\t\t\t\t\t\t\t\t\n\t\t\t\t\t\t\t\t\n\t\t\t\t\t\t\t\t\t\t\t\t\t<div class=\"fusion-rollover-sep\"><\/div>\n\t\t\t\t\n\t\t\t\t\t\t\t\t\t\t\t\t\t\t\t\t\t\t<a class=\"fusion-rollover-gallery\" href=\"https:\/\/med-br.com\/psiquiatra-brasilia\/wp-content\/uploads\/2025\/11\/MED-BR-31-1.jpg\" data-options=\"\" data-id=\"14889\" data-rel=\"iLightbox[gallery]\" data-title=\"MED - BR (31)\" data-caption=\"\">\n\t\t\t\t\t\tGaleria\t\t\t\t\t<\/a>\n\t\t\t\t\t\t\t\t\t\t\t\t\t\t\n\t\t\n\t\t\t\t\t\t\t\t\t\t\t\t<h4 class=\"fusion-rollover-title\">\n\t\t\t\t\t<a class=\"fusion-rollover-title-link\" href=\"https:\/\/med-br.com\/psiquiatra-brasilia\/romantizacao-do-criminoso\/\">\n\t\t\t\t\t\tRomantiza\u00e7\u00e3o do Criminoso: O Impacto Psicol\u00f3gico do &#8220;True Crime&#8221;\t\t\t\t\t<\/a>\n\t\t\t\t<\/h4>\n\t\t\t\n\t\t\t\t\t\t\t\t\t\t<div class=\"fusion-rollover-categories\"><a href=\"https:\/\/med-br.com\/psiquiatra-brasilia\/category\/psicopatologia\/midia-etica-psicopatologia\/\" rel=\"tag\">M\u00eddia \u00e9tica<\/a>, <a href=\"https:\/\/med-br.com\/psiquiatra-brasilia\/category\/psicopatologia\/\" rel=\"tag\">Psicopatologia<\/a><\/div>\t\t\t\t\t\n\t\t\n\t\t\t\t\t\t<a class=\"fusion-link-wrapper\" href=\"https:\/\/med-br.com\/psiquiatra-brasilia\/romantizacao-do-criminoso\/\" aria-label=\"Romantiza\u00e7\u00e3o do Criminoso: O Impacto Psicol\u00f3gico do &#8220;True Crime&#8221;\"><\/a>\n\t<\/div>\n<\/div>\n<\/div>\n<\/li>\n\t\t\t\n\t\t\t\n\t\t\t\t\t\t\t\t<\/ul>\n\t<\/div>\n\t<div class=\"fusion-post-content-wrapper\" style=\"padding:10px 10px 10px 10px;\"><div class=\"fusion-post-content post-content\"><h2 class=\"blog-shortcode-post-title entry-title\"><a href=\"https:\/\/med-br.com\/psiquiatra-brasilia\/romantizacao-do-criminoso\/\">Romantiza\u00e7\u00e3o do Criminoso: O Impacto Psicol\u00f3gico do &#8220;True Crime&#8221;<\/a><\/h2><div class=\"fusion-content-sep sep-none\"><\/div><\/div><div class=\"fusion-meta-info\"><div class=\"fusion-aligncenter\"><a class=\"fusion-read-more\" href=\"https:\/\/med-br.com\/psiquiatra-brasilia\/romantizacao-do-criminoso\/\" aria-label=\"More on Romantiza\u00e7\u00e3o do Criminoso: O Impacto Psicol\u00f3gico do &#8220;True Crime&#8221;\">Ler Mais<\/a><\/div><\/div><\/div><div class=\"fusion-clearfix\"><\/div><\/div>\n<\/article>\n<article id=\"blog-1-post-14886\" class=\"fusion-post-grid post-14886 post type-post status-publish format-standard has-post-thumbnail hentry category-midia-etica-psicopatologia\">\n<div class=\"fusion-post-wrapper\" style=\"background-color:rgba(255,255,255,1);border:1px solid var(--awb-custom_color_6);border-bottom-width:3px;\">\n\n\t\t\t<div class=\"fusion-flexslider flexslider fusion-flexslider-loading fusion-post-slideshow\" style=\"border-color:var(--awb-custom_color_6);\">\n\t\t<ul class=\"slides\">\n\t\t\t\n\t\t\t\t\t\t\t\t\t\t\t\t\t\t<li><div  class=\"fusion-image-wrapper\" aria-haspopup=\"true\">\n\t\t\t\t<img decoding=\"async\" width=\"600\" height=\"600\" src=\"https:\/\/med-br.com\/psiquiatra-brasilia\/wp-content\/uploads\/2025\/11\/MED-BR-30-1.jpg\" class=\"attachment-full size-full wp-post-image\" alt=\"MED - BR (30)\" srcset=\"https:\/\/med-br.com\/psiquiatra-brasilia\/wp-content\/uploads\/2025\/11\/MED-BR-30-1-200x200.jpg 200w, https:\/\/med-br.com\/psiquiatra-brasilia\/wp-content\/uploads\/2025\/11\/MED-BR-30-1-400x400.jpg 400w, https:\/\/med-br.com\/psiquiatra-brasilia\/wp-content\/uploads\/2025\/11\/MED-BR-30-1.jpg 600w\" sizes=\"(min-width: 2200px) 100vw, (min-width: 856px) 285px, (min-width: 784px) 380px, (min-width: 712px) 570px, (min-width: 640px) 712px, \" title=\"\"><div class=\"fusion-rollover\">\n\t<div class=\"fusion-rollover-content\">\n\n\t\t\t\t\t\t\t\t\t\t\t\t\t\t<a class=\"fusion-rollover-link\" href=\"https:\/\/med-br.com\/psiquiatra-brasilia\/retratar-psicopatia-e-violencia\/\">Como retratar psicopatia e viol\u00eancia sem desinformar: li\u00e7\u00f5es de Trememb\u00e9<\/a>\n\t\t\t\n\t\t\t\t\t\t\t\t\t\t\t\t\t\t\n\t\t\t\t\t\t\t\t\n\t\t\t\t\t\t\t\t\t\t\t\t\t<div class=\"fusion-rollover-sep\"><\/div>\n\t\t\t\t\n\t\t\t\t\t\t\t\t\t\t\t\t\t\t\t\t\t\t<a class=\"fusion-rollover-gallery\" href=\"https:\/\/med-br.com\/psiquiatra-brasilia\/wp-content\/uploads\/2025\/11\/MED-BR-30-1.jpg\" data-options=\"\" data-id=\"14886\" data-rel=\"iLightbox[gallery]\" data-title=\"MED - BR (30)\" data-caption=\"\">\n\t\t\t\t\t\tGaleria\t\t\t\t\t<\/a>\n\t\t\t\t\t\t\t\t\t\t\t\t\t\t\n\t\t\n\t\t\t\t\t\t\t\t\t\t\t\t<h4 class=\"fusion-rollover-title\">\n\t\t\t\t\t<a class=\"fusion-rollover-title-link\" href=\"https:\/\/med-br.com\/psiquiatra-brasilia\/retratar-psicopatia-e-violencia\/\">\n\t\t\t\t\t\tComo retratar psicopatia e viol\u00eancia sem desinformar: li\u00e7\u00f5es de Trememb\u00e9\t\t\t\t\t<\/a>\n\t\t\t\t<\/h4>\n\t\t\t\n\t\t\t\t\t\t\t\t\t\t<div class=\"fusion-rollover-categories\"><a href=\"https:\/\/med-br.com\/psiquiatra-brasilia\/category\/psicopatologia\/midia-etica-psicopatologia\/\" rel=\"tag\">M\u00eddia \u00e9tica<\/a><\/div>\t\t\t\t\t\n\t\t\n\t\t\t\t\t\t<a class=\"fusion-link-wrapper\" href=\"https:\/\/med-br.com\/psiquiatra-brasilia\/retratar-psicopatia-e-violencia\/\" aria-label=\"Como retratar psicopatia e viol\u00eancia sem desinformar: li\u00e7\u00f5es de Trememb\u00e9\"><\/a>\n\t<\/div>\n<\/div>\n<\/div>\n<\/li>\n\t\t\t\n\t\t\t\n\t\t\t\t\t\t\t\t<\/ul>\n\t<\/div>\n\t<div class=\"fusion-post-content-wrapper\" style=\"padding:10px 10px 10px 10px;\"><div class=\"fusion-post-content post-content\"><h2 class=\"blog-shortcode-post-title entry-title\"><a href=\"https:\/\/med-br.com\/psiquiatra-brasilia\/retratar-psicopatia-e-violencia\/\">Como retratar psicopatia e viol\u00eancia sem desinformar: li\u00e7\u00f5es de Trememb\u00e9<\/a><\/h2><div class=\"fusion-content-sep sep-none\"><\/div><\/div><div class=\"fusion-meta-info\"><div class=\"fusion-aligncenter\"><a class=\"fusion-read-more\" href=\"https:\/\/med-br.com\/psiquiatra-brasilia\/retratar-psicopatia-e-violencia\/\" aria-label=\"More on Como retratar psicopatia e viol\u00eancia sem desinformar: li\u00e7\u00f5es de Trememb\u00e9\">Ler Mais<\/a><\/div><\/div><\/div><div class=\"fusion-clearfix\"><\/div><\/div>\n<\/article>\n<article id=\"blog-1-post-14884\" class=\"fusion-post-grid post-14884 post type-post status-publish format-standard has-post-thumbnail hentry category-psiquiatra-forense\">\n<div class=\"fusion-post-wrapper\" style=\"background-color:rgba(255,255,255,1);border:1px solid var(--awb-custom_color_6);border-bottom-width:3px;\">\n\n\t\t\t<div class=\"fusion-flexslider flexslider fusion-flexslider-loading fusion-post-slideshow\" style=\"border-color:var(--awb-custom_color_6);\">\n\t\t<ul class=\"slides\">\n\t\t\t\n\t\t\t\t\t\t\t\t\t\t\t\t\t\t<li><div  class=\"fusion-image-wrapper\" aria-haspopup=\"true\">\n\t\t\t\t<img decoding=\"async\" width=\"600\" height=\"600\" src=\"https:\/\/med-br.com\/psiquiatra-brasilia\/wp-content\/uploads\/2025\/11\/MED-BR-44-1.jpg\" class=\"attachment-full size-full wp-post-image\" alt=\"MED - BR (44)\" srcset=\"https:\/\/med-br.com\/psiquiatra-brasilia\/wp-content\/uploads\/2025\/11\/MED-BR-44-1-200x200.jpg 200w, https:\/\/med-br.com\/psiquiatra-brasilia\/wp-content\/uploads\/2025\/11\/MED-BR-44-1-400x400.jpg 400w, https:\/\/med-br.com\/psiquiatra-brasilia\/wp-content\/uploads\/2025\/11\/MED-BR-44-1.jpg 600w\" sizes=\"(min-width: 2200px) 100vw, (min-width: 856px) 285px, (min-width: 784px) 380px, (min-width: 712px) 570px, (min-width: 640px) 712px, \" title=\"\"><div class=\"fusion-rollover\">\n\t<div class=\"fusion-rollover-content\">\n\n\t\t\t\t\t\t\t\t\t\t\t\t\t\t<a class=\"fusion-rollover-link\" href=\"https:\/\/med-br.com\/psiquiatra-brasilia\/psicopatia-tem-tratamento\/\">Psicopatia tem &#8220;Tratamento&#8221;? O Manejo Cl\u00ednico e os Limites da Terapia no Contexto Forense<\/a>\n\t\t\t\n\t\t\t\t\t\t\t\t\t\t\t\t\t\t\n\t\t\t\t\t\t\t\t\n\t\t\t\t\t\t\t\t\t\t\t\t\t<div class=\"fusion-rollover-sep\"><\/div>\n\t\t\t\t\n\t\t\t\t\t\t\t\t\t\t\t\t\t\t\t\t\t\t<a class=\"fusion-rollover-gallery\" href=\"https:\/\/med-br.com\/psiquiatra-brasilia\/wp-content\/uploads\/2025\/11\/MED-BR-44-1.jpg\" data-options=\"\" data-id=\"14884\" data-rel=\"iLightbox[gallery]\" data-title=\"MED - BR (44)\" data-caption=\"\">\n\t\t\t\t\t\tGaleria\t\t\t\t\t<\/a>\n\t\t\t\t\t\t\t\t\t\t\t\t\t\t\n\t\t\n\t\t\t\t\t\t\t\t\t\t\t\t<h4 class=\"fusion-rollover-title\">\n\t\t\t\t\t<a class=\"fusion-rollover-title-link\" href=\"https:\/\/med-br.com\/psiquiatra-brasilia\/psicopatia-tem-tratamento\/\">\n\t\t\t\t\t\tPsicopatia tem &#8220;Tratamento&#8221;? O Manejo Cl\u00ednico e os Limites da Terapia no Contexto Forense\t\t\t\t\t<\/a>\n\t\t\t\t<\/h4>\n\t\t\t\n\t\t\t\t\t\t\t\t\t\t<div class=\"fusion-rollover-categories\"><a href=\"https:\/\/med-br.com\/psiquiatra-brasilia\/category\/psiquiatra-forense\/\" rel=\"tag\">Psiquiatra Forense<\/a><\/div>\t\t\t\t\t\n\t\t\n\t\t\t\t\t\t<a class=\"fusion-link-wrapper\" href=\"https:\/\/med-br.com\/psiquiatra-brasilia\/psicopatia-tem-tratamento\/\" aria-label=\"Psicopatia tem &#8220;Tratamento&#8221;? O Manejo Cl\u00ednico e os Limites da Terapia no Contexto Forense\"><\/a>\n\t<\/div>\n<\/div>\n<\/div>\n<\/li>\n\t\t\t\n\t\t\t\n\t\t\t\t\t\t\t\t<\/ul>\n\t<\/div>\n\t<div class=\"fusion-post-content-wrapper\" style=\"padding:10px 10px 10px 10px;\"><div class=\"fusion-post-content post-content\"><h2 class=\"blog-shortcode-post-title entry-title\"><a href=\"https:\/\/med-br.com\/psiquiatra-brasilia\/psicopatia-tem-tratamento\/\">Psicopatia tem &#8220;Tratamento&#8221;? O Manejo Cl\u00ednico e os Limites da Terapia no Contexto Forense<\/a><\/h2><div class=\"fusion-content-sep sep-none\"><\/div><\/div><div class=\"fusion-meta-info\"><div class=\"fusion-aligncenter\"><a class=\"fusion-read-more\" href=\"https:\/\/med-br.com\/psiquiatra-brasilia\/psicopatia-tem-tratamento\/\" aria-label=\"More on Psicopatia tem &#8220;Tratamento&#8221;? O Manejo Cl\u00ednico e os Limites da Terapia no Contexto Forense\">Ler Mais<\/a><\/div><\/div><\/div><div class=\"fusion-clearfix\"><\/div><\/div>\n<\/article>\n<article id=\"blog-1-post-14881\" class=\"fusion-post-grid post-14881 post type-post status-publish format-standard has-post-thumbnail hentry category-psiquiatra-forense\">\n<div class=\"fusion-post-wrapper\" style=\"background-color:rgba(255,255,255,1);border:1px solid var(--awb-custom_color_6);border-bottom-width:3px;\">\n\n\t\t\t<div class=\"fusion-flexslider flexslider fusion-flexslider-loading fusion-post-slideshow\" style=\"border-color:var(--awb-custom_color_6);\">\n\t\t<ul class=\"slides\">\n\t\t\t\n\t\t\t\t\t\t\t\t\t\t\t\t\t\t<li><div  class=\"fusion-image-wrapper\" aria-haspopup=\"true\">\n\t\t\t\t<img decoding=\"async\" width=\"600\" height=\"600\" src=\"https:\/\/med-br.com\/psiquiatra-brasilia\/wp-content\/uploads\/2025\/11\/MED-BR-34-1.jpg\" class=\"attachment-full size-full wp-post-image\" alt=\"MED - BR (34)\" srcset=\"https:\/\/med-br.com\/psiquiatra-brasilia\/wp-content\/uploads\/2025\/11\/MED-BR-34-1-200x200.jpg 200w, https:\/\/med-br.com\/psiquiatra-brasilia\/wp-content\/uploads\/2025\/11\/MED-BR-34-1-400x400.jpg 400w, https:\/\/med-br.com\/psiquiatra-brasilia\/wp-content\/uploads\/2025\/11\/MED-BR-34-1.jpg 600w\" sizes=\"(min-width: 2200px) 100vw, (min-width: 856px) 285px, (min-width: 784px) 380px, (min-width: 712px) 570px, (min-width: 640px) 712px, \" title=\"\"><div class=\"fusion-rollover\">\n\t<div class=\"fusion-rollover-content\">\n\n\t\t\t\t\t\t\t\t\t\t\t\t\t\t<a class=\"fusion-rollover-link\" href=\"https:\/\/med-br.com\/psiquiatra-brasilia\/como-escolher-perito-psiquiatra\/\">Como Escolher um Perito Psiquiatra Forense Qualificado (O Checklist)<\/a>\n\t\t\t\n\t\t\t\t\t\t\t\t\t\t\t\t\t\t\n\t\t\t\t\t\t\t\t\n\t\t\t\t\t\t\t\t\t\t\t\t\t<div class=\"fusion-rollover-sep\"><\/div>\n\t\t\t\t\n\t\t\t\t\t\t\t\t\t\t\t\t\t\t\t\t\t\t<a class=\"fusion-rollover-gallery\" href=\"https:\/\/med-br.com\/psiquiatra-brasilia\/wp-content\/uploads\/2025\/11\/MED-BR-34-1.jpg\" data-options=\"\" data-id=\"14881\" data-rel=\"iLightbox[gallery]\" data-title=\"MED - BR (34)\" data-caption=\"\">\n\t\t\t\t\t\tGaleria\t\t\t\t\t<\/a>\n\t\t\t\t\t\t\t\t\t\t\t\t\t\t\n\t\t\n\t\t\t\t\t\t\t\t\t\t\t\t<h4 class=\"fusion-rollover-title\">\n\t\t\t\t\t<a class=\"fusion-rollover-title-link\" href=\"https:\/\/med-br.com\/psiquiatra-brasilia\/como-escolher-perito-psiquiatra\/\">\n\t\t\t\t\t\tComo Escolher um Perito Psiquiatra Forense Qualificado (O Checklist)\t\t\t\t\t<\/a>\n\t\t\t\t<\/h4>\n\t\t\t\n\t\t\t\t\t\t\t\t\t\t<div class=\"fusion-rollover-categories\"><a href=\"https:\/\/med-br.com\/psiquiatra-brasilia\/category\/psiquiatra-forense\/\" rel=\"tag\">Psiquiatra Forense<\/a><\/div>\t\t\t\t\t\n\t\t\n\t\t\t\t\t\t<a class=\"fusion-link-wrapper\" href=\"https:\/\/med-br.com\/psiquiatra-brasilia\/como-escolher-perito-psiquiatra\/\" aria-label=\"Como Escolher um Perito Psiquiatra Forense Qualificado (O Checklist)\"><\/a>\n\t<\/div>\n<\/div>\n<\/div>\n<\/li>\n\t\t\t\n\t\t\t\n\t\t\t\t\t\t\t\t<\/ul>\n\t<\/div>\n\t<div class=\"fusion-post-content-wrapper\" style=\"padding:10px 10px 10px 10px;\"><div class=\"fusion-post-content post-content\"><h2 class=\"blog-shortcode-post-title entry-title\"><a href=\"https:\/\/med-br.com\/psiquiatra-brasilia\/como-escolher-perito-psiquiatra\/\">Como Escolher um Perito Psiquiatra Forense Qualificado (O Checklist)<\/a><\/h2><div class=\"fusion-content-sep sep-none\"><\/div><\/div><div class=\"fusion-meta-info\"><div class=\"fusion-aligncenter\"><a class=\"fusion-read-more\" href=\"https:\/\/med-br.com\/psiquiatra-brasilia\/como-escolher-perito-psiquiatra\/\" aria-label=\"More on Como Escolher um Perito Psiquiatra Forense Qualificado (O Checklist)\">Ler Mais<\/a><\/div><\/div><\/div><div class=\"fusion-clearfix\"><\/div><\/div>\n<\/article>\n<article id=\"blog-1-post-14879\" class=\"fusion-post-grid post-14879 post type-post status-publish format-standard has-post-thumbnail hentry category-psiquiatra-forense\">\n<div class=\"fusion-post-wrapper\" style=\"background-color:rgba(255,255,255,1);border:1px solid var(--awb-custom_color_6);border-bottom-width:3px;\">\n\n\t\t\t<div class=\"fusion-flexslider flexslider fusion-flexslider-loading fusion-post-slideshow\" style=\"border-color:var(--awb-custom_color_6);\">\n\t\t<ul class=\"slides\">\n\t\t\t\n\t\t\t\t\t\t\t\t\t\t\t\t\t\t<li><div  class=\"fusion-image-wrapper\" aria-haspopup=\"true\">\n\t\t\t\t<img decoding=\"async\" width=\"600\" height=\"600\" src=\"https:\/\/med-br.com\/psiquiatra-brasilia\/wp-content\/uploads\/2025\/11\/MED-BR-32-1.jpg\" class=\"attachment-full size-full wp-post-image\" alt=\"MED - BR (32)\" srcset=\"https:\/\/med-br.com\/psiquiatra-brasilia\/wp-content\/uploads\/2025\/11\/MED-BR-32-1-200x200.jpg 200w, https:\/\/med-br.com\/psiquiatra-brasilia\/wp-content\/uploads\/2025\/11\/MED-BR-32-1-400x400.jpg 400w, https:\/\/med-br.com\/psiquiatra-brasilia\/wp-content\/uploads\/2025\/11\/MED-BR-32-1.jpg 600w\" sizes=\"(min-width: 2200px) 100vw, (min-width: 856px) 285px, (min-width: 784px) 380px, (min-width: 712px) 570px, (min-width: 640px) 712px, \" title=\"\"><div class=\"fusion-rollover\">\n\t<div class=\"fusion-rollover-content\">\n\n\t\t\t\t\t\t\t\t\t\t\t\t\t\t<a class=\"fusion-rollover-link\" href=\"https:\/\/med-br.com\/psiquiatra-brasilia\/crimes-por-imitacao-efeito-copycat\/\">Crimes por Imita\u00e7\u00e3o (Efeito Copycat): S\u00e9ries como &#8220;Trememb\u00e9&#8221; podem inspirar crimes?<\/a>\n\t\t\t\n\t\t\t\t\t\t\t\t\t\t\t\t\t\t\n\t\t\t\t\t\t\t\t\n\t\t\t\t\t\t\t\t\t\t\t\t\t<div class=\"fusion-rollover-sep\"><\/div>\n\t\t\t\t\n\t\t\t\t\t\t\t\t\t\t\t\t\t\t\t\t\t\t<a class=\"fusion-rollover-gallery\" href=\"https:\/\/med-br.com\/psiquiatra-brasilia\/wp-content\/uploads\/2025\/11\/MED-BR-32-1.jpg\" data-options=\"\" data-id=\"14879\" data-rel=\"iLightbox[gallery]\" data-title=\"MED - BR (32)\" data-caption=\"\">\n\t\t\t\t\t\tGaleria\t\t\t\t\t<\/a>\n\t\t\t\t\t\t\t\t\t\t\t\t\t\t\n\t\t\n\t\t\t\t\t\t\t\t\t\t\t\t<h4 class=\"fusion-rollover-title\">\n\t\t\t\t\t<a class=\"fusion-rollover-title-link\" href=\"https:\/\/med-br.com\/psiquiatra-brasilia\/crimes-por-imitacao-efeito-copycat\/\">\n\t\t\t\t\t\tCrimes por Imita\u00e7\u00e3o (Efeito Copycat): S\u00e9ries como &#8220;Trememb\u00e9&#8221; podem inspirar crimes?\t\t\t\t\t<\/a>\n\t\t\t\t<\/h4>\n\t\t\t\n\t\t\t\t\t\t\t\t\t\t<div class=\"fusion-rollover-categories\"><a href=\"https:\/\/med-br.com\/psiquiatra-brasilia\/category\/psiquiatra-forense\/\" rel=\"tag\">Psiquiatra Forense<\/a><\/div>\t\t\t\t\t\n\t\t\n\t\t\t\t\t\t<a class=\"fusion-link-wrapper\" href=\"https:\/\/med-br.com\/psiquiatra-brasilia\/crimes-por-imitacao-efeito-copycat\/\" aria-label=\"Crimes por Imita\u00e7\u00e3o (Efeito Copycat): S\u00e9ries como &#8220;Trememb\u00e9&#8221; podem inspirar crimes?\"><\/a>\n\t<\/div>\n<\/div>\n<\/div>\n<\/li>\n\t\t\t\n\t\t\t\n\t\t\t\t\t\t\t\t<\/ul>\n\t<\/div>\n\t<div class=\"fusion-post-content-wrapper\" style=\"padding:10px 10px 10px 10px;\"><div class=\"fusion-post-content post-content\"><h2 class=\"blog-shortcode-post-title entry-title\"><a href=\"https:\/\/med-br.com\/psiquiatra-brasilia\/crimes-por-imitacao-efeito-copycat\/\">Crimes por Imita\u00e7\u00e3o (Efeito Copycat): S\u00e9ries como &#8220;Trememb\u00e9&#8221; podem inspirar crimes?<\/a><\/h2><div class=\"fusion-content-sep sep-none\"><\/div><\/div><div class=\"fusion-meta-info\"><div class=\"fusion-aligncenter\"><a class=\"fusion-read-more\" href=\"https:\/\/med-br.com\/psiquiatra-brasilia\/crimes-por-imitacao-efeito-copycat\/\" aria-label=\"More on Crimes por Imita\u00e7\u00e3o (Efeito Copycat): S\u00e9ries como &#8220;Trememb\u00e9&#8221; podem inspirar crimes?\">Ler Mais<\/a><\/div><\/div><\/div><div class=\"fusion-clearfix\"><\/div><\/div>\n<\/article>\n<article id=\"blog-1-post-14877\" class=\"fusion-post-grid post-14877 post type-post status-publish format-standard has-post-thumbnail hentry category-psiquiatra-forense\">\n<div class=\"fusion-post-wrapper\" style=\"background-color:rgba(255,255,255,1);border:1px solid var(--awb-custom_color_6);border-bottom-width:3px;\">\n\n\t\t\t<div class=\"fusion-flexslider flexslider fusion-flexslider-loading fusion-post-slideshow\" style=\"border-color:var(--awb-custom_color_6);\">\n\t\t<ul class=\"slides\">\n\t\t\t\n\t\t\t\t\t\t\t\t\t\t\t\t\t\t<li><div  class=\"fusion-image-wrapper\" aria-haspopup=\"true\">\n\t\t\t\t<img decoding=\"async\" width=\"600\" height=\"600\" src=\"https:\/\/med-br.com\/psiquiatra-brasilia\/wp-content\/uploads\/2025\/11\/MED-BR-40-1.jpg\" class=\"attachment-full size-full wp-post-image\" alt=\"MED - BR (40)\" srcset=\"https:\/\/med-br.com\/psiquiatra-brasilia\/wp-content\/uploads\/2025\/11\/MED-BR-40-1-200x200.jpg 200w, https:\/\/med-br.com\/psiquiatra-brasilia\/wp-content\/uploads\/2025\/11\/MED-BR-40-1-400x400.jpg 400w, https:\/\/med-br.com\/psiquiatra-brasilia\/wp-content\/uploads\/2025\/11\/MED-BR-40-1.jpg 600w\" sizes=\"(min-width: 2200px) 100vw, (min-width: 856px) 285px, (min-width: 784px) 380px, (min-width: 712px) 570px, (min-width: 640px) 712px, \" title=\"\"><div class=\"fusion-rollover\">\n\t<div class=\"fusion-rollover-content\">\n\n\t\t\t\t\t\t\t\t\t\t\t\t\t\t<a class=\"fusion-rollover-link\" href=\"https:\/\/med-br.com\/psiquiatra-brasilia\/imputabilidade-penal\/\">Imputabilidade Penal: O Laudo Psiqui\u00e1trico Pode &#8220;Inocentar&#8221; Algu\u00e9m?<\/a>\n\t\t\t\n\t\t\t\t\t\t\t\t\t\t\t\t\t\t\n\t\t\t\t\t\t\t\t\n\t\t\t\t\t\t\t\t\t\t\t\t\t<div class=\"fusion-rollover-sep\"><\/div>\n\t\t\t\t\n\t\t\t\t\t\t\t\t\t\t\t\t\t\t\t\t\t\t<a class=\"fusion-rollover-gallery\" href=\"https:\/\/med-br.com\/psiquiatra-brasilia\/wp-content\/uploads\/2025\/11\/MED-BR-40-1.jpg\" data-options=\"\" data-id=\"14877\" data-rel=\"iLightbox[gallery]\" data-title=\"MED - BR (40)\" data-caption=\"\">\n\t\t\t\t\t\tGaleria\t\t\t\t\t<\/a>\n\t\t\t\t\t\t\t\t\t\t\t\t\t\t\n\t\t\n\t\t\t\t\t\t\t\t\t\t\t\t<h4 class=\"fusion-rollover-title\">\n\t\t\t\t\t<a class=\"fusion-rollover-title-link\" href=\"https:\/\/med-br.com\/psiquiatra-brasilia\/imputabilidade-penal\/\">\n\t\t\t\t\t\tImputabilidade Penal: O Laudo Psiqui\u00e1trico Pode &#8220;Inocentar&#8221; Algu\u00e9m?\t\t\t\t\t<\/a>\n\t\t\t\t<\/h4>\n\t\t\t\n\t\t\t\t\t\t\t\t\t\t<div class=\"fusion-rollover-categories\"><a href=\"https:\/\/med-br.com\/psiquiatra-brasilia\/category\/psiquiatra-forense\/\" rel=\"tag\">Psiquiatra Forense<\/a><\/div>\t\t\t\t\t\n\t\t\n\t\t\t\t\t\t<a class=\"fusion-link-wrapper\" href=\"https:\/\/med-br.com\/psiquiatra-brasilia\/imputabilidade-penal\/\" aria-label=\"Imputabilidade Penal: O Laudo Psiqui\u00e1trico Pode &#8220;Inocentar&#8221; Algu\u00e9m?\"><\/a>\n\t<\/div>\n<\/div>\n<\/div>\n<\/li>\n\t\t\t\n\t\t\t\n\t\t\t\t\t\t\t\t<\/ul>\n\t<\/div>\n\t<div class=\"fusion-post-content-wrapper\" style=\"padding:10px 10px 10px 10px;\"><div class=\"fusion-post-content post-content\"><h2 class=\"blog-shortcode-post-title entry-title\"><a href=\"https:\/\/med-br.com\/psiquiatra-brasilia\/imputabilidade-penal\/\">Imputabilidade Penal: O Laudo Psiqui\u00e1trico Pode &#8220;Inocentar&#8221; Algu\u00e9m?<\/a><\/h2><div class=\"fusion-content-sep sep-none\"><\/div><\/div><div class=\"fusion-meta-info\"><div class=\"fusion-aligncenter\"><a class=\"fusion-read-more\" href=\"https:\/\/med-br.com\/psiquiatra-brasilia\/imputabilidade-penal\/\" aria-label=\"More on Imputabilidade Penal: O Laudo Psiqui\u00e1trico Pode &#8220;Inocentar&#8221; Algu\u00e9m?\">Ler Mais<\/a><\/div><\/div><\/div><div class=\"fusion-clearfix\"><\/div><\/div>\n<\/article>\n<article id=\"blog-1-post-14875\" class=\"fusion-post-grid post-14875 post type-post status-publish format-standard has-post-thumbnail hentry category-psiquiatra-forense\">\n<div class=\"fusion-post-wrapper\" style=\"background-color:rgba(255,255,255,1);border:1px solid var(--awb-custom_color_6);border-bottom-width:3px;\">\n\n\t\t\t<div class=\"fusion-flexslider flexslider fusion-flexslider-loading fusion-post-slideshow\" style=\"border-color:var(--awb-custom_color_6);\">\n\t\t<ul class=\"slides\">\n\t\t\t\n\t\t\t\t\t\t\t\t\t\t\t\t\t\t<li><div  class=\"fusion-image-wrapper\" aria-haspopup=\"true\">\n\t\t\t\t<img decoding=\"async\" width=\"600\" height=\"600\" src=\"https:\/\/med-br.com\/psiquiatra-brasilia\/wp-content\/uploads\/2025\/11\/MED-BR-45-1.jpg\" class=\"attachment-full size-full wp-post-image\" alt=\"MED - BR (45)\" srcset=\"https:\/\/med-br.com\/psiquiatra-brasilia\/wp-content\/uploads\/2025\/11\/MED-BR-45-1-200x200.jpg 200w, https:\/\/med-br.com\/psiquiatra-brasilia\/wp-content\/uploads\/2025\/11\/MED-BR-45-1-400x400.jpg 400w, https:\/\/med-br.com\/psiquiatra-brasilia\/wp-content\/uploads\/2025\/11\/MED-BR-45-1.jpg 600w\" sizes=\"(min-width: 2200px) 100vw, (min-width: 856px) 285px, (min-width: 784px) 380px, (min-width: 712px) 570px, (min-width: 640px) 712px, \" title=\"\"><div class=\"fusion-rollover\">\n\t<div class=\"fusion-rollover-content\">\n\n\t\t\t\t\t\t\t\t\t\t\t\t\t\t<a class=\"fusion-rollover-link\" href=\"https:\/\/med-br.com\/psiquiatra-brasilia\/avaliacao-de-risco-de-reincidencia\/\">Avalia\u00e7\u00e3o de Risco de Reincid\u00eancia: Como a Psiquiatria Forense faz (e o que s\u00e3o fatores est\u00e1ticos e din\u00e2micos)?<\/a>\n\t\t\t\n\t\t\t\t\t\t\t\t\t\t\t\t\t\t\n\t\t\t\t\t\t\t\t\n\t\t\t\t\t\t\t\t\t\t\t\t\t<div class=\"fusion-rollover-sep\"><\/div>\n\t\t\t\t\n\t\t\t\t\t\t\t\t\t\t\t\t\t\t\t\t\t\t<a class=\"fusion-rollover-gallery\" href=\"https:\/\/med-br.com\/psiquiatra-brasilia\/wp-content\/uploads\/2025\/11\/MED-BR-45-1.jpg\" data-options=\"\" data-id=\"14875\" data-rel=\"iLightbox[gallery]\" data-title=\"MED - BR (45)\" data-caption=\"\">\n\t\t\t\t\t\tGaleria\t\t\t\t\t<\/a>\n\t\t\t\t\t\t\t\t\t\t\t\t\t\t\n\t\t\n\t\t\t\t\t\t\t\t\t\t\t\t<h4 class=\"fusion-rollover-title\">\n\t\t\t\t\t<a class=\"fusion-rollover-title-link\" href=\"https:\/\/med-br.com\/psiquiatra-brasilia\/avaliacao-de-risco-de-reincidencia\/\">\n\t\t\t\t\t\tAvalia\u00e7\u00e3o de Risco de Reincid\u00eancia: Como a Psiquiatria Forense faz (e o que s\u00e3o fatores est\u00e1ticos e din\u00e2micos)?\t\t\t\t\t<\/a>\n\t\t\t\t<\/h4>\n\t\t\t\n\t\t\t\t\t\t\t\t\t\t<div class=\"fusion-rollover-categories\"><a href=\"https:\/\/med-br.com\/psiquiatra-brasilia\/category\/psiquiatra-forense\/\" rel=\"tag\">Psiquiatra Forense<\/a><\/div>\t\t\t\t\t\n\t\t\n\t\t\t\t\t\t<a class=\"fusion-link-wrapper\" href=\"https:\/\/med-br.com\/psiquiatra-brasilia\/avaliacao-de-risco-de-reincidencia\/\" aria-label=\"Avalia\u00e7\u00e3o de Risco de Reincid\u00eancia: Como a Psiquiatria Forense faz (e o que s\u00e3o fatores est\u00e1ticos e din\u00e2micos)?\"><\/a>\n\t<\/div>\n<\/div>\n<\/div>\n<\/li>\n\t\t\t\n\t\t\t\n\t\t\t\t\t\t\t\t<\/ul>\n\t<\/div>\n\t<div class=\"fusion-post-content-wrapper\" style=\"padding:10px 10px 10px 10px;\"><div class=\"fusion-post-content post-content\"><h2 class=\"blog-shortcode-post-title entry-title\"><a href=\"https:\/\/med-br.com\/psiquiatra-brasilia\/avaliacao-de-risco-de-reincidencia\/\">Avalia\u00e7\u00e3o de Risco de Reincid\u00eancia: Como a Psiquiatria Forense faz (e o que s\u00e3o fatores est\u00e1ticos e din\u00e2micos)?<\/a><\/h2><div class=\"fusion-content-sep sep-none\"><\/div><\/div><div class=\"fusion-meta-info\"><div class=\"fusion-aligncenter\"><a class=\"fusion-read-more\" href=\"https:\/\/med-br.com\/psiquiatra-brasilia\/avaliacao-de-risco-de-reincidencia\/\" aria-label=\"More on Avalia\u00e7\u00e3o de Risco de Reincid\u00eancia: Como a Psiquiatria Forense faz (e o que s\u00e3o fatores est\u00e1ticos e din\u00e2micos)?\">Ler Mais<\/a><\/div><\/div><\/div><div class=\"fusion-clearfix\"><\/div><\/div>\n<\/article>\n<article id=\"blog-1-post-14872\" class=\"fusion-post-grid post-14872 post type-post status-publish format-standard has-post-thumbnail hentry category-psiquiatra-forense\">\n<div class=\"fusion-post-wrapper\" style=\"background-color:rgba(255,255,255,1);border:1px solid var(--awb-custom_color_6);border-bottom-width:3px;\">\n\n\t\t\t<div class=\"fusion-flexslider flexslider fusion-flexslider-loading fusion-post-slideshow\" style=\"border-color:var(--awb-custom_color_6);\">\n\t\t<ul class=\"slides\">\n\t\t\t\n\t\t\t\t\t\t\t\t\t\t\t\t\t\t<li><div  class=\"fusion-image-wrapper\" aria-haspopup=\"true\">\n\t\t\t\t<img decoding=\"async\" width=\"600\" height=\"600\" src=\"https:\/\/med-br.com\/psiquiatra-brasilia\/wp-content\/uploads\/2025\/11\/MED-BR-46-1.jpg\" class=\"attachment-full size-full wp-post-image\" alt=\"MED - BR (46)\" srcset=\"https:\/\/med-br.com\/psiquiatra-brasilia\/wp-content\/uploads\/2025\/11\/MED-BR-46-1-200x200.jpg 200w, https:\/\/med-br.com\/psiquiatra-brasilia\/wp-content\/uploads\/2025\/11\/MED-BR-46-1-400x400.jpg 400w, https:\/\/med-br.com\/psiquiatra-brasilia\/wp-content\/uploads\/2025\/11\/MED-BR-46-1.jpg 600w\" sizes=\"(min-width: 2200px) 100vw, (min-width: 856px) 285px, (min-width: 784px) 380px, (min-width: 712px) 570px, (min-width: 640px) 712px, \" title=\"\"><div class=\"fusion-rollover\">\n\t<div class=\"fusion-rollover-content\">\n\n\t\t\t\t\t\t\t\t\t\t\t\t\t\t<a class=\"fusion-rollover-link\" href=\"https:\/\/med-br.com\/psiquiatra-brasilia\/imputabilidade-e-risco\/\">Imputabilidade e Risco: O que a Lei faz com o Laudo (A An\u00e1lise de Trememb\u00e9)<\/a>\n\t\t\t\n\t\t\t\t\t\t\t\t\t\t\t\t\t\t\n\t\t\t\t\t\t\t\t\n\t\t\t\t\t\t\t\t\t\t\t\t\t<div class=\"fusion-rollover-sep\"><\/div>\n\t\t\t\t\n\t\t\t\t\t\t\t\t\t\t\t\t\t\t\t\t\t\t<a class=\"fusion-rollover-gallery\" href=\"https:\/\/med-br.com\/psiquiatra-brasilia\/wp-content\/uploads\/2025\/11\/MED-BR-46-1.jpg\" data-options=\"\" data-id=\"14872\" data-rel=\"iLightbox[gallery]\" data-title=\"MED - BR (46)\" data-caption=\"\">\n\t\t\t\t\t\tGaleria\t\t\t\t\t<\/a>\n\t\t\t\t\t\t\t\t\t\t\t\t\t\t\n\t\t\n\t\t\t\t\t\t\t\t\t\t\t\t<h4 class=\"fusion-rollover-title\">\n\t\t\t\t\t<a class=\"fusion-rollover-title-link\" href=\"https:\/\/med-br.com\/psiquiatra-brasilia\/imputabilidade-e-risco\/\">\n\t\t\t\t\t\tImputabilidade e Risco: O que a Lei faz com o Laudo (A An\u00e1lise de Trememb\u00e9)\t\t\t\t\t<\/a>\n\t\t\t\t<\/h4>\n\t\t\t\n\t\t\t\t\t\t\t\t\t\t<div class=\"fusion-rollover-categories\"><a href=\"https:\/\/med-br.com\/psiquiatra-brasilia\/category\/psiquiatra-forense\/\" rel=\"tag\">Psiquiatra Forense<\/a><\/div>\t\t\t\t\t\n\t\t\n\t\t\t\t\t\t<a class=\"fusion-link-wrapper\" href=\"https:\/\/med-br.com\/psiquiatra-brasilia\/imputabilidade-e-risco\/\" aria-label=\"Imputabilidade e Risco: O que a Lei faz com o Laudo (A An\u00e1lise de Trememb\u00e9)\"><\/a>\n\t<\/div>\n<\/div>\n<\/div>\n<\/li>\n\t\t\t\n\t\t\t\n\t\t\t\t\t\t\t\t<\/ul>\n\t<\/div>\n\t<div class=\"fusion-post-content-wrapper\" style=\"padding:10px 10px 10px 10px;\"><div class=\"fusion-post-content post-content\"><h2 class=\"blog-shortcode-post-title entry-title\"><a href=\"https:\/\/med-br.com\/psiquiatra-brasilia\/imputabilidade-e-risco\/\">Imputabilidade e Risco: O que a Lei faz com o Laudo (A An\u00e1lise de Trememb\u00e9)<\/a><\/h2><div class=\"fusion-content-sep sep-none\"><\/div><\/div><div class=\"fusion-meta-info\"><div class=\"fusion-aligncenter\"><a class=\"fusion-read-more\" href=\"https:\/\/med-br.com\/psiquiatra-brasilia\/imputabilidade-e-risco\/\" aria-label=\"More on Imputabilidade e Risco: O que a Lei faz com o Laudo (A An\u00e1lise de Trememb\u00e9)\">Ler Mais<\/a><\/div><\/div><\/div><div class=\"fusion-clearfix\"><\/div><\/div>\n<\/article>\n<article id=\"blog-1-post-14870\" class=\"fusion-post-grid post-14870 post type-post status-publish format-standard has-post-thumbnail hentry category-avaliacao category-psiquiatra-forense\">\n<div class=\"fusion-post-wrapper\" style=\"background-color:rgba(255,255,255,1);border:1px solid var(--awb-custom_color_6);border-bottom-width:3px;\">\n\n\t\t\t<div class=\"fusion-flexslider flexslider fusion-flexslider-loading fusion-post-slideshow\" style=\"border-color:var(--awb-custom_color_6);\">\n\t\t<ul class=\"slides\">\n\t\t\t\n\t\t\t\t\t\t\t\t\t\t\t\t\t\t<li><div  class=\"fusion-image-wrapper\" aria-haspopup=\"true\">\n\t\t\t\t<img decoding=\"async\" width=\"600\" height=\"600\" src=\"https:\/\/med-br.com\/psiquiatra-brasilia\/wp-content\/uploads\/2025\/11\/MED-BR-28-1.jpg\" class=\"attachment-full size-full wp-post-image\" alt=\"MED - BR (28)\" srcset=\"https:\/\/med-br.com\/psiquiatra-brasilia\/wp-content\/uploads\/2025\/11\/MED-BR-28-1-200x200.jpg 200w, https:\/\/med-br.com\/psiquiatra-brasilia\/wp-content\/uploads\/2025\/11\/MED-BR-28-1-400x400.jpg 400w, https:\/\/med-br.com\/psiquiatra-brasilia\/wp-content\/uploads\/2025\/11\/MED-BR-28-1.jpg 600w\" sizes=\"(min-width: 2200px) 100vw, (min-width: 856px) 285px, (min-width: 784px) 380px, (min-width: 712px) 570px, (min-width: 640px) 712px, \" title=\"\"><div class=\"fusion-rollover\">\n\t<div class=\"fusion-rollover-content\">\n\n\t\t\t\t\t\t\t\t\t\t\t\t\t\t<a class=\"fusion-rollover-link\" href=\"https:\/\/med-br.com\/psiquiatra-brasilia\/alem-do-rorschach\/\">Al\u00e9m do Rorschach: O que testes como PMK, HTP e Pfister avaliam?<\/a>\n\t\t\t\n\t\t\t\t\t\t\t\t\t\t\t\t\t\t\n\t\t\t\t\t\t\t\t\n\t\t\t\t\t\t\t\t\t\t\t\t\t<div class=\"fusion-rollover-sep\"><\/div>\n\t\t\t\t\n\t\t\t\t\t\t\t\t\t\t\t\t\t\t\t\t\t\t<a class=\"fusion-rollover-gallery\" href=\"https:\/\/med-br.com\/psiquiatra-brasilia\/wp-content\/uploads\/2025\/11\/MED-BR-28-1.jpg\" data-options=\"\" data-id=\"14870\" data-rel=\"iLightbox[gallery]\" data-title=\"MED - BR (28)\" data-caption=\"\">\n\t\t\t\t\t\tGaleria\t\t\t\t\t<\/a>\n\t\t\t\t\t\t\t\t\t\t\t\t\t\t\n\t\t\n\t\t\t\t\t\t\t\t\t\t\t\t<h4 class=\"fusion-rollover-title\">\n\t\t\t\t\t<a class=\"fusion-rollover-title-link\" href=\"https:\/\/med-br.com\/psiquiatra-brasilia\/alem-do-rorschach\/\">\n\t\t\t\t\t\tAl\u00e9m do Rorschach: O que testes como PMK, HTP e Pfister avaliam?\t\t\t\t\t<\/a>\n\t\t\t\t<\/h4>\n\t\t\t\n\t\t\t\t\t\t\t\t\t\t<div class=\"fusion-rollover-categories\"><a href=\"https:\/\/med-br.com\/psiquiatra-brasilia\/category\/avaliacao\/\" rel=\"tag\">Avalia\u00e7\u00e3o<\/a>, <a href=\"https:\/\/med-br.com\/psiquiatra-brasilia\/category\/psiquiatra-forense\/\" rel=\"tag\">Psiquiatra Forense<\/a><\/div>\t\t\t\t\t\n\t\t\n\t\t\t\t\t\t<a class=\"fusion-link-wrapper\" href=\"https:\/\/med-br.com\/psiquiatra-brasilia\/alem-do-rorschach\/\" aria-label=\"Al\u00e9m do Rorschach: O que testes como PMK, HTP e Pfister avaliam?\"><\/a>\n\t<\/div>\n<\/div>\n<\/div>\n<\/li>\n\t\t\t\n\t\t\t\n\t\t\t\t\t\t\t\t<\/ul>\n\t<\/div>\n\t<div class=\"fusion-post-content-wrapper\" style=\"padding:10px 10px 10px 10px;\"><div class=\"fusion-post-content post-content\"><h2 class=\"blog-shortcode-post-title entry-title\"><a href=\"https:\/\/med-br.com\/psiquiatra-brasilia\/alem-do-rorschach\/\">Al\u00e9m do Rorschach: O que testes como PMK, HTP e Pfister avaliam?<\/a><\/h2><div class=\"fusion-content-sep sep-none\"><\/div><\/div><div class=\"fusion-meta-info\"><div class=\"fusion-aligncenter\"><a class=\"fusion-read-more\" href=\"https:\/\/med-br.com\/psiquiatra-brasilia\/alem-do-rorschach\/\" aria-label=\"More on Al\u00e9m do Rorschach: O que testes como PMK, HTP e Pfister avaliam?\">Ler Mais<\/a><\/div><\/div><\/div><div class=\"fusion-clearfix\"><\/div><\/div>\n<\/article>\n<article id=\"blog-1-post-14867\" class=\"fusion-post-grid post-14867 post type-post status-publish format-standard has-post-thumbnail hentry category-avaliacao category-psiquiatra-forense\">\n<div class=\"fusion-post-wrapper\" style=\"background-color:rgba(255,255,255,1);border:1px solid var(--awb-custom_color_6);border-bottom-width:3px;\">\n\n\t\t\t<div class=\"fusion-flexslider flexslider fusion-flexslider-loading fusion-post-slideshow\" style=\"border-color:var(--awb-custom_color_6);\">\n\t\t<ul class=\"slides\">\n\t\t\t\n\t\t\t\t\t\t\t\t\t\t\t\t\t\t<li><div  class=\"fusion-image-wrapper\" aria-haspopup=\"true\">\n\t\t\t\t<img decoding=\"async\" width=\"300\" height=\"300\" src=\"https:\/\/med-br.com\/psiquiatra-brasilia\/wp-content\/uploads\/2025\/11\/MED-BR-37-1.jpg\" class=\"attachment-full size-full wp-post-image\" alt=\"MED - BR (37)\" srcset=\"https:\/\/med-br.com\/psiquiatra-brasilia\/wp-content\/uploads\/2025\/11\/MED-BR-37-1-200x200.jpg 200w, https:\/\/med-br.com\/psiquiatra-brasilia\/wp-content\/uploads\/2025\/11\/MED-BR-37-1.jpg 300w\" sizes=\"(min-width: 2200px) 100vw, (min-width: 856px) 285px, (min-width: 784px) 380px, (min-width: 712px) 570px, (min-width: 640px) 712px, \" title=\"\"><div class=\"fusion-rollover\">\n\t<div class=\"fusion-rollover-content\">\n\n\t\t\t\t\t\t\t\t\t\t\t\t\t\t<a class=\"fusion-rollover-link\" href=\"https:\/\/med-br.com\/psiquiatra-brasilia\/comorbidades-psiquiatricas\/\">Comorbidades Psiqui\u00e1tricas e Risco: Uso de Subst\u00e2ncias, Impulsividade e Conduta<\/a>\n\t\t\t\n\t\t\t\t\t\t\t\t\t\t\t\t\t\t\n\t\t\t\t\t\t\t\t\n\t\t\t\t\t\t\t\t\t\t\t\t\t<div class=\"fusion-rollover-sep\"><\/div>\n\t\t\t\t\n\t\t\t\t\t\t\t\t\t\t\t\t\t\t\t\t\t\t<a class=\"fusion-rollover-gallery\" href=\"https:\/\/med-br.com\/psiquiatra-brasilia\/wp-content\/uploads\/2025\/11\/MED-BR-37-1.jpg\" data-options=\"\" data-id=\"14867\" data-rel=\"iLightbox[gallery]\" data-title=\"MED - BR (37)\" data-caption=\"\">\n\t\t\t\t\t\tGaleria\t\t\t\t\t<\/a>\n\t\t\t\t\t\t\t\t\t\t\t\t\t\t\n\t\t\n\t\t\t\t\t\t\t\t\t\t\t\t<h4 class=\"fusion-rollover-title\">\n\t\t\t\t\t<a class=\"fusion-rollover-title-link\" href=\"https:\/\/med-br.com\/psiquiatra-brasilia\/comorbidades-psiquiatricas\/\">\n\t\t\t\t\t\tComorbidades Psiqui\u00e1tricas e Risco: Uso de Subst\u00e2ncias, Impulsividade e Conduta\t\t\t\t\t<\/a>\n\t\t\t\t<\/h4>\n\t\t\t\n\t\t\t\t\t\t\t\t\t\t<div class=\"fusion-rollover-categories\"><a href=\"https:\/\/med-br.com\/psiquiatra-brasilia\/category\/avaliacao\/\" rel=\"tag\">Avalia\u00e7\u00e3o<\/a>, <a href=\"https:\/\/med-br.com\/psiquiatra-brasilia\/category\/psiquiatra-forense\/\" rel=\"tag\">Psiquiatra Forense<\/a><\/div>\t\t\t\t\t\n\t\t\n\t\t\t\t\t\t<a class=\"fusion-link-wrapper\" href=\"https:\/\/med-br.com\/psiquiatra-brasilia\/comorbidades-psiquiatricas\/\" aria-label=\"Comorbidades Psiqui\u00e1tricas e Risco: Uso de Subst\u00e2ncias, Impulsividade e Conduta\"><\/a>\n\t<\/div>\n<\/div>\n<\/div>\n<\/li>\n\t\t\t\n\t\t\t\n\t\t\t\t\t\t\t\t<\/ul>\n\t<\/div>\n\t<div class=\"fusion-post-content-wrapper\" style=\"padding:10px 10px 10px 10px;\"><div class=\"fusion-post-content post-content\"><h2 class=\"blog-shortcode-post-title entry-title\"><a href=\"https:\/\/med-br.com\/psiquiatra-brasilia\/comorbidades-psiquiatricas\/\">Comorbidades Psiqui\u00e1tricas e Risco: Uso de Subst\u00e2ncias, Impulsividade e Conduta<\/a><\/h2><div class=\"fusion-content-sep sep-none\"><\/div><\/div><div class=\"fusion-meta-info\"><div class=\"fusion-aligncenter\"><a class=\"fusion-read-more\" href=\"https:\/\/med-br.com\/psiquiatra-brasilia\/comorbidades-psiquiatricas\/\" aria-label=\"More on Comorbidades Psiqui\u00e1tricas e Risco: Uso de Subst\u00e2ncias, Impulsividade e Conduta\">Ler Mais<\/a><\/div><\/div><\/div><div class=\"fusion-clearfix\"><\/div><\/div>\n<\/article>\n<article id=\"blog-1-post-14864\" class=\"fusion-post-grid post-14864 post type-post status-publish format-standard has-post-thumbnail hentry category-avaliacao category-psiquiatra-forense\">\n<div class=\"fusion-post-wrapper\" style=\"background-color:rgba(255,255,255,1);border:1px solid var(--awb-custom_color_6);border-bottom-width:3px;\">\n\n\t\t\t<div class=\"fusion-flexslider flexslider fusion-flexslider-loading fusion-post-slideshow\" style=\"border-color:var(--awb-custom_color_6);\">\n\t\t<ul class=\"slides\">\n\t\t\t\n\t\t\t\t\t\t\t\t\t\t\t\t\t\t<li><div  class=\"fusion-image-wrapper\" aria-haspopup=\"true\">\n\t\t\t\t<img decoding=\"async\" width=\"600\" height=\"600\" src=\"https:\/\/med-br.com\/psiquiatra-brasilia\/wp-content\/uploads\/2025\/11\/MED-BR-35-1.jpg\" class=\"attachment-full size-full wp-post-image\" alt=\"MED - BR (35)\" srcset=\"https:\/\/med-br.com\/psiquiatra-brasilia\/wp-content\/uploads\/2025\/11\/MED-BR-35-1-200x200.jpg 200w, https:\/\/med-br.com\/psiquiatra-brasilia\/wp-content\/uploads\/2025\/11\/MED-BR-35-1-400x400.jpg 400w, https:\/\/med-br.com\/psiquiatra-brasilia\/wp-content\/uploads\/2025\/11\/MED-BR-35-1.jpg 600w\" sizes=\"(min-width: 2200px) 100vw, (min-width: 856px) 285px, (min-width: 784px) 380px, (min-width: 712px) 570px, (min-width: 640px) 712px, \" title=\"\"><div class=\"fusion-rollover\">\n\t<div class=\"fusion-rollover-content\">\n\n\t\t\t\t\t\t\t\t\t\t\t\t\t\t<a class=\"fusion-rollover-link\" href=\"https:\/\/med-br.com\/psiquiatra-brasilia\/linguagem-corporal-desmascara\/\">Linguagem Corporal &#8220;Desmascara&#8221;? Por que a Psiquiatria N\u00e3o Confia Nisso<\/a>\n\t\t\t\n\t\t\t\t\t\t\t\t\t\t\t\t\t\t\n\t\t\t\t\t\t\t\t\n\t\t\t\t\t\t\t\t\t\t\t\t\t<div class=\"fusion-rollover-sep\"><\/div>\n\t\t\t\t\n\t\t\t\t\t\t\t\t\t\t\t\t\t\t\t\t\t\t<a class=\"fusion-rollover-gallery\" href=\"https:\/\/med-br.com\/psiquiatra-brasilia\/wp-content\/uploads\/2025\/11\/MED-BR-35-1.jpg\" data-options=\"\" data-id=\"14864\" data-rel=\"iLightbox[gallery]\" data-title=\"MED - BR (35)\" data-caption=\"\">\n\t\t\t\t\t\tGaleria\t\t\t\t\t<\/a>\n\t\t\t\t\t\t\t\t\t\t\t\t\t\t\n\t\t\n\t\t\t\t\t\t\t\t\t\t\t\t<h4 class=\"fusion-rollover-title\">\n\t\t\t\t\t<a class=\"fusion-rollover-title-link\" href=\"https:\/\/med-br.com\/psiquiatra-brasilia\/linguagem-corporal-desmascara\/\">\n\t\t\t\t\t\tLinguagem Corporal &#8220;Desmascara&#8221;? Por que a Psiquiatria N\u00e3o Confia Nisso\t\t\t\t\t<\/a>\n\t\t\t\t<\/h4>\n\t\t\t\n\t\t\t\t\t\t\t\t\t\t<div class=\"fusion-rollover-categories\"><a href=\"https:\/\/med-br.com\/psiquiatra-brasilia\/category\/avaliacao\/\" rel=\"tag\">Avalia\u00e7\u00e3o<\/a>, <a href=\"https:\/\/med-br.com\/psiquiatra-brasilia\/category\/psiquiatra-forense\/\" rel=\"tag\">Psiquiatra Forense<\/a><\/div>\t\t\t\t\t\n\t\t\n\t\t\t\t\t\t<a class=\"fusion-link-wrapper\" href=\"https:\/\/med-br.com\/psiquiatra-brasilia\/linguagem-corporal-desmascara\/\" aria-label=\"Linguagem Corporal &#8220;Desmascara&#8221;? Por que a Psiquiatria N\u00e3o Confia Nisso\"><\/a>\n\t<\/div>\n<\/div>\n<\/div>\n<\/li>\n\t\t\t\n\t\t\t\n\t\t\t\t\t\t\t\t<\/ul>\n\t<\/div>\n\t<div class=\"fusion-post-content-wrapper\" style=\"padding:10px 10px 10px 10px;\"><div class=\"fusion-post-content post-content\"><h2 class=\"blog-shortcode-post-title entry-title\"><a href=\"https:\/\/med-br.com\/psiquiatra-brasilia\/linguagem-corporal-desmascara\/\">Linguagem Corporal &#8220;Desmascara&#8221;? Por que a Psiquiatria N\u00e3o Confia Nisso<\/a><\/h2><div class=\"fusion-content-sep sep-none\"><\/div><\/div><div class=\"fusion-meta-info\"><div class=\"fusion-aligncenter\"><a class=\"fusion-read-more\" href=\"https:\/\/med-br.com\/psiquiatra-brasilia\/linguagem-corporal-desmascara\/\" aria-label=\"More on Linguagem Corporal &#8220;Desmascara&#8221;? Por que a Psiquiatria N\u00e3o Confia Nisso\">Ler Mais<\/a><\/div><\/div><\/div><div class=\"fusion-clearfix\"><\/div><\/div>\n<\/article>\n<article id=\"blog-1-post-14861\" class=\"fusion-post-grid post-14861 post type-post status-publish format-standard has-post-thumbnail hentry category-avaliacao category-psiquiatra-forense\">\n<div class=\"fusion-post-wrapper\" style=\"background-color:rgba(255,255,255,1);border:1px solid var(--awb-custom_color_6);border-bottom-width:3px;\">\n\n\t\t\t<div class=\"fusion-flexslider flexslider fusion-flexslider-loading fusion-post-slideshow\" style=\"border-color:var(--awb-custom_color_6);\">\n\t\t<ul class=\"slides\">\n\t\t\t\n\t\t\t\t\t\t\t\t\t\t\t\t\t\t<li><div  class=\"fusion-image-wrapper\" aria-haspopup=\"true\">\n\t\t\t\t<img decoding=\"async\" width=\"600\" height=\"600\" src=\"https:\/\/med-br.com\/psiquiatra-brasilia\/wp-content\/uploads\/2025\/11\/MED-BR-33-1.jpg\" class=\"attachment-full size-full wp-post-image\" alt=\"MED - BR (33)\" srcset=\"https:\/\/med-br.com\/psiquiatra-brasilia\/wp-content\/uploads\/2025\/11\/MED-BR-33-1-200x200.jpg 200w, https:\/\/med-br.com\/psiquiatra-brasilia\/wp-content\/uploads\/2025\/11\/MED-BR-33-1-400x400.jpg 400w, https:\/\/med-br.com\/psiquiatra-brasilia\/wp-content\/uploads\/2025\/11\/MED-BR-33-1.jpg 600w\" sizes=\"(min-width: 2200px) 100vw, (min-width: 856px) 285px, (min-width: 784px) 380px, (min-width: 712px) 570px, (min-width: 640px) 712px, \" title=\"\"><div class=\"fusion-rollover\">\n\t<div class=\"fusion-rollover-content\">\n\n\t\t\t\t\t\t\t\t\t\t\t\t\t\t<a class=\"fusion-rollover-link\" href=\"https:\/\/med-br.com\/psiquiatra-brasilia\/mentira-patologica\/\">Mentira Patol\u00f3gica vs. &#8220;Detector de Mentiras&#8221;: O que a Ci\u00eancia Sabe sobre Engano?<\/a>\n\t\t\t\n\t\t\t\t\t\t\t\t\t\t\t\t\t\t\n\t\t\t\t\t\t\t\t\n\t\t\t\t\t\t\t\t\t\t\t\t\t<div class=\"fusion-rollover-sep\"><\/div>\n\t\t\t\t\n\t\t\t\t\t\t\t\t\t\t\t\t\t\t\t\t\t\t<a class=\"fusion-rollover-gallery\" href=\"https:\/\/med-br.com\/psiquiatra-brasilia\/wp-content\/uploads\/2025\/11\/MED-BR-33-1.jpg\" data-options=\"\" data-id=\"14861\" data-rel=\"iLightbox[gallery]\" data-title=\"MED - BR (33)\" data-caption=\"\">\n\t\t\t\t\t\tGaleria\t\t\t\t\t<\/a>\n\t\t\t\t\t\t\t\t\t\t\t\t\t\t\n\t\t\n\t\t\t\t\t\t\t\t\t\t\t\t<h4 class=\"fusion-rollover-title\">\n\t\t\t\t\t<a class=\"fusion-rollover-title-link\" href=\"https:\/\/med-br.com\/psiquiatra-brasilia\/mentira-patologica\/\">\n\t\t\t\t\t\tMentira Patol\u00f3gica vs. &#8220;Detector de Mentiras&#8221;: O que a Ci\u00eancia Sabe sobre Engano?\t\t\t\t\t<\/a>\n\t\t\t\t<\/h4>\n\t\t\t\n\t\t\t\t\t\t\t\t\t\t<div class=\"fusion-rollover-categories\"><a href=\"https:\/\/med-br.com\/psiquiatra-brasilia\/category\/avaliacao\/\" rel=\"tag\">Avalia\u00e7\u00e3o<\/a>, <a href=\"https:\/\/med-br.com\/psiquiatra-brasilia\/category\/psiquiatra-forense\/\" rel=\"tag\">Psiquiatra Forense<\/a><\/div>\t\t\t\t\t\n\t\t\n\t\t\t\t\t\t<a class=\"fusion-link-wrapper\" href=\"https:\/\/med-br.com\/psiquiatra-brasilia\/mentira-patologica\/\" aria-label=\"Mentira Patol\u00f3gica vs. &#8220;Detector de Mentiras&#8221;: O que a Ci\u00eancia Sabe sobre Engano?\"><\/a>\n\t<\/div>\n<\/div>\n<\/div>\n<\/li>\n\t\t\t\n\t\t\t\n\t\t\t\t\t\t\t\t<\/ul>\n\t<\/div>\n\t<div class=\"fusion-post-content-wrapper\" style=\"padding:10px 10px 10px 10px;\"><div class=\"fusion-post-content post-content\"><h2 class=\"blog-shortcode-post-title entry-title\"><a href=\"https:\/\/med-br.com\/psiquiatra-brasilia\/mentira-patologica\/\">Mentira Patol\u00f3gica vs. &#8220;Detector de Mentiras&#8221;: O que a Ci\u00eancia Sabe sobre Engano?<\/a><\/h2><div class=\"fusion-content-sep sep-none\"><\/div><\/div><div class=\"fusion-meta-info\"><div class=\"fusion-aligncenter\"><a class=\"fusion-read-more\" href=\"https:\/\/med-br.com\/psiquiatra-brasilia\/mentira-patologica\/\" aria-label=\"More on Mentira Patol\u00f3gica vs. &#8220;Detector de Mentiras&#8221;: O que a Ci\u00eancia Sabe sobre Engano?\">Ler Mais<\/a><\/div><\/div><\/div><div class=\"fusion-clearfix\"><\/div><\/div>\n<\/article>\n<article id=\"blog-1-post-14859\" class=\"fusion-post-grid post-14859 post type-post status-publish format-standard has-post-thumbnail hentry category-avaliacao category-psiquiatra-forense\">\n<div class=\"fusion-post-wrapper\" style=\"background-color:rgba(255,255,255,1);border:1px solid var(--awb-custom_color_6);border-bottom-width:3px;\">\n\n\t\t\t<div class=\"fusion-flexslider flexslider fusion-flexslider-loading fusion-post-slideshow\" style=\"border-color:var(--awb-custom_color_6);\">\n\t\t<ul class=\"slides\">\n\t\t\t\n\t\t\t\t\t\t\t\t\t\t\t\t\t\t<li><div  class=\"fusion-image-wrapper\" aria-haspopup=\"true\">\n\t\t\t\t<img decoding=\"async\" width=\"600\" height=\"600\" src=\"https:\/\/med-br.com\/psiquiatra-brasilia\/wp-content\/uploads\/2025\/11\/MED-BR-43-1.jpg\" class=\"attachment-full size-full wp-post-image\" alt=\"MED - BR (43)\" srcset=\"https:\/\/med-br.com\/psiquiatra-brasilia\/wp-content\/uploads\/2025\/11\/MED-BR-43-1-200x200.jpg 200w, https:\/\/med-br.com\/psiquiatra-brasilia\/wp-content\/uploads\/2025\/11\/MED-BR-43-1-400x400.jpg 400w, https:\/\/med-br.com\/psiquiatra-brasilia\/wp-content\/uploads\/2025\/11\/MED-BR-43-1.jpg 600w\" sizes=\"(min-width: 2200px) 100vw, (min-width: 856px) 285px, (min-width: 784px) 380px, (min-width: 712px) 570px, (min-width: 640px) 712px, \" title=\"\"><div class=\"fusion-rollover\">\n\t<div class=\"fusion-rollover-content\">\n\n\t\t\t\t\t\t\t\t\t\t\t\t\t\t<a class=\"fusion-rollover-link\" href=\"https:\/\/med-br.com\/psiquiatra-brasilia\/teste-de-rorschach-em-tremembe\/\">O Teste de Rorschach em Trememb\u00e9: \u00c9tica, Uso Correto e Limites (Sem Pranchas)<\/a>\n\t\t\t\n\t\t\t\t\t\t\t\t\t\t\t\t\t\t\n\t\t\t\t\t\t\t\t\n\t\t\t\t\t\t\t\t\t\t\t\t\t<div class=\"fusion-rollover-sep\"><\/div>\n\t\t\t\t\n\t\t\t\t\t\t\t\t\t\t\t\t\t\t\t\t\t\t<a class=\"fusion-rollover-gallery\" href=\"https:\/\/med-br.com\/psiquiatra-brasilia\/wp-content\/uploads\/2025\/11\/MED-BR-43-1.jpg\" data-options=\"\" data-id=\"14859\" data-rel=\"iLightbox[gallery]\" data-title=\"MED - BR (43)\" data-caption=\"\">\n\t\t\t\t\t\tGaleria\t\t\t\t\t<\/a>\n\t\t\t\t\t\t\t\t\t\t\t\t\t\t\n\t\t\n\t\t\t\t\t\t\t\t\t\t\t\t<h4 class=\"fusion-rollover-title\">\n\t\t\t\t\t<a class=\"fusion-rollover-title-link\" href=\"https:\/\/med-br.com\/psiquiatra-brasilia\/teste-de-rorschach-em-tremembe\/\">\n\t\t\t\t\t\tO Teste de Rorschach em Trememb\u00e9: \u00c9tica, Uso Correto e Limites (Sem Pranchas)\t\t\t\t\t<\/a>\n\t\t\t\t<\/h4>\n\t\t\t\n\t\t\t\t\t\t\t\t\t\t<div class=\"fusion-rollover-categories\"><a href=\"https:\/\/med-br.com\/psiquiatra-brasilia\/category\/avaliacao\/\" rel=\"tag\">Avalia\u00e7\u00e3o<\/a>, <a href=\"https:\/\/med-br.com\/psiquiatra-brasilia\/category\/psiquiatra-forense\/\" rel=\"tag\">Psiquiatra Forense<\/a><\/div>\t\t\t\t\t\n\t\t\n\t\t\t\t\t\t<a class=\"fusion-link-wrapper\" href=\"https:\/\/med-br.com\/psiquiatra-brasilia\/teste-de-rorschach-em-tremembe\/\" aria-label=\"O Teste de Rorschach em Trememb\u00e9: \u00c9tica, Uso Correto e Limites (Sem Pranchas)\"><\/a>\n\t<\/div>\n<\/div>\n<\/div>\n<\/li>\n\t\t\t\n\t\t\t\n\t\t\t\t\t\t\t\t<\/ul>\n\t<\/div>\n\t<div class=\"fusion-post-content-wrapper\" style=\"padding:10px 10px 10px 10px;\"><div class=\"fusion-post-content post-content\"><h2 class=\"blog-shortcode-post-title entry-title\"><a href=\"https:\/\/med-br.com\/psiquiatra-brasilia\/teste-de-rorschach-em-tremembe\/\">O Teste de Rorschach em Trememb\u00e9: \u00c9tica, Uso Correto e Limites (Sem Pranchas)<\/a><\/h2><div class=\"fusion-content-sep sep-none\"><\/div><\/div><div class=\"fusion-meta-info\"><div class=\"fusion-aligncenter\"><a class=\"fusion-read-more\" href=\"https:\/\/med-br.com\/psiquiatra-brasilia\/teste-de-rorschach-em-tremembe\/\" aria-label=\"More on O Teste de Rorschach em Trememb\u00e9: \u00c9tica, Uso Correto e Limites (Sem Pranchas)\">Ler Mais<\/a><\/div><\/div><\/div><div class=\"fusion-clearfix\"><\/div><\/div>\n<\/article>\n<article id=\"blog-1-post-14828\" class=\"fusion-post-grid post-14828 post type-post status-publish format-standard has-post-thumbnail hentry category-avaliacao category-psiquiatra-forense\">\n<div class=\"fusion-post-wrapper\" style=\"background-color:rgba(255,255,255,1);border:1px solid var(--awb-custom_color_6);border-bottom-width:3px;\">\n\n\t\t\t<div class=\"fusion-flexslider flexslider fusion-flexslider-loading fusion-post-slideshow\" style=\"border-color:var(--awb-custom_color_6);\">\n\t\t<ul class=\"slides\">\n\t\t\t\n\t\t\t\t\t\t\t\t\t\t\t\t\t\t<li><div  class=\"fusion-image-wrapper\" aria-haspopup=\"true\">\n\t\t\t\t<img decoding=\"async\" width=\"600\" height=\"600\" src=\"https:\/\/med-br.com\/psiquiatra-brasilia\/wp-content\/uploads\/2025\/11\/MED-BR-12.jpg\" class=\"attachment-full size-full wp-post-image\" alt=\"MED - BR (12)\" srcset=\"https:\/\/med-br.com\/psiquiatra-brasilia\/wp-content\/uploads\/2025\/11\/MED-BR-12-200x200.jpg 200w, https:\/\/med-br.com\/psiquiatra-brasilia\/wp-content\/uploads\/2025\/11\/MED-BR-12-400x400.jpg 400w, https:\/\/med-br.com\/psiquiatra-brasilia\/wp-content\/uploads\/2025\/11\/MED-BR-12.jpg 600w\" sizes=\"(min-width: 2200px) 100vw, (min-width: 856px) 285px, (min-width: 784px) 380px, (min-width: 712px) 570px, (min-width: 640px) 712px, \" title=\"\"><div class=\"fusion-rollover\">\n\t<div class=\"fusion-rollover-content\">\n\n\t\t\t\t\t\t\t\t\t\t\t\t\t\t<a class=\"fusion-rollover-link\" href=\"https:\/\/med-br.com\/psiquiatra-brasilia\/pericia-psiquiatrica-forense\/\">Per\u00edcia Psiqui\u00e1trica Forense: Etapas, Documentos e o Laudo T\u00e9cnico<\/a>\n\t\t\t\n\t\t\t\t\t\t\t\t\t\t\t\t\t\t\n\t\t\t\t\t\t\t\t\n\t\t\t\t\t\t\t\t\t\t\t\t\t<div class=\"fusion-rollover-sep\"><\/div>\n\t\t\t\t\n\t\t\t\t\t\t\t\t\t\t\t\t\t\t\t\t\t\t<a class=\"fusion-rollover-gallery\" href=\"https:\/\/med-br.com\/psiquiatra-brasilia\/wp-content\/uploads\/2025\/11\/MED-BR-12.jpg\" data-options=\"\" data-id=\"14828\" data-rel=\"iLightbox[gallery]\" data-title=\"MED - BR (12)\" data-caption=\"\">\n\t\t\t\t\t\tGaleria\t\t\t\t\t<\/a>\n\t\t\t\t\t\t\t\t\t\t\t\t\t\t\n\t\t\n\t\t\t\t\t\t\t\t\t\t\t\t<h4 class=\"fusion-rollover-title\">\n\t\t\t\t\t<a class=\"fusion-rollover-title-link\" href=\"https:\/\/med-br.com\/psiquiatra-brasilia\/pericia-psiquiatrica-forense\/\">\n\t\t\t\t\t\tPer\u00edcia Psiqui\u00e1trica Forense: Etapas, Documentos e o Laudo T\u00e9cnico\t\t\t\t\t<\/a>\n\t\t\t\t<\/h4>\n\t\t\t\n\t\t\t\t\t\t\t\t\t\t<div class=\"fusion-rollover-categories\"><a href=\"https:\/\/med-br.com\/psiquiatra-brasilia\/category\/avaliacao\/\" rel=\"tag\">Avalia\u00e7\u00e3o<\/a>, <a href=\"https:\/\/med-br.com\/psiquiatra-brasilia\/category\/psiquiatra-forense\/\" rel=\"tag\">Psiquiatra Forense<\/a><\/div>\t\t\t\t\t\n\t\t\n\t\t\t\t\t\t<a class=\"fusion-link-wrapper\" href=\"https:\/\/med-br.com\/psiquiatra-brasilia\/pericia-psiquiatrica-forense\/\" aria-label=\"Per\u00edcia Psiqui\u00e1trica Forense: Etapas, Documentos e o Laudo T\u00e9cnico\"><\/a>\n\t<\/div>\n<\/div>\n<\/div>\n<\/li>\n\t\t\t\n\t\t\t\n\t\t\t\t\t\t\t\t<\/ul>\n\t<\/div>\n\t<div class=\"fusion-post-content-wrapper\" style=\"padding:10px 10px 10px 10px;\"><div class=\"fusion-post-content post-content\"><h2 class=\"blog-shortcode-post-title entry-title\"><a href=\"https:\/\/med-br.com\/psiquiatra-brasilia\/pericia-psiquiatrica-forense\/\">Per\u00edcia Psiqui\u00e1trica Forense: Etapas, Documentos e o Laudo T\u00e9cnico<\/a><\/h2><div class=\"fusion-content-sep sep-none\"><\/div><\/div><div class=\"fusion-meta-info\"><div class=\"fusion-aligncenter\"><a class=\"fusion-read-more\" href=\"https:\/\/med-br.com\/psiquiatra-brasilia\/pericia-psiquiatrica-forense\/\" aria-label=\"More on Per\u00edcia Psiqui\u00e1trica Forense: Etapas, Documentos e o Laudo T\u00e9cnico\">Ler Mais<\/a><\/div><\/div><\/div><div class=\"fusion-clearfix\"><\/div><\/div>\n<\/article>\n<article id=\"blog-1-post-14823\" class=\"fusion-post-grid post-14823 post type-post status-publish format-standard has-post-thumbnail hentry category-psicopatologia category-tremembe\">\n<div class=\"fusion-post-wrapper\" style=\"background-color:rgba(255,255,255,1);border:1px solid var(--awb-custom_color_6);border-bottom-width:3px;\">\n\n\t\t\t<div class=\"fusion-flexslider flexslider fusion-flexslider-loading fusion-post-slideshow\" style=\"border-color:var(--awb-custom_color_6);\">\n\t\t<ul class=\"slides\">\n\t\t\t\n\t\t\t\t\t\t\t\t\t\t\t\t\t\t<li><div  class=\"fusion-image-wrapper\" aria-haspopup=\"true\">\n\t\t\t\t<img decoding=\"async\" width=\"600\" height=\"600\" src=\"https:\/\/med-br.com\/psiquiatra-brasilia\/wp-content\/uploads\/2025\/11\/MED-BR-8-1.jpg\" class=\"attachment-full size-full wp-post-image\" alt=\"MED - BR (8)\" srcset=\"https:\/\/med-br.com\/psiquiatra-brasilia\/wp-content\/uploads\/2025\/11\/MED-BR-8-1-200x200.jpg 200w, https:\/\/med-br.com\/psiquiatra-brasilia\/wp-content\/uploads\/2025\/11\/MED-BR-8-1-400x400.jpg 400w, https:\/\/med-br.com\/psiquiatra-brasilia\/wp-content\/uploads\/2025\/11\/MED-BR-8-1.jpg 600w\" sizes=\"(min-width: 2200px) 100vw, (min-width: 856px) 285px, (min-width: 784px) 380px, (min-width: 712px) 570px, (min-width: 640px) 712px, \" title=\"\"><div class=\"fusion-rollover\">\n\t<div class=\"fusion-rollover-content\">\n\n\t\t\t\t\t\t\t\t\t\t\t\t\t\t<a class=\"fusion-rollover-link\" href=\"https:\/\/med-br.com\/psiquiatra-brasilia\/psiquiatras-avaliam-casos\/\">Como psiquiatras realmente avaliam casos como os de Trememb\u00e9<\/a>\n\t\t\t\n\t\t\t\t\t\t\t\t\t\t\t\t\t\t\n\t\t\t\t\t\t\t\t\n\t\t\t\t\t\t\t\t\t\t\t\t\t<div class=\"fusion-rollover-sep\"><\/div>\n\t\t\t\t\n\t\t\t\t\t\t\t\t\t\t\t\t\t\t\t\t\t\t<a class=\"fusion-rollover-gallery\" href=\"https:\/\/med-br.com\/psiquiatra-brasilia\/wp-content\/uploads\/2025\/11\/MED-BR-8-1.jpg\" data-options=\"\" data-id=\"14823\" data-rel=\"iLightbox[gallery]\" data-title=\"MED - BR (8)\" data-caption=\"\">\n\t\t\t\t\t\tGaleria\t\t\t\t\t<\/a>\n\t\t\t\t\t\t\t\t\t\t\t\t\t\t\n\t\t\n\t\t\t\t\t\t\t\t\t\t\t\t<h4 class=\"fusion-rollover-title\">\n\t\t\t\t\t<a class=\"fusion-rollover-title-link\" href=\"https:\/\/med-br.com\/psiquiatra-brasilia\/psiquiatras-avaliam-casos\/\">\n\t\t\t\t\t\tComo psiquiatras realmente avaliam casos como os de Trememb\u00e9\t\t\t\t\t<\/a>\n\t\t\t\t<\/h4>\n\t\t\t\n\t\t\t\t\t\t\t\t\t\t<div class=\"fusion-rollover-categories\"><a href=\"https:\/\/med-br.com\/psiquiatra-brasilia\/category\/psicopatologia\/\" rel=\"tag\">Psicopatologia<\/a>, <a href=\"https:\/\/med-br.com\/psiquiatra-brasilia\/category\/psicopatologia\/tremembe\/\" rel=\"tag\">Trememb\u00e9<\/a><\/div>\t\t\t\t\t\n\t\t\n\t\t\t\t\t\t<a class=\"fusion-link-wrapper\" href=\"https:\/\/med-br.com\/psiquiatra-brasilia\/psiquiatras-avaliam-casos\/\" aria-label=\"Como psiquiatras realmente avaliam casos como os de Trememb\u00e9\"><\/a>\n\t<\/div>\n<\/div>\n<\/div>\n<\/li>\n\t\t\t\n\t\t\t\n\t\t\t\t\t\t\t\t<\/ul>\n\t<\/div>\n\t<div class=\"fusion-post-content-wrapper\" style=\"padding:10px 10px 10px 10px;\"><div class=\"fusion-post-content post-content\"><h2 class=\"blog-shortcode-post-title entry-title\"><a href=\"https:\/\/med-br.com\/psiquiatra-brasilia\/psiquiatras-avaliam-casos\/\">Como psiquiatras realmente avaliam casos como os de Trememb\u00e9<\/a><\/h2><div class=\"fusion-content-sep sep-none\"><\/div><\/div><div class=\"fusion-meta-info\"><div class=\"fusion-aligncenter\"><a class=\"fusion-read-more\" href=\"https:\/\/med-br.com\/psiquiatra-brasilia\/psiquiatras-avaliam-casos\/\" aria-label=\"More on Como psiquiatras realmente avaliam casos como os de Trememb\u00e9\">Ler Mais<\/a><\/div><\/div><\/div><div class=\"fusion-clearfix\"><\/div><\/div>\n<\/article>\n<article id=\"blog-1-post-14820\" class=\"fusion-post-grid post-14820 post type-post status-publish format-standard has-post-thumbnail hentry category-psicopatologia category-tremembe\">\n<div class=\"fusion-post-wrapper\" style=\"background-color:rgba(255,255,255,1);border:1px solid var(--awb-custom_color_6);border-bottom-width:3px;\">\n\n\t\t\t<div class=\"fusion-flexslider flexslider fusion-flexslider-loading fusion-post-slideshow\" style=\"border-color:var(--awb-custom_color_6);\">\n\t\t<ul class=\"slides\">\n\t\t\t\n\t\t\t\t\t\t\t\t\t\t\t\t\t\t<li><div  class=\"fusion-image-wrapper\" aria-haspopup=\"true\">\n\t\t\t\t<img decoding=\"async\" width=\"600\" height=\"600\" src=\"https:\/\/med-br.com\/psiquiatra-brasilia\/wp-content\/uploads\/2025\/11\/MED-BR-16-1.jpg\" class=\"attachment-full size-full wp-post-image\" alt=\"MED - BR (16)\" srcset=\"https:\/\/med-br.com\/psiquiatra-brasilia\/wp-content\/uploads\/2025\/11\/MED-BR-16-1-200x200.jpg 200w, https:\/\/med-br.com\/psiquiatra-brasilia\/wp-content\/uploads\/2025\/11\/MED-BR-16-1-400x400.jpg 400w, https:\/\/med-br.com\/psiquiatra-brasilia\/wp-content\/uploads\/2025\/11\/MED-BR-16-1.jpg 600w\" sizes=\"(min-width: 2200px) 100vw, (min-width: 856px) 285px, (min-width: 784px) 380px, (min-width: 712px) 570px, (min-width: 640px) 712px, \" title=\"\"><div class=\"fusion-rollover\">\n\t<div class=\"fusion-rollover-content\">\n\n\t\t\t\t\t\t\t\t\t\t\t\t\t\t<a class=\"fusion-rollover-link\" href=\"https:\/\/med-br.com\/psiquiatra-brasilia\/a-triade-sombria-dark-triad\/\">A Tr\u00edade Sombria (Dark Triad): O Guia sobre Narcisismo, Maquiavelismo e Psicopatia<\/a>\n\t\t\t\n\t\t\t\t\t\t\t\t\t\t\t\t\t\t\n\t\t\t\t\t\t\t\t\n\t\t\t\t\t\t\t\t\t\t\t\t\t<div class=\"fusion-rollover-sep\"><\/div>\n\t\t\t\t\n\t\t\t\t\t\t\t\t\t\t\t\t\t\t\t\t\t\t<a class=\"fusion-rollover-gallery\" href=\"https:\/\/med-br.com\/psiquiatra-brasilia\/wp-content\/uploads\/2025\/11\/MED-BR-16-1.jpg\" data-options=\"\" data-id=\"14820\" data-rel=\"iLightbox[gallery]\" data-title=\"MED - BR (16)\" data-caption=\"\">\n\t\t\t\t\t\tGaleria\t\t\t\t\t<\/a>\n\t\t\t\t\t\t\t\t\t\t\t\t\t\t\n\t\t\n\t\t\t\t\t\t\t\t\t\t\t\t<h4 class=\"fusion-rollover-title\">\n\t\t\t\t\t<a class=\"fusion-rollover-title-link\" href=\"https:\/\/med-br.com\/psiquiatra-brasilia\/a-triade-sombria-dark-triad\/\">\n\t\t\t\t\t\tA Tr\u00edade Sombria (Dark Triad): O Guia sobre Narcisismo, Maquiavelismo e Psicopatia\t\t\t\t\t<\/a>\n\t\t\t\t<\/h4>\n\t\t\t\n\t\t\t\t\t\t\t\t\t\t<div class=\"fusion-rollover-categories\"><a href=\"https:\/\/med-br.com\/psiquiatra-brasilia\/category\/psicopatologia\/\" rel=\"tag\">Psicopatologia<\/a>, <a href=\"https:\/\/med-br.com\/psiquiatra-brasilia\/category\/psicopatologia\/tremembe\/\" rel=\"tag\">Trememb\u00e9<\/a><\/div>\t\t\t\t\t\n\t\t\n\t\t\t\t\t\t<a class=\"fusion-link-wrapper\" href=\"https:\/\/med-br.com\/psiquiatra-brasilia\/a-triade-sombria-dark-triad\/\" aria-label=\"A Tr\u00edade Sombria (Dark Triad): O Guia sobre Narcisismo, Maquiavelismo e Psicopatia\"><\/a>\n\t<\/div>\n<\/div>\n<\/div>\n<\/li>\n\t\t\t\n\t\t\t\n\t\t\t\t\t\t\t\t<\/ul>\n\t<\/div>\n\t<div class=\"fusion-post-content-wrapper\" style=\"padding:10px 10px 10px 10px;\"><div class=\"fusion-post-content post-content\"><h2 class=\"blog-shortcode-post-title entry-title\"><a href=\"https:\/\/med-br.com\/psiquiatra-brasilia\/a-triade-sombria-dark-triad\/\">A Tr\u00edade Sombria (Dark Triad): O Guia sobre Narcisismo, Maquiavelismo e Psicopatia<\/a><\/h2><div class=\"fusion-content-sep sep-none\"><\/div><\/div><div class=\"fusion-meta-info\"><div class=\"fusion-aligncenter\"><a class=\"fusion-read-more\" href=\"https:\/\/med-br.com\/psiquiatra-brasilia\/a-triade-sombria-dark-triad\/\" aria-label=\"More on A Tr\u00edade Sombria (Dark Triad): O Guia sobre Narcisismo, Maquiavelismo e Psicopatia\">Ler Mais<\/a><\/div><\/div><\/div><div class=\"fusion-clearfix\"><\/div><\/div>\n<\/article>\n<article id=\"blog-1-post-14818\" class=\"fusion-post-grid post-14818 post type-post status-publish format-standard has-post-thumbnail hentry category-psicopatologia category-tremembe\">\n<div class=\"fusion-post-wrapper\" style=\"background-color:rgba(255,255,255,1);border:1px solid var(--awb-custom_color_6);border-bottom-width:3px;\">\n\n\t\t\t<div class=\"fusion-flexslider flexslider fusion-flexslider-loading fusion-post-slideshow\" style=\"border-color:var(--awb-custom_color_6);\">\n\t\t<ul class=\"slides\">\n\t\t\t\n\t\t\t\t\t\t\t\t\t\t\t\t\t\t<li><div  class=\"fusion-image-wrapper\" aria-haspopup=\"true\">\n\t\t\t\t<img decoding=\"async\" width=\"600\" height=\"600\" src=\"https:\/\/med-br.com\/psiquiatra-brasilia\/wp-content\/uploads\/2025\/11\/MED-BR-20-1.jpg\" class=\"attachment-full size-full wp-post-image\" alt=\"MED - BR (20)\" srcset=\"https:\/\/med-br.com\/psiquiatra-brasilia\/wp-content\/uploads\/2025\/11\/MED-BR-20-1-200x200.jpg 200w, https:\/\/med-br.com\/psiquiatra-brasilia\/wp-content\/uploads\/2025\/11\/MED-BR-20-1-400x400.jpg 400w, https:\/\/med-br.com\/psiquiatra-brasilia\/wp-content\/uploads\/2025\/11\/MED-BR-20-1.jpg 600w\" sizes=\"(min-width: 2200px) 100vw, (min-width: 856px) 285px, (min-width: 784px) 380px, (min-width: 712px) 570px, (min-width: 640px) 712px, \" title=\"\"><div class=\"fusion-rollover\">\n\t<div class=\"fusion-rollover-content\">\n\n\t\t\t\t\t\t\t\t\t\t\t\t\t\t<a class=\"fusion-rollover-link\" href=\"https:\/\/med-br.com\/psiquiatra-brasilia\/empatia-reduzida\/\">Empatia Reduzida: O que a Neuroci\u00eancia Explica sobre a &#8220;Falta de Empatia&#8221;?<\/a>\n\t\t\t\n\t\t\t\t\t\t\t\t\t\t\t\t\t\t\n\t\t\t\t\t\t\t\t\n\t\t\t\t\t\t\t\t\t\t\t\t\t<div class=\"fusion-rollover-sep\"><\/div>\n\t\t\t\t\n\t\t\t\t\t\t\t\t\t\t\t\t\t\t\t\t\t\t<a class=\"fusion-rollover-gallery\" href=\"https:\/\/med-br.com\/psiquiatra-brasilia\/wp-content\/uploads\/2025\/11\/MED-BR-20-1.jpg\" data-options=\"\" data-id=\"14818\" data-rel=\"iLightbox[gallery]\" data-title=\"MED - BR (20)\" data-caption=\"\">\n\t\t\t\t\t\tGaleria\t\t\t\t\t<\/a>\n\t\t\t\t\t\t\t\t\t\t\t\t\t\t\n\t\t\n\t\t\t\t\t\t\t\t\t\t\t\t<h4 class=\"fusion-rollover-title\">\n\t\t\t\t\t<a class=\"fusion-rollover-title-link\" href=\"https:\/\/med-br.com\/psiquiatra-brasilia\/empatia-reduzida\/\">\n\t\t\t\t\t\tEmpatia Reduzida: O que a Neuroci\u00eancia Explica sobre a &#8220;Falta de Empatia&#8221;?\t\t\t\t\t<\/a>\n\t\t\t\t<\/h4>\n\t\t\t\n\t\t\t\t\t\t\t\t\t\t<div class=\"fusion-rollover-categories\"><a href=\"https:\/\/med-br.com\/psiquiatra-brasilia\/category\/psicopatologia\/\" rel=\"tag\">Psicopatologia<\/a>, <a href=\"https:\/\/med-br.com\/psiquiatra-brasilia\/category\/psicopatologia\/tremembe\/\" rel=\"tag\">Trememb\u00e9<\/a><\/div>\t\t\t\t\t\n\t\t\n\t\t\t\t\t\t<a class=\"fusion-link-wrapper\" href=\"https:\/\/med-br.com\/psiquiatra-brasilia\/empatia-reduzida\/\" aria-label=\"Empatia Reduzida: O que a Neuroci\u00eancia Explica sobre a &#8220;Falta de Empatia&#8221;?\"><\/a>\n\t<\/div>\n<\/div>\n<\/div>\n<\/li>\n\t\t\t\n\t\t\t\n\t\t\t\t\t\t\t\t<\/ul>\n\t<\/div>\n\t<div class=\"fusion-post-content-wrapper\" style=\"padding:10px 10px 10px 10px;\"><div class=\"fusion-post-content post-content\"><h2 class=\"blog-shortcode-post-title entry-title\"><a href=\"https:\/\/med-br.com\/psiquiatra-brasilia\/empatia-reduzida\/\">Empatia Reduzida: O que a Neuroci\u00eancia Explica sobre a &#8220;Falta de Empatia&#8221;?<\/a><\/h2><div class=\"fusion-content-sep sep-none\"><\/div><\/div><div class=\"fusion-meta-info\"><div class=\"fusion-aligncenter\"><a class=\"fusion-read-more\" href=\"https:\/\/med-br.com\/psiquiatra-brasilia\/empatia-reduzida\/\" aria-label=\"More on Empatia Reduzida: O que a Neuroci\u00eancia Explica sobre a &#8220;Falta de Empatia&#8221;?\">Ler Mais<\/a><\/div><\/div><\/div><div class=\"fusion-clearfix\"><\/div><\/div>\n<\/article>\n<article id=\"blog-1-post-14815\" class=\"fusion-post-grid post-14815 post type-post status-publish format-standard has-post-thumbnail hentry category-psicopatologia category-tremembe\">\n<div class=\"fusion-post-wrapper\" style=\"background-color:rgba(255,255,255,1);border:1px solid var(--awb-custom_color_6);border-bottom-width:3px;\">\n\n\t\t\t<div class=\"fusion-flexslider flexslider fusion-flexslider-loading fusion-post-slideshow\" style=\"border-color:var(--awb-custom_color_6);\">\n\t\t<ul class=\"slides\">\n\t\t\t\n\t\t\t\t\t\t\t\t\t\t\t\t\t\t<li><div  class=\"fusion-image-wrapper\" aria-haspopup=\"true\">\n\t\t\t\t<img decoding=\"async\" width=\"600\" height=\"388\" src=\"https:\/\/med-br.com\/psiquiatra-brasilia\/wp-content\/uploads\/2025\/11\/MED-BR-10-1.jpg\" class=\"attachment-full size-full wp-post-image\" alt=\"MED - BR (10)\" srcset=\"https:\/\/med-br.com\/psiquiatra-brasilia\/wp-content\/uploads\/2025\/11\/MED-BR-10-1-200x129.jpg 200w, https:\/\/med-br.com\/psiquiatra-brasilia\/wp-content\/uploads\/2025\/11\/MED-BR-10-1-400x259.jpg 400w, https:\/\/med-br.com\/psiquiatra-brasilia\/wp-content\/uploads\/2025\/11\/MED-BR-10-1.jpg 600w\" sizes=\"(min-width: 2200px) 100vw, (min-width: 856px) 285px, (min-width: 784px) 380px, (min-width: 712px) 570px, (min-width: 640px) 712px, \" title=\"\"><div class=\"fusion-rollover\">\n\t<div class=\"fusion-rollover-content\">\n\n\t\t\t\t\t\t\t\t\t\t\t\t\t\t<a class=\"fusion-rollover-link\" href=\"https:\/\/med-br.com\/psiquiatra-brasilia\/frieza-emocional-vs-calculo-estrategico\/\">Frieza Emocional vs. C\u00e1lculo Estrat\u00e9gico: Como a Psiquiatria Diferencia?<\/a>\n\t\t\t\n\t\t\t\t\t\t\t\t\t\t\t\t\t\t\n\t\t\t\t\t\t\t\t\n\t\t\t\t\t\t\t\t\t\t\t\t\t<div class=\"fusion-rollover-sep\"><\/div>\n\t\t\t\t\n\t\t\t\t\t\t\t\t\t\t\t\t\t\t\t\t\t\t<a class=\"fusion-rollover-gallery\" href=\"https:\/\/med-br.com\/psiquiatra-brasilia\/wp-content\/uploads\/2025\/11\/MED-BR-10-1.jpg\" data-options=\"\" data-id=\"14815\" data-rel=\"iLightbox[gallery]\" data-title=\"MED - BR (10)\" data-caption=\"\">\n\t\t\t\t\t\tGaleria\t\t\t\t\t<\/a>\n\t\t\t\t\t\t\t\t\t\t\t\t\t\t\n\t\t\n\t\t\t\t\t\t\t\t\t\t\t\t<h4 class=\"fusion-rollover-title\">\n\t\t\t\t\t<a class=\"fusion-rollover-title-link\" href=\"https:\/\/med-br.com\/psiquiatra-brasilia\/frieza-emocional-vs-calculo-estrategico\/\">\n\t\t\t\t\t\tFrieza Emocional vs. C\u00e1lculo Estrat\u00e9gico: Como a Psiquiatria Diferencia?\t\t\t\t\t<\/a>\n\t\t\t\t<\/h4>\n\t\t\t\n\t\t\t\t\t\t\t\t\t\t<div class=\"fusion-rollover-categories\"><a href=\"https:\/\/med-br.com\/psiquiatra-brasilia\/category\/psicopatologia\/\" rel=\"tag\">Psicopatologia<\/a>, <a href=\"https:\/\/med-br.com\/psiquiatra-brasilia\/category\/psicopatologia\/tremembe\/\" rel=\"tag\">Trememb\u00e9<\/a><\/div>\t\t\t\t\t\n\t\t\n\t\t\t\t\t\t<a class=\"fusion-link-wrapper\" href=\"https:\/\/med-br.com\/psiquiatra-brasilia\/frieza-emocional-vs-calculo-estrategico\/\" aria-label=\"Frieza Emocional vs. C\u00e1lculo Estrat\u00e9gico: Como a Psiquiatria Diferencia?\"><\/a>\n\t<\/div>\n<\/div>\n<\/div>\n<\/li>\n\t\t\t\n\t\t\t\n\t\t\t\t\t\t\t\t<\/ul>\n\t<\/div>\n\t<div class=\"fusion-post-content-wrapper\" style=\"padding:10px 10px 10px 10px;\"><div class=\"fusion-post-content post-content\"><h2 class=\"blog-shortcode-post-title entry-title\"><a href=\"https:\/\/med-br.com\/psiquiatra-brasilia\/frieza-emocional-vs-calculo-estrategico\/\">Frieza Emocional vs. C\u00e1lculo Estrat\u00e9gico: Como a Psiquiatria Diferencia?<\/a><\/h2><div class=\"fusion-content-sep sep-none\"><\/div><\/div><div class=\"fusion-meta-info\"><div class=\"fusion-aligncenter\"><a class=\"fusion-read-more\" href=\"https:\/\/med-br.com\/psiquiatra-brasilia\/frieza-emocional-vs-calculo-estrategico\/\" aria-label=\"More on Frieza Emocional vs. C\u00e1lculo Estrat\u00e9gico: Como a Psiquiatria Diferencia?\">Ler Mais<\/a><\/div><\/div><\/div><div class=\"fusion-clearfix\"><\/div><\/div>\n<\/article>\n<article id=\"blog-1-post-14813\" class=\"fusion-post-grid post-14813 post type-post status-publish format-standard has-post-thumbnail hentry category-psicopatologia category-tremembe\">\n<div class=\"fusion-post-wrapper\" style=\"background-color:rgba(255,255,255,1);border:1px solid var(--awb-custom_color_6);border-bottom-width:3px;\">\n\n\t\t\t<div class=\"fusion-flexslider flexslider fusion-flexslider-loading fusion-post-slideshow\" style=\"border-color:var(--awb-custom_color_6);\">\n\t\t<ul class=\"slides\">\n\t\t\t\n\t\t\t\t\t\t\t\t\t\t\t\t\t\t<li><div  class=\"fusion-image-wrapper\" aria-haspopup=\"true\">\n\t\t\t\t<img decoding=\"async\" width=\"600\" height=\"600\" src=\"https:\/\/med-br.com\/psiquiatra-brasilia\/wp-content\/uploads\/2025\/11\/MED-BR-7-1.jpg\" class=\"attachment-full size-full wp-post-image\" alt=\"MED - BR (7)\" srcset=\"https:\/\/med-br.com\/psiquiatra-brasilia\/wp-content\/uploads\/2025\/11\/MED-BR-7-1-200x200.jpg 200w, https:\/\/med-br.com\/psiquiatra-brasilia\/wp-content\/uploads\/2025\/11\/MED-BR-7-1-400x400.jpg 400w, https:\/\/med-br.com\/psiquiatra-brasilia\/wp-content\/uploads\/2025\/11\/MED-BR-7-1.jpg 600w\" sizes=\"(min-width: 2200px) 100vw, (min-width: 856px) 285px, (min-width: 784px) 380px, (min-width: 712px) 570px, (min-width: 640px) 712px, \" title=\"\"><div class=\"fusion-rollover\">\n\t<div class=\"fusion-rollover-content\">\n\n\t\t\t\t\t\t\t\t\t\t\t\t\t\t<a class=\"fusion-rollover-link\" href=\"https:\/\/med-br.com\/psiquiatra-brasilia\/tecnicas-manipulacao-psicologica\/\">T\u00e9cnicas de Manipula\u00e7\u00e3o Psicol\u00f3gica: Do Gaslighting \u00e0 Coer\u00e7\u00e3o (Guia)<\/a>\n\t\t\t\n\t\t\t\t\t\t\t\t\t\t\t\t\t\t\n\t\t\t\t\t\t\t\t\n\t\t\t\t\t\t\t\t\t\t\t\t\t<div class=\"fusion-rollover-sep\"><\/div>\n\t\t\t\t\n\t\t\t\t\t\t\t\t\t\t\t\t\t\t\t\t\t\t<a class=\"fusion-rollover-gallery\" href=\"https:\/\/med-br.com\/psiquiatra-brasilia\/wp-content\/uploads\/2025\/11\/MED-BR-7-1.jpg\" data-options=\"\" data-id=\"14813\" data-rel=\"iLightbox[gallery]\" data-title=\"MED - BR (7)\" data-caption=\"\">\n\t\t\t\t\t\tGaleria\t\t\t\t\t<\/a>\n\t\t\t\t\t\t\t\t\t\t\t\t\t\t\n\t\t\n\t\t\t\t\t\t\t\t\t\t\t\t<h4 class=\"fusion-rollover-title\">\n\t\t\t\t\t<a class=\"fusion-rollover-title-link\" href=\"https:\/\/med-br.com\/psiquiatra-brasilia\/tecnicas-manipulacao-psicologica\/\">\n\t\t\t\t\t\tT\u00e9cnicas de Manipula\u00e7\u00e3o Psicol\u00f3gica: Do Gaslighting \u00e0 Coer\u00e7\u00e3o (Guia)\t\t\t\t\t<\/a>\n\t\t\t\t<\/h4>\n\t\t\t\n\t\t\t\t\t\t\t\t\t\t<div class=\"fusion-rollover-categories\"><a href=\"https:\/\/med-br.com\/psiquiatra-brasilia\/category\/psicopatologia\/\" rel=\"tag\">Psicopatologia<\/a>, <a href=\"https:\/\/med-br.com\/psiquiatra-brasilia\/category\/psicopatologia\/tremembe\/\" rel=\"tag\">Trememb\u00e9<\/a><\/div>\t\t\t\t\t\n\t\t\n\t\t\t\t\t\t<a class=\"fusion-link-wrapper\" href=\"https:\/\/med-br.com\/psiquiatra-brasilia\/tecnicas-manipulacao-psicologica\/\" aria-label=\"T\u00e9cnicas de Manipula\u00e7\u00e3o Psicol\u00f3gica: Do Gaslighting \u00e0 Coer\u00e7\u00e3o (Guia)\"><\/a>\n\t<\/div>\n<\/div>\n<\/div>\n<\/li>\n\t\t\t\n\t\t\t\n\t\t\t\t\t\t\t\t<\/ul>\n\t<\/div>\n\t<div class=\"fusion-post-content-wrapper\" style=\"padding:10px 10px 10px 10px;\"><div class=\"fusion-post-content post-content\"><h2 class=\"blog-shortcode-post-title entry-title\"><a href=\"https:\/\/med-br.com\/psiquiatra-brasilia\/tecnicas-manipulacao-psicologica\/\">T\u00e9cnicas de Manipula\u00e7\u00e3o Psicol\u00f3gica: Do Gaslighting \u00e0 Coer\u00e7\u00e3o (Guia)<\/a><\/h2><div class=\"fusion-content-sep sep-none\"><\/div><\/div><div class=\"fusion-meta-info\"><div class=\"fusion-aligncenter\"><a class=\"fusion-read-more\" href=\"https:\/\/med-br.com\/psiquiatra-brasilia\/tecnicas-manipulacao-psicologica\/\" aria-label=\"More on T\u00e9cnicas de Manipula\u00e7\u00e3o Psicol\u00f3gica: Do Gaslighting \u00e0 Coer\u00e7\u00e3o (Guia)\">Ler Mais<\/a><\/div><\/div><\/div><div class=\"fusion-clearfix\"><\/div><\/div>\n<\/article>\n<article id=\"blog-1-post-14811\" class=\"fusion-post-grid post-14811 post type-post status-publish format-standard has-post-thumbnail hentry category-psicopatologia category-tremembe\">\n<div class=\"fusion-post-wrapper\" style=\"background-color:rgba(255,255,255,1);border:1px solid var(--awb-custom_color_6);border-bottom-width:3px;\">\n\n\t\t\t<div class=\"fusion-flexslider flexslider fusion-flexslider-loading fusion-post-slideshow\" style=\"border-color:var(--awb-custom_color_6);\">\n\t\t<ul class=\"slides\">\n\t\t\t\n\t\t\t\t\t\t\t\t\t\t\t\t\t\t<li><div  class=\"fusion-image-wrapper\" aria-haspopup=\"true\">\n\t\t\t\t<img decoding=\"async\" width=\"600\" height=\"600\" src=\"https:\/\/med-br.com\/psiquiatra-brasilia\/wp-content\/uploads\/2025\/11\/MED-BR-6-1.jpg\" class=\"attachment-full size-full wp-post-image\" alt=\"MED - BR (6)\" srcset=\"https:\/\/med-br.com\/psiquiatra-brasilia\/wp-content\/uploads\/2025\/11\/MED-BR-6-1-200x200.jpg 200w, https:\/\/med-br.com\/psiquiatra-brasilia\/wp-content\/uploads\/2025\/11\/MED-BR-6-1-400x400.jpg 400w, https:\/\/med-br.com\/psiquiatra-brasilia\/wp-content\/uploads\/2025\/11\/MED-BR-6-1.jpg 600w\" sizes=\"(min-width: 2200px) 100vw, (min-width: 856px) 285px, (min-width: 784px) 380px, (min-width: 712px) 570px, (min-width: 640px) 712px, \" title=\"\"><div class=\"fusion-rollover\">\n\t<div class=\"fusion-rollover-content\">\n\n\t\t\t\t\t\t\t\t\t\t\t\t\t\t<a class=\"fusion-rollover-link\" href=\"https:\/\/med-br.com\/psiquiatra-brasilia\/narcisismo-patologico\/\">Narcisismo Patol\u00f3gico: Da Grandiosidade \u00e0 Fragilidade (A An\u00e1lise Cl\u00ednica)<\/a>\n\t\t\t\n\t\t\t\t\t\t\t\t\t\t\t\t\t\t\n\t\t\t\t\t\t\t\t\n\t\t\t\t\t\t\t\t\t\t\t\t\t<div class=\"fusion-rollover-sep\"><\/div>\n\t\t\t\t\n\t\t\t\t\t\t\t\t\t\t\t\t\t\t\t\t\t\t<a class=\"fusion-rollover-gallery\" href=\"https:\/\/med-br.com\/psiquiatra-brasilia\/wp-content\/uploads\/2025\/11\/MED-BR-6-1.jpg\" data-options=\"\" data-id=\"14811\" data-rel=\"iLightbox[gallery]\" data-title=\"MED - BR (6)\" data-caption=\"\">\n\t\t\t\t\t\tGaleria\t\t\t\t\t<\/a>\n\t\t\t\t\t\t\t\t\t\t\t\t\t\t\n\t\t\n\t\t\t\t\t\t\t\t\t\t\t\t<h4 class=\"fusion-rollover-title\">\n\t\t\t\t\t<a class=\"fusion-rollover-title-link\" href=\"https:\/\/med-br.com\/psiquiatra-brasilia\/narcisismo-patologico\/\">\n\t\t\t\t\t\tNarcisismo Patol\u00f3gico: Da Grandiosidade \u00e0 Fragilidade (A An\u00e1lise Cl\u00ednica)\t\t\t\t\t<\/a>\n\t\t\t\t<\/h4>\n\t\t\t\n\t\t\t\t\t\t\t\t\t\t<div class=\"fusion-rollover-categories\"><a href=\"https:\/\/med-br.com\/psiquiatra-brasilia\/category\/psicopatologia\/\" rel=\"tag\">Psicopatologia<\/a>, <a href=\"https:\/\/med-br.com\/psiquiatra-brasilia\/category\/psicopatologia\/tremembe\/\" rel=\"tag\">Trememb\u00e9<\/a><\/div>\t\t\t\t\t\n\t\t\n\t\t\t\t\t\t<a class=\"fusion-link-wrapper\" href=\"https:\/\/med-br.com\/psiquiatra-brasilia\/narcisismo-patologico\/\" aria-label=\"Narcisismo Patol\u00f3gico: Da Grandiosidade \u00e0 Fragilidade (A An\u00e1lise Cl\u00ednica)\"><\/a>\n\t<\/div>\n<\/div>\n<\/div>\n<\/li>\n\t\t\t\n\t\t\t\n\t\t\t\t\t\t\t\t<\/ul>\n\t<\/div>\n\t<div class=\"fusion-post-content-wrapper\" style=\"padding:10px 10px 10px 10px;\"><div class=\"fusion-post-content post-content\"><h2 class=\"blog-shortcode-post-title entry-title\"><a href=\"https:\/\/med-br.com\/psiquiatra-brasilia\/narcisismo-patologico\/\">Narcisismo Patol\u00f3gico: Da Grandiosidade \u00e0 Fragilidade (A An\u00e1lise Cl\u00ednica)<\/a><\/h2><div class=\"fusion-content-sep sep-none\"><\/div><\/div><div class=\"fusion-meta-info\"><div class=\"fusion-aligncenter\"><a class=\"fusion-read-more\" href=\"https:\/\/med-br.com\/psiquiatra-brasilia\/narcisismo-patologico\/\" aria-label=\"More on Narcisismo Patol\u00f3gico: Da Grandiosidade \u00e0 Fragilidade (A An\u00e1lise Cl\u00ednica)\">Ler Mais<\/a><\/div><\/div><\/div><div class=\"fusion-clearfix\"><\/div><\/div>\n<\/article>\n<article id=\"blog-1-post-14807\" class=\"fusion-post-grid post-14807 post type-post status-publish format-standard has-post-thumbnail hentry category-psicopatologia category-tremembe\">\n<div class=\"fusion-post-wrapper\" style=\"background-color:rgba(255,255,255,1);border:1px solid var(--awb-custom_color_6);border-bottom-width:3px;\">\n\n\t\t\t<div class=\"fusion-flexslider flexslider fusion-flexslider-loading fusion-post-slideshow\" style=\"border-color:var(--awb-custom_color_6);\">\n\t\t<ul class=\"slides\">\n\t\t\t\n\t\t\t\t\t\t\t\t\t\t\t\t\t\t<li><div  class=\"fusion-image-wrapper\" aria-haspopup=\"true\">\n\t\t\t\t<img decoding=\"async\" width=\"600\" height=\"600\" src=\"https:\/\/med-br.com\/psiquiatra-brasilia\/wp-content\/uploads\/2025\/11\/MED-BR-5-1.jpg\" class=\"attachment-full size-full wp-post-image\" alt=\"MED - BR (5)\" srcset=\"https:\/\/med-br.com\/psiquiatra-brasilia\/wp-content\/uploads\/2025\/11\/MED-BR-5-1-200x200.jpg 200w, https:\/\/med-br.com\/psiquiatra-brasilia\/wp-content\/uploads\/2025\/11\/MED-BR-5-1-400x400.jpg 400w, https:\/\/med-br.com\/psiquiatra-brasilia\/wp-content\/uploads\/2025\/11\/MED-BR-5-1.jpg 600w\" sizes=\"(min-width: 2200px) 100vw, (min-width: 856px) 285px, (min-width: 784px) 380px, (min-width: 712px) 570px, (min-width: 640px) 712px, \" title=\"\"><div class=\"fusion-rollover\">\n\t<div class=\"fusion-rollover-content\">\n\n\t\t\t\t\t\t\t\t\t\t\t\t\t\t<a class=\"fusion-rollover-link\" href=\"https:\/\/med-br.com\/psiquiatra-brasilia\/psicopata-vs-transtorno-antissocial\/\">Psicopata vs. Transtorno Antissocial (TPAS): O que s\u00e3o e qual a diferen\u00e7a real?<\/a>\n\t\t\t\n\t\t\t\t\t\t\t\t\t\t\t\t\t\t\n\t\t\t\t\t\t\t\t\n\t\t\t\t\t\t\t\t\t\t\t\t\t<div class=\"fusion-rollover-sep\"><\/div>\n\t\t\t\t\n\t\t\t\t\t\t\t\t\t\t\t\t\t\t\t\t\t\t<a class=\"fusion-rollover-gallery\" href=\"https:\/\/med-br.com\/psiquiatra-brasilia\/wp-content\/uploads\/2025\/11\/MED-BR-5-1.jpg\" data-options=\"\" data-id=\"14807\" data-rel=\"iLightbox[gallery]\" data-title=\"MED - BR (5)\" data-caption=\"\">\n\t\t\t\t\t\tGaleria\t\t\t\t\t<\/a>\n\t\t\t\t\t\t\t\t\t\t\t\t\t\t\n\t\t\n\t\t\t\t\t\t\t\t\t\t\t\t<h4 class=\"fusion-rollover-title\">\n\t\t\t\t\t<a class=\"fusion-rollover-title-link\" href=\"https:\/\/med-br.com\/psiquiatra-brasilia\/psicopata-vs-transtorno-antissocial\/\">\n\t\t\t\t\t\tPsicopata vs. Transtorno Antissocial (TPAS): O que s\u00e3o e qual a diferen\u00e7a real?\t\t\t\t\t<\/a>\n\t\t\t\t<\/h4>\n\t\t\t\n\t\t\t\t\t\t\t\t\t\t<div class=\"fusion-rollover-categories\"><a href=\"https:\/\/med-br.com\/psiquiatra-brasilia\/category\/psicopatologia\/\" rel=\"tag\">Psicopatologia<\/a>, <a href=\"https:\/\/med-br.com\/psiquiatra-brasilia\/category\/psicopatologia\/tremembe\/\" rel=\"tag\">Trememb\u00e9<\/a><\/div>\t\t\t\t\t\n\t\t\n\t\t\t\t\t\t<a class=\"fusion-link-wrapper\" href=\"https:\/\/med-br.com\/psiquiatra-brasilia\/psicopata-vs-transtorno-antissocial\/\" aria-label=\"Psicopata vs. Transtorno Antissocial (TPAS): O que s\u00e3o e qual a diferen\u00e7a real?\"><\/a>\n\t<\/div>\n<\/div>\n<\/div>\n<\/li>\n\t\t\t\n\t\t\t\n\t\t\t\t\t\t\t\t<\/ul>\n\t<\/div>\n\t<div class=\"fusion-post-content-wrapper\" style=\"padding:10px 10px 10px 10px;\"><div class=\"fusion-post-content post-content\"><h2 class=\"blog-shortcode-post-title entry-title\"><a href=\"https:\/\/med-br.com\/psiquiatra-brasilia\/psicopata-vs-transtorno-antissocial\/\">Psicopata vs. Transtorno Antissocial (TPAS): O que s\u00e3o e qual a diferen\u00e7a real?<\/a><\/h2><div class=\"fusion-content-sep sep-none\"><\/div><\/div><div class=\"fusion-meta-info\"><div class=\"fusion-aligncenter\"><a class=\"fusion-read-more\" href=\"https:\/\/med-br.com\/psiquiatra-brasilia\/psicopata-vs-transtorno-antissocial\/\" aria-label=\"More on Psicopata vs. Transtorno Antissocial (TPAS): O que s\u00e3o e qual a diferen\u00e7a real?\">Ler Mais<\/a><\/div><\/div><\/div><div class=\"fusion-clearfix\"><\/div><\/div>\n<\/article>\n<article id=\"blog-1-post-14805\" class=\"fusion-post-grid post-14805 post type-post status-publish format-standard has-post-thumbnail hentry category-psicopatologia category-tremembe\">\n<div class=\"fusion-post-wrapper\" style=\"background-color:rgba(255,255,255,1);border:1px solid var(--awb-custom_color_6);border-bottom-width:3px;\">\n\n\t\t\t<div class=\"fusion-flexslider flexslider fusion-flexslider-loading fusion-post-slideshow\" style=\"border-color:var(--awb-custom_color_6);\">\n\t\t<ul class=\"slides\">\n\t\t\t\n\t\t\t\t\t\t\t\t\t\t\t\t\t\t<li><div  class=\"fusion-image-wrapper\" aria-haspopup=\"true\">\n\t\t\t\t<img decoding=\"async\" width=\"600\" height=\"600\" src=\"https:\/\/med-br.com\/psiquiatra-brasilia\/wp-content\/uploads\/2025\/11\/MED-BR-4-1.jpg\" class=\"attachment-full size-full wp-post-image\" alt=\"MED - BR (4)\" srcset=\"https:\/\/med-br.com\/psiquiatra-brasilia\/wp-content\/uploads\/2025\/11\/MED-BR-4-1-200x200.jpg 200w, https:\/\/med-br.com\/psiquiatra-brasilia\/wp-content\/uploads\/2025\/11\/MED-BR-4-1-400x400.jpg 400w, https:\/\/med-br.com\/psiquiatra-brasilia\/wp-content\/uploads\/2025\/11\/MED-BR-4-1.jpg 600w\" sizes=\"(min-width: 2200px) 100vw, (min-width: 856px) 285px, (min-width: 784px) 380px, (min-width: 712px) 570px, (min-width: 640px) 712px, \" title=\"\"><div class=\"fusion-rollover\">\n\t<div class=\"fusion-rollover-content\">\n\n\t\t\t\t\t\t\t\t\t\t\t\t\t\t<a class=\"fusion-rollover-link\" href=\"https:\/\/med-br.com\/psiquiatra-brasilia\/psicopatia-narcisismo-manipulacao\/\">Psicopatia, narcisismo e manipula\u00e7\u00e3o em Trememb\u00e9: leitura cl\u00ednica de psiquiatras<\/a>\n\t\t\t\n\t\t\t\t\t\t\t\t\t\t\t\t\t\t\n\t\t\t\t\t\t\t\t\n\t\t\t\t\t\t\t\t\t\t\t\t\t<div class=\"fusion-rollover-sep\"><\/div>\n\t\t\t\t\n\t\t\t\t\t\t\t\t\t\t\t\t\t\t\t\t\t\t<a class=\"fusion-rollover-gallery\" href=\"https:\/\/med-br.com\/psiquiatra-brasilia\/wp-content\/uploads\/2025\/11\/MED-BR-4-1.jpg\" data-options=\"\" data-id=\"14805\" data-rel=\"iLightbox[gallery]\" data-title=\"MED - BR (4)\" data-caption=\"\">\n\t\t\t\t\t\tGaleria\t\t\t\t\t<\/a>\n\t\t\t\t\t\t\t\t\t\t\t\t\t\t\n\t\t\n\t\t\t\t\t\t\t\t\t\t\t\t<h4 class=\"fusion-rollover-title\">\n\t\t\t\t\t<a class=\"fusion-rollover-title-link\" href=\"https:\/\/med-br.com\/psiquiatra-brasilia\/psicopatia-narcisismo-manipulacao\/\">\n\t\t\t\t\t\tPsicopatia, narcisismo e manipula\u00e7\u00e3o em Trememb\u00e9: leitura cl\u00ednica de psiquiatras\t\t\t\t\t<\/a>\n\t\t\t\t<\/h4>\n\t\t\t\n\t\t\t\t\t\t\t\t\t\t<div class=\"fusion-rollover-categories\"><a href=\"https:\/\/med-br.com\/psiquiatra-brasilia\/category\/psicopatologia\/\" rel=\"tag\">Psicopatologia<\/a>, <a href=\"https:\/\/med-br.com\/psiquiatra-brasilia\/category\/psicopatologia\/tremembe\/\" rel=\"tag\">Trememb\u00e9<\/a><\/div>\t\t\t\t\t\n\t\t\n\t\t\t\t\t\t<a class=\"fusion-link-wrapper\" href=\"https:\/\/med-br.com\/psiquiatra-brasilia\/psicopatia-narcisismo-manipulacao\/\" aria-label=\"Psicopatia, narcisismo e manipula\u00e7\u00e3o em Trememb\u00e9: leitura cl\u00ednica de psiquiatras\"><\/a>\n\t<\/div>\n<\/div>\n<\/div>\n<\/li>\n\t\t\t\n\t\t\t\n\t\t\t\t\t\t\t\t<\/ul>\n\t<\/div>\n\t<div class=\"fusion-post-content-wrapper\" style=\"padding:10px 10px 10px 10px;\"><div class=\"fusion-post-content post-content\"><h2 class=\"blog-shortcode-post-title entry-title\"><a href=\"https:\/\/med-br.com\/psiquiatra-brasilia\/psicopatia-narcisismo-manipulacao\/\">Psicopatia, narcisismo e manipula\u00e7\u00e3o em Trememb\u00e9: leitura cl\u00ednica de psiquiatras<\/a><\/h2><div class=\"fusion-content-sep sep-none\"><\/div><\/div><div class=\"fusion-meta-info\"><div class=\"fusion-aligncenter\"><a class=\"fusion-read-more\" href=\"https:\/\/med-br.com\/psiquiatra-brasilia\/psicopatia-narcisismo-manipulacao\/\" aria-label=\"More on Psicopatia, narcisismo e manipula\u00e7\u00e3o em Trememb\u00e9: leitura cl\u00ednica de psiquiatras\">Ler Mais<\/a><\/div><\/div><\/div><div class=\"fusion-clearfix\"><\/div><\/div>\n<\/article>\n<article id=\"blog-1-post-14705\" class=\"fusion-post-grid post-14705 post type-post status-publish format-standard has-post-thumbnail hentry category-psicopatologia category-tremembe tag-principal tag-tremembe\">\n<div class=\"fusion-post-wrapper\" style=\"background-color:rgba(255,255,255,1);border:1px solid var(--awb-custom_color_6);border-bottom-width:3px;\">\n\n\t\t\t<div class=\"fusion-flexslider flexslider fusion-flexslider-loading fusion-post-slideshow\" style=\"border-color:var(--awb-custom_color_6);\">\n\t\t<ul class=\"slides\">\n\t\t\t\n\t\t\t\t\t\t\t\t\t\t\t\t\t\t<li><div  class=\"fusion-image-wrapper\" aria-haspopup=\"true\">\n\t\t\t\t<img decoding=\"async\" width=\"600\" height=\"600\" src=\"https:\/\/med-br.com\/psiquiatra-brasilia\/wp-content\/uploads\/2025\/11\/MED-BR-1-1.jpg\" class=\"attachment-full size-full wp-post-image\" alt=\"MED - BR (1)\" srcset=\"https:\/\/med-br.com\/psiquiatra-brasilia\/wp-content\/uploads\/2025\/11\/MED-BR-1-1-200x200.jpg 200w, https:\/\/med-br.com\/psiquiatra-brasilia\/wp-content\/uploads\/2025\/11\/MED-BR-1-1-400x400.jpg 400w, https:\/\/med-br.com\/psiquiatra-brasilia\/wp-content\/uploads\/2025\/11\/MED-BR-1-1.jpg 600w\" sizes=\"(min-width: 2200px) 100vw, (min-width: 856px) 285px, (min-width: 784px) 380px, (min-width: 712px) 570px, (min-width: 640px) 712px, \" title=\"\"><div class=\"fusion-rollover\">\n\t<div class=\"fusion-rollover-content\">\n\n\t\t\t\t\t\t\t\t\t\t\t\t\t\t<a class=\"fusion-rollover-link\" href=\"https:\/\/med-br.com\/psiquiatra-brasilia\/tremembe-e-psiquiatria-forense\/\">Trememb\u00e9 e a Psiquiatria Forense: A An\u00e1lise Definitiva<\/a>\n\t\t\t\n\t\t\t\t\t\t\t\t\t\t\t\t\t\t\n\t\t\t\t\t\t\t\t\n\t\t\t\t\t\t\t\t\t\t\t\t\t<div class=\"fusion-rollover-sep\"><\/div>\n\t\t\t\t\n\t\t\t\t\t\t\t\t\t\t\t\t\t\t\t\t\t\t<a class=\"fusion-rollover-gallery\" href=\"https:\/\/med-br.com\/psiquiatra-brasilia\/wp-content\/uploads\/2025\/11\/MED-BR-1-1.jpg\" data-options=\"\" data-id=\"14705\" data-rel=\"iLightbox[gallery]\" data-title=\"MED - BR (1)\" data-caption=\"\">\n\t\t\t\t\t\tGaleria\t\t\t\t\t<\/a>\n\t\t\t\t\t\t\t\t\t\t\t\t\t\t\n\t\t\n\t\t\t\t\t\t\t\t\t\t\t\t<h4 class=\"fusion-rollover-title\">\n\t\t\t\t\t<a class=\"fusion-rollover-title-link\" href=\"https:\/\/med-br.com\/psiquiatra-brasilia\/tremembe-e-psiquiatria-forense\/\">\n\t\t\t\t\t\tTrememb\u00e9 e a Psiquiatria Forense: A An\u00e1lise Definitiva\t\t\t\t\t<\/a>\n\t\t\t\t<\/h4>\n\t\t\t\n\t\t\t\t\t\t\t\t\t\t<div class=\"fusion-rollover-categories\"><a href=\"https:\/\/med-br.com\/psiquiatra-brasilia\/category\/psicopatologia\/\" rel=\"tag\">Psicopatologia<\/a>, <a href=\"https:\/\/med-br.com\/psiquiatra-brasilia\/category\/psicopatologia\/tremembe\/\" rel=\"tag\">Trememb\u00e9<\/a><\/div>\t\t\t\t\t\n\t\t\n\t\t\t\t\t\t<a class=\"fusion-link-wrapper\" href=\"https:\/\/med-br.com\/psiquiatra-brasilia\/tremembe-e-psiquiatria-forense\/\" aria-label=\"Trememb\u00e9 e a Psiquiatria Forense: A An\u00e1lise Definitiva\"><\/a>\n\t<\/div>\n<\/div>\n<\/div>\n<\/li>\n\t\t\t\n\t\t\t\n\t\t\t\t\t\t\t\t<\/ul>\n\t<\/div>\n\t<div class=\"fusion-post-content-wrapper\" style=\"padding:10px 10px 10px 10px;\"><div class=\"fusion-post-content post-content\"><h2 class=\"blog-shortcode-post-title entry-title\"><a href=\"https:\/\/med-br.com\/psiquiatra-brasilia\/tremembe-e-psiquiatria-forense\/\">Trememb\u00e9 e a Psiquiatria Forense: A An\u00e1lise Definitiva<\/a><\/h2><div class=\"fusion-content-sep sep-none\"><\/div><\/div><div class=\"fusion-meta-info\"><div class=\"fusion-aligncenter\"><a class=\"fusion-read-more\" href=\"https:\/\/med-br.com\/psiquiatra-brasilia\/tremembe-e-psiquiatria-forense\/\" aria-label=\"More on Trememb\u00e9 e a Psiquiatria Forense: A An\u00e1lise Definitiva\">Ler Mais<\/a><\/div><\/div><\/div><div class=\"fusion-clearfix\"><\/div><\/div>\n<\/article>\n<article id=\"blog-1-post-14479\" class=\"fusion-post-grid post-14479 post type-post status-publish format-standard has-post-thumbnail hentry category-especialidade\">\n<div class=\"fusion-post-wrapper\" style=\"background-color:rgba(255,255,255,1);border:1px solid var(--awb-custom_color_6);border-bottom-width:3px;\">\n\n\t\t\t<div class=\"fusion-flexslider flexslider fusion-flexslider-loading fusion-post-slideshow\" style=\"border-color:var(--awb-custom_color_6);\">\n\t\t<ul class=\"slides\">\n\t\t\t\n\t\t\t\t\t\t\t\t\t\t\t\t\t\t<li><div  class=\"fusion-image-wrapper\" aria-haspopup=\"true\">\n\t\t\t\t<img decoding=\"async\" width=\"300\" height=\"300\" src=\"https:\/\/med-br.com\/psiquiatra-brasilia\/wp-content\/uploads\/2025\/09\/dra-thaissa-cruvinel-psiquiatra-forense-em-brasilia-previdenciais-e-administrativas.jpg\" class=\"attachment-full size-full wp-post-image\" alt=\"dra thaissa cruvinel - psiquiatra forense em brasilia - previdenciais e administrativas\" srcset=\"https:\/\/med-br.com\/psiquiatra-brasilia\/wp-content\/uploads\/2025\/09\/dra-thaissa-cruvinel-psiquiatra-forense-em-brasilia-previdenciais-e-administrativas-200x200.jpg 200w, https:\/\/med-br.com\/psiquiatra-brasilia\/wp-content\/uploads\/2025\/09\/dra-thaissa-cruvinel-psiquiatra-forense-em-brasilia-previdenciais-e-administrativas.jpg 300w\" sizes=\"(min-width: 2200px) 100vw, (min-width: 856px) 285px, (min-width: 784px) 380px, (min-width: 712px) 570px, (min-width: 640px) 712px, \" title=\"\"><div class=\"fusion-rollover\">\n\t<div class=\"fusion-rollover-content\">\n\n\t\t\t\t\t\t\t\t\t\t\t\t\t\t<a class=\"fusion-rollover-link\" href=\"https:\/\/med-br.com\/psiquiatra-brasilia\/pericias-previdenciarias-e-administrativas\/\">Per\u00edcias Previdenci\u00e1rias e\u00a0Administrativas<\/a>\n\t\t\t\n\t\t\t\t\t\t\t\t\t\t\t\t\t\t\n\t\t\t\t\t\t\t\t\n\t\t\t\t\t\t\t\t\t\t\t\t\t<div class=\"fusion-rollover-sep\"><\/div>\n\t\t\t\t\n\t\t\t\t\t\t\t\t\t\t\t\t\t\t\t\t\t\t<a class=\"fusion-rollover-gallery\" href=\"https:\/\/med-br.com\/psiquiatra-brasilia\/wp-content\/uploads\/2025\/09\/dra-thaissa-cruvinel-psiquiatra-forense-em-brasilia-previdenciais-e-administrativas.jpg\" data-options=\"\" data-id=\"14479\" data-rel=\"iLightbox[gallery]\" data-title=\"dra thaissa cruvinel - psiquiatra forense em brasilia - previdenciais e administrativas\" data-caption=\"\">\n\t\t\t\t\t\tGaleria\t\t\t\t\t<\/a>\n\t\t\t\t\t\t\t\t\t\t\t\t\t\t\n\t\t\n\t\t\t\t\t\t\t\t\t\t\t\t<h4 class=\"fusion-rollover-title\">\n\t\t\t\t\t<a class=\"fusion-rollover-title-link\" href=\"https:\/\/med-br.com\/psiquiatra-brasilia\/pericias-previdenciarias-e-administrativas\/\">\n\t\t\t\t\t\tPer\u00edcias Previdenci\u00e1rias e\u00a0Administrativas\t\t\t\t\t<\/a>\n\t\t\t\t<\/h4>\n\t\t\t\n\t\t\t\t\t\t\t\t\t\t<div class=\"fusion-rollover-categories\"><a href=\"https:\/\/med-br.com\/psiquiatra-brasilia\/category\/especialidade\/\" rel=\"tag\">Especialidade<\/a><\/div>\t\t\t\t\t\n\t\t\n\t\t\t\t\t\t<a class=\"fusion-link-wrapper\" href=\"https:\/\/med-br.com\/psiquiatra-brasilia\/pericias-previdenciarias-e-administrativas\/\" aria-label=\"Per\u00edcias Previdenci\u00e1rias e\u00a0Administrativas\"><\/a>\n\t<\/div>\n<\/div>\n<\/div>\n<\/li>\n\t\t\t\n\t\t\t\n\t\t\t\t\t\t\t\t<\/ul>\n\t<\/div>\n\t<div class=\"fusion-post-content-wrapper\" style=\"padding:10px 10px 10px 10px;\"><div class=\"fusion-post-content post-content\"><h2 class=\"blog-shortcode-post-title entry-title\"><a href=\"https:\/\/med-br.com\/psiquiatra-brasilia\/pericias-previdenciarias-e-administrativas\/\">Per\u00edcias Previdenci\u00e1rias e\u00a0Administrativas<\/a><\/h2><div class=\"fusion-content-sep sep-none\"><\/div><\/div><div class=\"fusion-meta-info\"><div class=\"fusion-aligncenter\"><a class=\"fusion-read-more\" href=\"https:\/\/med-br.com\/psiquiatra-brasilia\/pericias-previdenciarias-e-administrativas\/\" aria-label=\"More on Per\u00edcias Previdenci\u00e1rias e\u00a0Administrativas\">Ler Mais<\/a><\/div><\/div><\/div><div class=\"fusion-clearfix\"><\/div><\/div>\n<\/article>\n<article id=\"blog-1-post-14477\" class=\"fusion-post-grid post-14477 post type-post status-publish format-standard has-post-thumbnail hentry category-especialidade\">\n<div class=\"fusion-post-wrapper\" style=\"background-color:rgba(255,255,255,1);border:1px solid var(--awb-custom_color_6);border-bottom-width:3px;\">\n\n\t\t\t<div class=\"fusion-flexslider flexslider fusion-flexslider-loading fusion-post-slideshow\" style=\"border-color:var(--awb-custom_color_6);\">\n\t\t<ul class=\"slides\">\n\t\t\t\n\t\t\t\t\t\t\t\t\t\t\t\t\t\t<li><div  class=\"fusion-image-wrapper\" aria-haspopup=\"true\">\n\t\t\t\t<img decoding=\"async\" width=\"300\" height=\"300\" src=\"https:\/\/med-br.com\/psiquiatra-brasilia\/wp-content\/uploads\/2025\/09\/dra-thaissa-cruvinel-psiquiatra-forense-em-brasilia-direito-da-familia.jpg\" class=\"attachment-full size-full wp-post-image\" alt=\"dra thaissa cruvinel - psiquiatra forense em brasilia - direito da familia\" srcset=\"https:\/\/med-br.com\/psiquiatra-brasilia\/wp-content\/uploads\/2025\/09\/dra-thaissa-cruvinel-psiquiatra-forense-em-brasilia-direito-da-familia-200x200.jpg 200w, https:\/\/med-br.com\/psiquiatra-brasilia\/wp-content\/uploads\/2025\/09\/dra-thaissa-cruvinel-psiquiatra-forense-em-brasilia-direito-da-familia.jpg 300w\" sizes=\"(min-width: 2200px) 100vw, (min-width: 856px) 285px, (min-width: 784px) 380px, (min-width: 712px) 570px, (min-width: 640px) 712px, \" title=\"\"><div class=\"fusion-rollover\">\n\t<div class=\"fusion-rollover-content\">\n\n\t\t\t\t\t\t\t\t\t\t\t\t\t\t<a class=\"fusion-rollover-link\" href=\"https:\/\/med-br.com\/psiquiatra-brasilia\/pericias-em-direito-da-familia-guarda-de-filhos\/\">Per\u00edcias em Direito da Fam\u00edlia (Guarda de Filhos)<\/a>\n\t\t\t\n\t\t\t\t\t\t\t\t\t\t\t\t\t\t\n\t\t\t\t\t\t\t\t\n\t\t\t\t\t\t\t\t\t\t\t\t\t<div class=\"fusion-rollover-sep\"><\/div>\n\t\t\t\t\n\t\t\t\t\t\t\t\t\t\t\t\t\t\t\t\t\t\t<a class=\"fusion-rollover-gallery\" href=\"https:\/\/med-br.com\/psiquiatra-brasilia\/wp-content\/uploads\/2025\/09\/dra-thaissa-cruvinel-psiquiatra-forense-em-brasilia-direito-da-familia.jpg\" data-options=\"\" data-id=\"14477\" data-rel=\"iLightbox[gallery]\" data-title=\"dra thaissa cruvinel - psiquiatra forense em brasilia - direito da familia\" data-caption=\"\">\n\t\t\t\t\t\tGaleria\t\t\t\t\t<\/a>\n\t\t\t\t\t\t\t\t\t\t\t\t\t\t\n\t\t\n\t\t\t\t\t\t\t\t\t\t\t\t<h4 class=\"fusion-rollover-title\">\n\t\t\t\t\t<a class=\"fusion-rollover-title-link\" href=\"https:\/\/med-br.com\/psiquiatra-brasilia\/pericias-em-direito-da-familia-guarda-de-filhos\/\">\n\t\t\t\t\t\tPer\u00edcias em Direito da Fam\u00edlia (Guarda de Filhos)\t\t\t\t\t<\/a>\n\t\t\t\t<\/h4>\n\t\t\t\n\t\t\t\t\t\t\t\t\t\t<div class=\"fusion-rollover-categories\"><a href=\"https:\/\/med-br.com\/psiquiatra-brasilia\/category\/especialidade\/\" rel=\"tag\">Especialidade<\/a><\/div>\t\t\t\t\t\n\t\t\n\t\t\t\t\t\t<a class=\"fusion-link-wrapper\" href=\"https:\/\/med-br.com\/psiquiatra-brasilia\/pericias-em-direito-da-familia-guarda-de-filhos\/\" aria-label=\"Per\u00edcias em Direito da Fam\u00edlia (Guarda de Filhos)\"><\/a>\n\t<\/div>\n<\/div>\n<\/div>\n<\/li>\n\t\t\t\n\t\t\t\n\t\t\t\t\t\t\t\t<\/ul>\n\t<\/div>\n\t<div class=\"fusion-post-content-wrapper\" style=\"padding:10px 10px 10px 10px;\"><div class=\"fusion-post-content post-content\"><h2 class=\"blog-shortcode-post-title entry-title\"><a href=\"https:\/\/med-br.com\/psiquiatra-brasilia\/pericias-em-direito-da-familia-guarda-de-filhos\/\">Per\u00edcias em Direito da Fam\u00edlia (Guarda de Filhos)<\/a><\/h2><div class=\"fusion-content-sep sep-none\"><\/div><\/div><div class=\"fusion-meta-info\"><div class=\"fusion-aligncenter\"><a class=\"fusion-read-more\" href=\"https:\/\/med-br.com\/psiquiatra-brasilia\/pericias-em-direito-da-familia-guarda-de-filhos\/\" aria-label=\"More on Per\u00edcias em Direito da Fam\u00edlia (Guarda de Filhos)\">Ler Mais<\/a><\/div><\/div><\/div><div class=\"fusion-clearfix\"><\/div><\/div>\n<\/article>\n<article id=\"blog-1-post-14475\" class=\"fusion-post-grid post-14475 post type-post status-publish format-standard has-post-thumbnail hentry category-especialidade\">\n<div class=\"fusion-post-wrapper\" style=\"background-color:rgba(255,255,255,1);border:1px solid var(--awb-custom_color_6);border-bottom-width:3px;\">\n\n\t\t\t<div class=\"fusion-flexslider flexslider fusion-flexslider-loading fusion-post-slideshow\" style=\"border-color:var(--awb-custom_color_6);\">\n\t\t<ul class=\"slides\">\n\t\t\t\n\t\t\t\t\t\t\t\t\t\t\t\t\t\t<li><div  class=\"fusion-image-wrapper\" aria-haspopup=\"true\">\n\t\t\t\t<img decoding=\"async\" width=\"300\" height=\"300\" src=\"https:\/\/med-br.com\/psiquiatra-brasilia\/wp-content\/uploads\/2025\/09\/dra-thaissa-cruvinel-psiquiatra-forense-em-brasilia-pericias-criminais.jpg\" class=\"attachment-full size-full wp-post-image\" alt=\"dra thaissa cruvinel - psiquiatra forense em brasilia - pericias criminais\" srcset=\"https:\/\/med-br.com\/psiquiatra-brasilia\/wp-content\/uploads\/2025\/09\/dra-thaissa-cruvinel-psiquiatra-forense-em-brasilia-pericias-criminais-200x200.jpg 200w, https:\/\/med-br.com\/psiquiatra-brasilia\/wp-content\/uploads\/2025\/09\/dra-thaissa-cruvinel-psiquiatra-forense-em-brasilia-pericias-criminais.jpg 300w\" sizes=\"(min-width: 2200px) 100vw, (min-width: 856px) 285px, (min-width: 784px) 380px, (min-width: 712px) 570px, (min-width: 640px) 712px, \" title=\"\"><div class=\"fusion-rollover\">\n\t<div class=\"fusion-rollover-content\">\n\n\t\t\t\t\t\t\t\t\t\t\t\t\t\t<a class=\"fusion-rollover-link\" href=\"https:\/\/med-br.com\/psiquiatra-brasilia\/pericias-criminais\/\">Per\u00edcias Criminais<\/a>\n\t\t\t\n\t\t\t\t\t\t\t\t\t\t\t\t\t\t\n\t\t\t\t\t\t\t\t\n\t\t\t\t\t\t\t\t\t\t\t\t\t<div class=\"fusion-rollover-sep\"><\/div>\n\t\t\t\t\n\t\t\t\t\t\t\t\t\t\t\t\t\t\t\t\t\t\t<a class=\"fusion-rollover-gallery\" href=\"https:\/\/med-br.com\/psiquiatra-brasilia\/wp-content\/uploads\/2025\/09\/dra-thaissa-cruvinel-psiquiatra-forense-em-brasilia-pericias-criminais.jpg\" data-options=\"\" data-id=\"14475\" data-rel=\"iLightbox[gallery]\" data-title=\"dra thaissa cruvinel - psiquiatra forense em brasilia - pericias criminais\" data-caption=\"\">\n\t\t\t\t\t\tGaleria\t\t\t\t\t<\/a>\n\t\t\t\t\t\t\t\t\t\t\t\t\t\t\n\t\t\n\t\t\t\t\t\t\t\t\t\t\t\t<h4 class=\"fusion-rollover-title\">\n\t\t\t\t\t<a class=\"fusion-rollover-title-link\" href=\"https:\/\/med-br.com\/psiquiatra-brasilia\/pericias-criminais\/\">\n\t\t\t\t\t\tPer\u00edcias Criminais\t\t\t\t\t<\/a>\n\t\t\t\t<\/h4>\n\t\t\t\n\t\t\t\t\t\t\t\t\t\t<div class=\"fusion-rollover-categories\"><a href=\"https:\/\/med-br.com\/psiquiatra-brasilia\/category\/especialidade\/\" rel=\"tag\">Especialidade<\/a><\/div>\t\t\t\t\t\n\t\t\n\t\t\t\t\t\t<a class=\"fusion-link-wrapper\" href=\"https:\/\/med-br.com\/psiquiatra-brasilia\/pericias-criminais\/\" aria-label=\"Per\u00edcias Criminais\"><\/a>\n\t<\/div>\n<\/div>\n<\/div>\n<\/li>\n\t\t\t\n\t\t\t\n\t\t\t\t\t\t\t\t<\/ul>\n\t<\/div>\n\t<div class=\"fusion-post-content-wrapper\" style=\"padding:10px 10px 10px 10px;\"><div class=\"fusion-post-content post-content\"><h2 class=\"blog-shortcode-post-title entry-title\"><a href=\"https:\/\/med-br.com\/psiquiatra-brasilia\/pericias-criminais\/\">Per\u00edcias Criminais<\/a><\/h2><div class=\"fusion-content-sep sep-none\"><\/div><\/div><div class=\"fusion-meta-info\"><div class=\"fusion-aligncenter\"><a class=\"fusion-read-more\" href=\"https:\/\/med-br.com\/psiquiatra-brasilia\/pericias-criminais\/\" aria-label=\"More on Per\u00edcias Criminais\">Ler Mais<\/a><\/div><\/div><\/div><div class=\"fusion-clearfix\"><\/div><\/div>\n<\/article>\n<article id=\"blog-1-post-14473\" class=\"fusion-post-grid post-14473 post type-post status-publish format-standard has-post-thumbnail hentry category-especialidade\">\n<div class=\"fusion-post-wrapper\" style=\"background-color:rgba(255,255,255,1);border:1px solid var(--awb-custom_color_6);border-bottom-width:3px;\">\n\n\t\t\t<div class=\"fusion-flexslider flexslider fusion-flexslider-loading fusion-post-slideshow\" style=\"border-color:var(--awb-custom_color_6);\">\n\t\t<ul class=\"slides\">\n\t\t\t\n\t\t\t\t\t\t\t\t\t\t\t\t\t\t<li><div  class=\"fusion-image-wrapper\" aria-haspopup=\"true\">\n\t\t\t\t<img decoding=\"async\" width=\"300\" height=\"300\" src=\"https:\/\/med-br.com\/psiquiatra-brasilia\/wp-content\/uploads\/2025\/09\/dra-thaissa-cruvinel-psiquiatra-forense-em-brasilia-pericias-civeis.jpg\" class=\"attachment-full size-full wp-post-image\" alt=\"dra thaissa cruvinel - psiquiatra forense em brasilia - pericias civeis\" srcset=\"https:\/\/med-br.com\/psiquiatra-brasilia\/wp-content\/uploads\/2025\/09\/dra-thaissa-cruvinel-psiquiatra-forense-em-brasilia-pericias-civeis-200x200.jpg 200w, https:\/\/med-br.com\/psiquiatra-brasilia\/wp-content\/uploads\/2025\/09\/dra-thaissa-cruvinel-psiquiatra-forense-em-brasilia-pericias-civeis.jpg 300w\" sizes=\"(min-width: 2200px) 100vw, (min-width: 856px) 285px, (min-width: 784px) 380px, (min-width: 712px) 570px, (min-width: 640px) 712px, \" title=\"\"><div class=\"fusion-rollover\">\n\t<div class=\"fusion-rollover-content\">\n\n\t\t\t\t\t\t\t\t\t\t\t\t\t\t<a class=\"fusion-rollover-link\" href=\"https:\/\/med-br.com\/psiquiatra-brasilia\/pericias-civeis\/\">Per\u00edcias C\u00edveis<\/a>\n\t\t\t\n\t\t\t\t\t\t\t\t\t\t\t\t\t\t\n\t\t\t\t\t\t\t\t\n\t\t\t\t\t\t\t\t\t\t\t\t\t<div class=\"fusion-rollover-sep\"><\/div>\n\t\t\t\t\n\t\t\t\t\t\t\t\t\t\t\t\t\t\t\t\t\t\t<a class=\"fusion-rollover-gallery\" href=\"https:\/\/med-br.com\/psiquiatra-brasilia\/wp-content\/uploads\/2025\/09\/dra-thaissa-cruvinel-psiquiatra-forense-em-brasilia-pericias-civeis.jpg\" data-options=\"\" data-id=\"14473\" data-rel=\"iLightbox[gallery]\" data-title=\"dra thaissa cruvinel - psiquiatra forense em brasilia - pericias civeis\" data-caption=\"\">\n\t\t\t\t\t\tGaleria\t\t\t\t\t<\/a>\n\t\t\t\t\t\t\t\t\t\t\t\t\t\t\n\t\t\n\t\t\t\t\t\t\t\t\t\t\t\t<h4 class=\"fusion-rollover-title\">\n\t\t\t\t\t<a class=\"fusion-rollover-title-link\" href=\"https:\/\/med-br.com\/psiquiatra-brasilia\/pericias-civeis\/\">\n\t\t\t\t\t\tPer\u00edcias C\u00edveis\t\t\t\t\t<\/a>\n\t\t\t\t<\/h4>\n\t\t\t\n\t\t\t\t\t\t\t\t\t\t<div class=\"fusion-rollover-categories\"><a href=\"https:\/\/med-br.com\/psiquiatra-brasilia\/category\/especialidade\/\" rel=\"tag\">Especialidade<\/a><\/div>\t\t\t\t\t\n\t\t\n\t\t\t\t\t\t<a class=\"fusion-link-wrapper\" href=\"https:\/\/med-br.com\/psiquiatra-brasilia\/pericias-civeis\/\" aria-label=\"Per\u00edcias C\u00edveis\"><\/a>\n\t<\/div>\n<\/div>\n<\/div>\n<\/li>\n\t\t\t\n\t\t\t\n\t\t\t\t\t\t\t\t<\/ul>\n\t<\/div>\n\t<div class=\"fusion-post-content-wrapper\" style=\"padding:10px 10px 10px 10px;\"><div class=\"fusion-post-content post-content\"><h2 class=\"blog-shortcode-post-title entry-title\"><a href=\"https:\/\/med-br.com\/psiquiatra-brasilia\/pericias-civeis\/\">Per\u00edcias C\u00edveis<\/a><\/h2><div class=\"fusion-content-sep sep-none\"><\/div><\/div><div class=\"fusion-meta-info\"><div class=\"fusion-aligncenter\"><a class=\"fusion-read-more\" href=\"https:\/\/med-br.com\/psiquiatra-brasilia\/pericias-civeis\/\" aria-label=\"More on Per\u00edcias C\u00edveis\">Ler Mais<\/a><\/div><\/div><\/div><div class=\"fusion-clearfix\"><\/div><\/div>\n<\/article>\n<article id=\"blog-1-post-14471\" class=\"fusion-post-grid post-14471 post type-post status-publish format-standard has-post-thumbnail hentry category-especialidade\">\n<div class=\"fusion-post-wrapper\" style=\"background-color:rgba(255,255,255,1);border:1px solid var(--awb-custom_color_6);border-bottom-width:3px;\">\n\n\t\t\t<div class=\"fusion-flexslider flexslider fusion-flexslider-loading fusion-post-slideshow\" style=\"border-color:var(--awb-custom_color_6);\">\n\t\t<ul class=\"slides\">\n\t\t\t\n\t\t\t\t\t\t\t\t\t\t\t\t\t\t<li><div  class=\"fusion-image-wrapper\" aria-haspopup=\"true\">\n\t\t\t\t<img decoding=\"async\" width=\"300\" height=\"300\" src=\"https:\/\/med-br.com\/psiquiatra-brasilia\/wp-content\/uploads\/2025\/09\/dra-thaissa-cruvinel-psiquiatra-forense-em-brasilia-consultoria-forense.jpg\" class=\"attachment-full size-full wp-post-image\" alt=\"dra thaissa cruvinel - psiquiatra forense em brasilia - consultoria forense\" srcset=\"https:\/\/med-br.com\/psiquiatra-brasilia\/wp-content\/uploads\/2025\/09\/dra-thaissa-cruvinel-psiquiatra-forense-em-brasilia-consultoria-forense-200x200.jpg 200w, https:\/\/med-br.com\/psiquiatra-brasilia\/wp-content\/uploads\/2025\/09\/dra-thaissa-cruvinel-psiquiatra-forense-em-brasilia-consultoria-forense.jpg 300w\" sizes=\"(min-width: 2200px) 100vw, (min-width: 856px) 285px, (min-width: 784px) 380px, (min-width: 712px) 570px, (min-width: 640px) 712px, \" title=\"\"><div class=\"fusion-rollover\">\n\t<div class=\"fusion-rollover-content\">\n\n\t\t\t\t\t\t\t\t\t\t\t\t\t\t<a class=\"fusion-rollover-link\" href=\"https:\/\/med-br.com\/psiquiatra-brasilia\/consultoria-forense\/\">Consultoria Forense<\/a>\n\t\t\t\n\t\t\t\t\t\t\t\t\t\t\t\t\t\t\n\t\t\t\t\t\t\t\t\n\t\t\t\t\t\t\t\t\t\t\t\t\t<div class=\"fusion-rollover-sep\"><\/div>\n\t\t\t\t\n\t\t\t\t\t\t\t\t\t\t\t\t\t\t\t\t\t\t<a class=\"fusion-rollover-gallery\" href=\"https:\/\/med-br.com\/psiquiatra-brasilia\/wp-content\/uploads\/2025\/09\/dra-thaissa-cruvinel-psiquiatra-forense-em-brasilia-consultoria-forense.jpg\" data-options=\"\" data-id=\"14471\" data-rel=\"iLightbox[gallery]\" data-title=\"dra thaissa cruvinel - psiquiatra forense em brasilia - consultoria forense\" data-caption=\"\">\n\t\t\t\t\t\tGaleria\t\t\t\t\t<\/a>\n\t\t\t\t\t\t\t\t\t\t\t\t\t\t\n\t\t\n\t\t\t\t\t\t\t\t\t\t\t\t<h4 class=\"fusion-rollover-title\">\n\t\t\t\t\t<a class=\"fusion-rollover-title-link\" href=\"https:\/\/med-br.com\/psiquiatra-brasilia\/consultoria-forense\/\">\n\t\t\t\t\t\tConsultoria Forense\t\t\t\t\t<\/a>\n\t\t\t\t<\/h4>\n\t\t\t\n\t\t\t\t\t\t\t\t\t\t<div class=\"fusion-rollover-categories\"><a href=\"https:\/\/med-br.com\/psiquiatra-brasilia\/category\/especialidade\/\" rel=\"tag\">Especialidade<\/a><\/div>\t\t\t\t\t\n\t\t\n\t\t\t\t\t\t<a class=\"fusion-link-wrapper\" href=\"https:\/\/med-br.com\/psiquiatra-brasilia\/consultoria-forense\/\" aria-label=\"Consultoria Forense\"><\/a>\n\t<\/div>\n<\/div>\n<\/div>\n<\/li>\n\t\t\t\n\t\t\t\n\t\t\t\t\t\t\t\t<\/ul>\n\t<\/div>\n\t<div class=\"fusion-post-content-wrapper\" style=\"padding:10px 10px 10px 10px;\"><div class=\"fusion-post-content post-content\"><h2 class=\"blog-shortcode-post-title entry-title\"><a href=\"https:\/\/med-br.com\/psiquiatra-brasilia\/consultoria-forense\/\">Consultoria Forense<\/a><\/h2><div class=\"fusion-content-sep sep-none\"><\/div><\/div><div class=\"fusion-meta-info\"><div class=\"fusion-aligncenter\"><a class=\"fusion-read-more\" href=\"https:\/\/med-br.com\/psiquiatra-brasilia\/consultoria-forense\/\" aria-label=\"More on Consultoria Forense\">Ler Mais<\/a><\/div><\/div><\/div><div class=\"fusion-clearfix\"><\/div><\/div>\n<\/article>\n<article id=\"blog-1-post-14469\" class=\"fusion-post-grid post-14469 post type-post status-publish format-standard has-post-thumbnail hentry category-especialidade\">\n<div class=\"fusion-post-wrapper\" style=\"background-color:rgba(255,255,255,1);border:1px solid var(--awb-custom_color_6);border-bottom-width:3px;\">\n\n\t\t\t<div class=\"fusion-flexslider flexslider fusion-flexslider-loading fusion-post-slideshow\" style=\"border-color:var(--awb-custom_color_6);\">\n\t\t<ul class=\"slides\">\n\t\t\t\n\t\t\t\t\t\t\t\t\t\t\t\t\t\t<li><div  class=\"fusion-image-wrapper\" aria-haspopup=\"true\">\n\t\t\t\t<img decoding=\"async\" width=\"300\" height=\"300\" src=\"https:\/\/med-br.com\/psiquiatra-brasilia\/wp-content\/uploads\/2025\/09\/dra-thaissa-cruvinel-psiquiatra-forense-em-brasilia-assistencia-tecnica.jpg\" class=\"attachment-full size-full wp-post-image\" alt=\"dra thaissa cruvinel - psiquiatra forense em brasilia - assistencia tecnica\" srcset=\"https:\/\/med-br.com\/psiquiatra-brasilia\/wp-content\/uploads\/2025\/09\/dra-thaissa-cruvinel-psiquiatra-forense-em-brasilia-assistencia-tecnica-200x200.jpg 200w, https:\/\/med-br.com\/psiquiatra-brasilia\/wp-content\/uploads\/2025\/09\/dra-thaissa-cruvinel-psiquiatra-forense-em-brasilia-assistencia-tecnica.jpg 300w\" sizes=\"(min-width: 2200px) 100vw, (min-width: 856px) 285px, (min-width: 784px) 380px, (min-width: 712px) 570px, (min-width: 640px) 712px, \" title=\"\"><div class=\"fusion-rollover\">\n\t<div class=\"fusion-rollover-content\">\n\n\t\t\t\t\t\t\t\t\t\t\t\t\t\t<a class=\"fusion-rollover-link\" href=\"https:\/\/med-br.com\/psiquiatra-brasilia\/assistencia-tecnica\/\">Assist\u00eancia T\u00e9cnica<\/a>\n\t\t\t\n\t\t\t\t\t\t\t\t\t\t\t\t\t\t\n\t\t\t\t\t\t\t\t\n\t\t\t\t\t\t\t\t\t\t\t\t\t<div class=\"fusion-rollover-sep\"><\/div>\n\t\t\t\t\n\t\t\t\t\t\t\t\t\t\t\t\t\t\t\t\t\t\t<a class=\"fusion-rollover-gallery\" href=\"https:\/\/med-br.com\/psiquiatra-brasilia\/wp-content\/uploads\/2025\/09\/dra-thaissa-cruvinel-psiquiatra-forense-em-brasilia-assistencia-tecnica.jpg\" data-options=\"\" data-id=\"14469\" data-rel=\"iLightbox[gallery]\" data-title=\"dra thaissa cruvinel - psiquiatra forense em brasilia - assistencia tecnica\" data-caption=\"\">\n\t\t\t\t\t\tGaleria\t\t\t\t\t<\/a>\n\t\t\t\t\t\t\t\t\t\t\t\t\t\t\n\t\t\n\t\t\t\t\t\t\t\t\t\t\t\t<h4 class=\"fusion-rollover-title\">\n\t\t\t\t\t<a class=\"fusion-rollover-title-link\" href=\"https:\/\/med-br.com\/psiquiatra-brasilia\/assistencia-tecnica\/\">\n\t\t\t\t\t\tAssist\u00eancia T\u00e9cnica\t\t\t\t\t<\/a>\n\t\t\t\t<\/h4>\n\t\t\t\n\t\t\t\t\t\t\t\t\t\t<div class=\"fusion-rollover-categories\"><a href=\"https:\/\/med-br.com\/psiquiatra-brasilia\/category\/especialidade\/\" rel=\"tag\">Especialidade<\/a><\/div>\t\t\t\t\t\n\t\t\n\t\t\t\t\t\t<a class=\"fusion-link-wrapper\" href=\"https:\/\/med-br.com\/psiquiatra-brasilia\/assistencia-tecnica\/\" aria-label=\"Assist\u00eancia T\u00e9cnica\"><\/a>\n\t<\/div>\n<\/div>\n<\/div>\n<\/li>\n\t\t\t\n\t\t\t\n\t\t\t\t\t\t\t\t<\/ul>\n\t<\/div>\n\t<div class=\"fusion-post-content-wrapper\" style=\"padding:10px 10px 10px 10px;\"><div class=\"fusion-post-content post-content\"><h2 class=\"blog-shortcode-post-title entry-title\"><a href=\"https:\/\/med-br.com\/psiquiatra-brasilia\/assistencia-tecnica\/\">Assist\u00eancia T\u00e9cnica<\/a><\/h2><div class=\"fusion-content-sep sep-none\"><\/div><\/div><div class=\"fusion-meta-info\"><div class=\"fusion-aligncenter\"><a class=\"fusion-read-more\" href=\"https:\/\/med-br.com\/psiquiatra-brasilia\/assistencia-tecnica\/\" aria-label=\"More on Assist\u00eancia T\u00e9cnica\">Ler Mais<\/a><\/div><\/div><\/div><div class=\"fusion-clearfix\"><\/div><\/div>\n<\/article>\n<article id=\"blog-1-post-14467\" class=\"fusion-post-grid post-14467 post type-post status-publish format-standard has-post-thumbnail hentry category-especialidade\">\n<div class=\"fusion-post-wrapper\" style=\"background-color:rgba(255,255,255,1);border:1px solid var(--awb-custom_color_6);border-bottom-width:3px;\">\n\n\t\t\t<div class=\"fusion-flexslider flexslider fusion-flexslider-loading fusion-post-slideshow\" style=\"border-color:var(--awb-custom_color_6);\">\n\t\t<ul class=\"slides\">\n\t\t\t\n\t\t\t\t\t\t\t\t\t\t\t\t\t\t<li><div  class=\"fusion-image-wrapper\" aria-haspopup=\"true\">\n\t\t\t\t<img decoding=\"async\" width=\"300\" height=\"300\" src=\"https:\/\/med-br.com\/psiquiatra-brasilia\/wp-content\/uploads\/2025\/09\/dra-thaissa-cruvinel-psiquiatra-forense-em-brasilia-acompanhamento-de-pericias.jpg\" class=\"attachment-full size-full wp-post-image\" alt=\"dra thaissa cruvinel - psiquiatra forense em brasilia - acompanhamento de pericias\" srcset=\"https:\/\/med-br.com\/psiquiatra-brasilia\/wp-content\/uploads\/2025\/09\/dra-thaissa-cruvinel-psiquiatra-forense-em-brasilia-acompanhamento-de-pericias-200x200.jpg 200w, https:\/\/med-br.com\/psiquiatra-brasilia\/wp-content\/uploads\/2025\/09\/dra-thaissa-cruvinel-psiquiatra-forense-em-brasilia-acompanhamento-de-pericias.jpg 300w\" sizes=\"(min-width: 2200px) 100vw, (min-width: 856px) 285px, (min-width: 784px) 380px, (min-width: 712px) 570px, (min-width: 640px) 712px, \" title=\"\"><div class=\"fusion-rollover\">\n\t<div class=\"fusion-rollover-content\">\n\n\t\t\t\t\t\t\t\t\t\t\t\t\t\t<a class=\"fusion-rollover-link\" href=\"https:\/\/med-br.com\/psiquiatra-brasilia\/acompanhamento-de-pericias\/\">Acompanhamento de Per\u00edcias<\/a>\n\t\t\t\n\t\t\t\t\t\t\t\t\t\t\t\t\t\t\n\t\t\t\t\t\t\t\t\n\t\t\t\t\t\t\t\t\t\t\t\t\t<div class=\"fusion-rollover-sep\"><\/div>\n\t\t\t\t\n\t\t\t\t\t\t\t\t\t\t\t\t\t\t\t\t\t\t<a class=\"fusion-rollover-gallery\" href=\"https:\/\/med-br.com\/psiquiatra-brasilia\/wp-content\/uploads\/2025\/09\/dra-thaissa-cruvinel-psiquiatra-forense-em-brasilia-acompanhamento-de-pericias.jpg\" data-options=\"\" data-id=\"14467\" data-rel=\"iLightbox[gallery]\" data-title=\"dra thaissa cruvinel - psiquiatra forense em brasilia - acompanhamento de pericias\" data-caption=\"\">\n\t\t\t\t\t\tGaleria\t\t\t\t\t<\/a>\n\t\t\t\t\t\t\t\t\t\t\t\t\t\t\n\t\t\n\t\t\t\t\t\t\t\t\t\t\t\t<h4 class=\"fusion-rollover-title\">\n\t\t\t\t\t<a class=\"fusion-rollover-title-link\" href=\"https:\/\/med-br.com\/psiquiatra-brasilia\/acompanhamento-de-pericias\/\">\n\t\t\t\t\t\tAcompanhamento de Per\u00edcias\t\t\t\t\t<\/a>\n\t\t\t\t<\/h4>\n\t\t\t\n\t\t\t\t\t\t\t\t\t\t<div class=\"fusion-rollover-categories\"><a href=\"https:\/\/med-br.com\/psiquiatra-brasilia\/category\/especialidade\/\" rel=\"tag\">Especialidade<\/a><\/div>\t\t\t\t\t\n\t\t\n\t\t\t\t\t\t<a class=\"fusion-link-wrapper\" href=\"https:\/\/med-br.com\/psiquiatra-brasilia\/acompanhamento-de-pericias\/\" aria-label=\"Acompanhamento de Per\u00edcias\"><\/a>\n\t<\/div>\n<\/div>\n<\/div>\n<\/li>\n\t\t\t\n\t\t\t\n\t\t\t\t\t\t\t\t<\/ul>\n\t<\/div>\n\t<div class=\"fusion-post-content-wrapper\" style=\"padding:10px 10px 10px 10px;\"><div class=\"fusion-post-content post-content\"><h2 class=\"blog-shortcode-post-title entry-title\"><a href=\"https:\/\/med-br.com\/psiquiatra-brasilia\/acompanhamento-de-pericias\/\">Acompanhamento de Per\u00edcias<\/a><\/h2><div class=\"fusion-content-sep sep-none\"><\/div><\/div><div class=\"fusion-meta-info\"><div class=\"fusion-aligncenter\"><a class=\"fusion-read-more\" href=\"https:\/\/med-br.com\/psiquiatra-brasilia\/acompanhamento-de-pericias\/\" aria-label=\"More on Acompanhamento de Per\u00edcias\">Ler Mais<\/a><\/div><\/div><\/div><div class=\"fusion-clearfix\"><\/div><\/div>\n<\/article>\n<article id=\"blog-1-post-14465\" class=\"fusion-post-grid post-14465 post type-post status-publish format-standard has-post-thumbnail hentry category-especialidade\">\n<div class=\"fusion-post-wrapper\" style=\"background-color:rgba(255,255,255,1);border:1px solid var(--awb-custom_color_6);border-bottom-width:3px;\">\n\n\t\t\t<div class=\"fusion-flexslider flexslider fusion-flexslider-loading fusion-post-slideshow\" style=\"border-color:var(--awb-custom_color_6);\">\n\t\t<ul class=\"slides\">\n\t\t\t\n\t\t\t\t\t\t\t\t\t\t\t\t\t\t<li><div  class=\"fusion-image-wrapper\" aria-haspopup=\"true\">\n\t\t\t\t<img decoding=\"async\" width=\"300\" height=\"300\" src=\"https:\/\/med-br.com\/psiquiatra-brasilia\/wp-content\/uploads\/2025\/09\/dra-thaissa-cruvinel-psiquiatra-forense-em-brasilia-quesitos-tecnicos.jpg\" class=\"attachment-full size-full wp-post-image\" alt=\"dra thaissa cruvinel - psiquiatra forense em brasilia - quesitos tecnicos\" srcset=\"https:\/\/med-br.com\/psiquiatra-brasilia\/wp-content\/uploads\/2025\/09\/dra-thaissa-cruvinel-psiquiatra-forense-em-brasilia-quesitos-tecnicos-200x200.jpg 200w, https:\/\/med-br.com\/psiquiatra-brasilia\/wp-content\/uploads\/2025\/09\/dra-thaissa-cruvinel-psiquiatra-forense-em-brasilia-quesitos-tecnicos.jpg 300w\" sizes=\"(min-width: 2200px) 100vw, (min-width: 856px) 285px, (min-width: 784px) 380px, (min-width: 712px) 570px, (min-width: 640px) 712px, \" title=\"\"><div class=\"fusion-rollover\">\n\t<div class=\"fusion-rollover-content\">\n\n\t\t\t\t\t\t\t\t\t\t\t\t\t\t<a class=\"fusion-rollover-link\" href=\"https:\/\/med-br.com\/psiquiatra-brasilia\/elaboracao-de-quesitos-tecnicos\/\">Elabora\u00e7\u00e3o de Quesitos T\u00e9cnicos<\/a>\n\t\t\t\n\t\t\t\t\t\t\t\t\t\t\t\t\t\t\n\t\t\t\t\t\t\t\t\n\t\t\t\t\t\t\t\t\t\t\t\t\t<div class=\"fusion-rollover-sep\"><\/div>\n\t\t\t\t\n\t\t\t\t\t\t\t\t\t\t\t\t\t\t\t\t\t\t<a class=\"fusion-rollover-gallery\" href=\"https:\/\/med-br.com\/psiquiatra-brasilia\/wp-content\/uploads\/2025\/09\/dra-thaissa-cruvinel-psiquiatra-forense-em-brasilia-quesitos-tecnicos.jpg\" data-options=\"\" data-id=\"14465\" data-rel=\"iLightbox[gallery]\" data-title=\"dra thaissa cruvinel - psiquiatra forense em brasilia - quesitos tecnicos\" data-caption=\"\">\n\t\t\t\t\t\tGaleria\t\t\t\t\t<\/a>\n\t\t\t\t\t\t\t\t\t\t\t\t\t\t\n\t\t\n\t\t\t\t\t\t\t\t\t\t\t\t<h4 class=\"fusion-rollover-title\">\n\t\t\t\t\t<a class=\"fusion-rollover-title-link\" href=\"https:\/\/med-br.com\/psiquiatra-brasilia\/elaboracao-de-quesitos-tecnicos\/\">\n\t\t\t\t\t\tElabora\u00e7\u00e3o de Quesitos T\u00e9cnicos\t\t\t\t\t<\/a>\n\t\t\t\t<\/h4>\n\t\t\t\n\t\t\t\t\t\t\t\t\t\t<div class=\"fusion-rollover-categories\"><a href=\"https:\/\/med-br.com\/psiquiatra-brasilia\/category\/especialidade\/\" rel=\"tag\">Especialidade<\/a><\/div>\t\t\t\t\t\n\t\t\n\t\t\t\t\t\t<a class=\"fusion-link-wrapper\" href=\"https:\/\/med-br.com\/psiquiatra-brasilia\/elaboracao-de-quesitos-tecnicos\/\" aria-label=\"Elabora\u00e7\u00e3o de Quesitos T\u00e9cnicos\"><\/a>\n\t<\/div>\n<\/div>\n<\/div>\n<\/li>\n\t\t\t\n\t\t\t\n\t\t\t\t\t\t\t\t<\/ul>\n\t<\/div>\n\t<div class=\"fusion-post-content-wrapper\" style=\"padding:10px 10px 10px 10px;\"><div class=\"fusion-post-content post-content\"><h2 class=\"blog-shortcode-post-title entry-title\"><a href=\"https:\/\/med-br.com\/psiquiatra-brasilia\/elaboracao-de-quesitos-tecnicos\/\">Elabora\u00e7\u00e3o de Quesitos T\u00e9cnicos<\/a><\/h2><div class=\"fusion-content-sep sep-none\"><\/div><\/div><div class=\"fusion-meta-info\"><div class=\"fusion-aligncenter\"><a class=\"fusion-read-more\" href=\"https:\/\/med-br.com\/psiquiatra-brasilia\/elaboracao-de-quesitos-tecnicos\/\" aria-label=\"More on Elabora\u00e7\u00e3o de Quesitos T\u00e9cnicos\">Ler Mais<\/a><\/div><\/div><\/div><div class=\"fusion-clearfix\"><\/div><\/div>\n<\/article>\n<article id=\"blog-1-post-14463\" class=\"fusion-post-grid post-14463 post type-post status-publish format-standard has-post-thumbnail hentry category-especialidade\">\n<div class=\"fusion-post-wrapper\" style=\"background-color:rgba(255,255,255,1);border:1px solid var(--awb-custom_color_6);border-bottom-width:3px;\">\n\n\t\t\t<div class=\"fusion-flexslider flexslider fusion-flexslider-loading fusion-post-slideshow\" style=\"border-color:var(--awb-custom_color_6);\">\n\t\t<ul class=\"slides\">\n\t\t\t\n\t\t\t\t\t\t\t\t\t\t\t\t\t\t<li><div  class=\"fusion-image-wrapper\" aria-haspopup=\"true\">\n\t\t\t\t<img decoding=\"async\" width=\"300\" height=\"300\" src=\"https:\/\/med-br.com\/psiquiatra-brasilia\/wp-content\/uploads\/2025\/09\/dra-thaissa-cruvinel-psiquiatra-forense-em-brasilia-assistencia-tecnico-peiricial.jpg\" class=\"attachment-full size-full wp-post-image\" alt=\"dra thaissa cruvinel - psiquiatra forense em brasilia - assistencia tecnico peiricial\" srcset=\"https:\/\/med-br.com\/psiquiatra-brasilia\/wp-content\/uploads\/2025\/09\/dra-thaissa-cruvinel-psiquiatra-forense-em-brasilia-assistencia-tecnico-peiricial-200x200.jpg 200w, https:\/\/med-br.com\/psiquiatra-brasilia\/wp-content\/uploads\/2025\/09\/dra-thaissa-cruvinel-psiquiatra-forense-em-brasilia-assistencia-tecnico-peiricial.jpg 300w\" sizes=\"(min-width: 2200px) 100vw, (min-width: 856px) 285px, (min-width: 784px) 380px, (min-width: 712px) 570px, (min-width: 640px) 712px, \" title=\"\"><div class=\"fusion-rollover\">\n\t<div class=\"fusion-rollover-content\">\n\n\t\t\t\t\t\t\t\t\t\t\t\t\t\t<a class=\"fusion-rollover-link\" href=\"https:\/\/med-br.com\/psiquiatra-brasilia\/assistencia-tecnico-pericial\/\">Assist\u00eancia T\u00e9cnico-Pericial<\/a>\n\t\t\t\n\t\t\t\t\t\t\t\t\t\t\t\t\t\t\n\t\t\t\t\t\t\t\t\n\t\t\t\t\t\t\t\t\t\t\t\t\t<div class=\"fusion-rollover-sep\"><\/div>\n\t\t\t\t\n\t\t\t\t\t\t\t\t\t\t\t\t\t\t\t\t\t\t<a class=\"fusion-rollover-gallery\" href=\"https:\/\/med-br.com\/psiquiatra-brasilia\/wp-content\/uploads\/2025\/09\/dra-thaissa-cruvinel-psiquiatra-forense-em-brasilia-assistencia-tecnico-peiricial.jpg\" data-options=\"\" data-id=\"14463\" data-rel=\"iLightbox[gallery]\" data-title=\"dra thaissa cruvinel - psiquiatra forense em brasilia - assistencia tecnico peiricial\" data-caption=\"\">\n\t\t\t\t\t\tGaleria\t\t\t\t\t<\/a>\n\t\t\t\t\t\t\t\t\t\t\t\t\t\t\n\t\t\n\t\t\t\t\t\t\t\t\t\t\t\t<h4 class=\"fusion-rollover-title\">\n\t\t\t\t\t<a class=\"fusion-rollover-title-link\" href=\"https:\/\/med-br.com\/psiquiatra-brasilia\/assistencia-tecnico-pericial\/\">\n\t\t\t\t\t\tAssist\u00eancia T\u00e9cnico-Pericial\t\t\t\t\t<\/a>\n\t\t\t\t<\/h4>\n\t\t\t\n\t\t\t\t\t\t\t\t\t\t<div class=\"fusion-rollover-categories\"><a href=\"https:\/\/med-br.com\/psiquiatra-brasilia\/category\/especialidade\/\" rel=\"tag\">Especialidade<\/a><\/div>\t\t\t\t\t\n\t\t\n\t\t\t\t\t\t<a class=\"fusion-link-wrapper\" href=\"https:\/\/med-br.com\/psiquiatra-brasilia\/assistencia-tecnico-pericial\/\" aria-label=\"Assist\u00eancia T\u00e9cnico-Pericial\"><\/a>\n\t<\/div>\n<\/div>\n<\/div>\n<\/li>\n\t\t\t\n\t\t\t\n\t\t\t\t\t\t\t\t<\/ul>\n\t<\/div>\n\t<div class=\"fusion-post-content-wrapper\" style=\"padding:10px 10px 10px 10px;\"><div class=\"fusion-post-content post-content\"><h2 class=\"blog-shortcode-post-title entry-title\"><a href=\"https:\/\/med-br.com\/psiquiatra-brasilia\/assistencia-tecnico-pericial\/\">Assist\u00eancia T\u00e9cnico-Pericial<\/a><\/h2><div class=\"fusion-content-sep sep-none\"><\/div><\/div><div class=\"fusion-meta-info\"><div class=\"fusion-aligncenter\"><a class=\"fusion-read-more\" href=\"https:\/\/med-br.com\/psiquiatra-brasilia\/assistencia-tecnico-pericial\/\" aria-label=\"More on Assist\u00eancia T\u00e9cnico-Pericial\">Ler Mais<\/a><\/div><\/div><\/div><div class=\"fusion-clearfix\"><\/div><\/div>\n<\/article>\n<article id=\"blog-1-post-14461\" class=\"fusion-post-grid post-14461 post type-post status-publish format-standard has-post-thumbnail hentry category-especialidade\">\n<div class=\"fusion-post-wrapper\" style=\"background-color:rgba(255,255,255,1);border:1px solid var(--awb-custom_color_6);border-bottom-width:3px;\">\n\n\t\t\t<div class=\"fusion-flexslider flexslider fusion-flexslider-loading fusion-post-slideshow\" style=\"border-color:var(--awb-custom_color_6);\">\n\t\t<ul class=\"slides\">\n\t\t\t\n\t\t\t\t\t\t\t\t\t\t\t\t\t\t<li><div  class=\"fusion-image-wrapper\" aria-haspopup=\"true\">\n\t\t\t\t<img decoding=\"async\" width=\"300\" height=\"300\" src=\"https:\/\/med-br.com\/psiquiatra-brasilia\/wp-content\/uploads\/2025\/09\/dra-thaissa-cruvinel-psiquiatra-forense-em-brasilia-laudos-e-atestados.jpg\" class=\"attachment-full size-full wp-post-image\" alt=\"dra thaissa cruvinel - psiquiatra forense em brasilia - laudos e atestados\" srcset=\"https:\/\/med-br.com\/psiquiatra-brasilia\/wp-content\/uploads\/2025\/09\/dra-thaissa-cruvinel-psiquiatra-forense-em-brasilia-laudos-e-atestados-200x200.jpg 200w, https:\/\/med-br.com\/psiquiatra-brasilia\/wp-content\/uploads\/2025\/09\/dra-thaissa-cruvinel-psiquiatra-forense-em-brasilia-laudos-e-atestados.jpg 300w\" sizes=\"(min-width: 2200px) 100vw, (min-width: 856px) 285px, (min-width: 784px) 380px, (min-width: 712px) 570px, (min-width: 640px) 712px, \" title=\"\"><div class=\"fusion-rollover\">\n\t<div class=\"fusion-rollover-content\">\n\n\t\t\t\t\t\t\t\t\t\t\t\t\t\t<a class=\"fusion-rollover-link\" href=\"https:\/\/med-br.com\/psiquiatra-brasilia\/elaboracao-de-laudos-e-atestados\/\">Elabora\u00e7\u00e3o de laudos e atestados<\/a>\n\t\t\t\n\t\t\t\t\t\t\t\t\t\t\t\t\t\t\n\t\t\t\t\t\t\t\t\n\t\t\t\t\t\t\t\t\t\t\t\t\t<div class=\"fusion-rollover-sep\"><\/div>\n\t\t\t\t\n\t\t\t\t\t\t\t\t\t\t\t\t\t\t\t\t\t\t<a class=\"fusion-rollover-gallery\" href=\"https:\/\/med-br.com\/psiquiatra-brasilia\/wp-content\/uploads\/2025\/09\/dra-thaissa-cruvinel-psiquiatra-forense-em-brasilia-laudos-e-atestados.jpg\" data-options=\"\" data-id=\"14461\" data-rel=\"iLightbox[gallery]\" data-title=\"dra thaissa cruvinel - psiquiatra forense em brasilia - laudos e atestados\" data-caption=\"\">\n\t\t\t\t\t\tGaleria\t\t\t\t\t<\/a>\n\t\t\t\t\t\t\t\t\t\t\t\t\t\t\n\t\t\n\t\t\t\t\t\t\t\t\t\t\t\t<h4 class=\"fusion-rollover-title\">\n\t\t\t\t\t<a class=\"fusion-rollover-title-link\" href=\"https:\/\/med-br.com\/psiquiatra-brasilia\/elaboracao-de-laudos-e-atestados\/\">\n\t\t\t\t\t\tElabora\u00e7\u00e3o de laudos e atestados\t\t\t\t\t<\/a>\n\t\t\t\t<\/h4>\n\t\t\t\n\t\t\t\t\t\t\t\t\t\t<div class=\"fusion-rollover-categories\"><a href=\"https:\/\/med-br.com\/psiquiatra-brasilia\/category\/especialidade\/\" rel=\"tag\">Especialidade<\/a><\/div>\t\t\t\t\t\n\t\t\n\t\t\t\t\t\t<a class=\"fusion-link-wrapper\" href=\"https:\/\/med-br.com\/psiquiatra-brasilia\/elaboracao-de-laudos-e-atestados\/\" aria-label=\"Elabora\u00e7\u00e3o de laudos e atestados\"><\/a>\n\t<\/div>\n<\/div>\n<\/div>\n<\/li>\n\t\t\t\n\t\t\t\n\t\t\t\t\t\t\t\t<\/ul>\n\t<\/div>\n\t<div class=\"fusion-post-content-wrapper\" style=\"padding:10px 10px 10px 10px;\"><div class=\"fusion-post-content post-content\"><h2 class=\"blog-shortcode-post-title entry-title\"><a href=\"https:\/\/med-br.com\/psiquiatra-brasilia\/elaboracao-de-laudos-e-atestados\/\">Elabora\u00e7\u00e3o de laudos e atestados<\/a><\/h2><div class=\"fusion-content-sep sep-none\"><\/div><\/div><div class=\"fusion-meta-info\"><div class=\"fusion-aligncenter\"><a class=\"fusion-read-more\" href=\"https:\/\/med-br.com\/psiquiatra-brasilia\/elaboracao-de-laudos-e-atestados\/\" aria-label=\"More on Elabora\u00e7\u00e3o de laudos e atestados\">Ler Mais<\/a><\/div><\/div><\/div><div class=\"fusion-clearfix\"><\/div><\/div>\n<\/article>\n<div class=\"fusion-clearfix\"><\/div><\/div><\/div><\/div><\/div><\/div><\/div><\/p>\n","protected":false},"excerpt":{"rendered":"","protected":false},"author":5,"featured_media":0,"parent":0,"menu_order":0,"comment_status":"closed","ping_status":"open","template":"100-width.php","meta":{"footnotes":""},"class_list":["post-15254","page","type-page","status-publish","hentry"],"_links":{"self":[{"href":"https:\/\/med-br.com\/psiquiatra-brasilia\/wp-json\/wp\/v2\/pages\/15254","targetHints":{"allow":["GET"]}}],"collection":[{"href":"https:\/\/med-br.com\/psiquiatra-brasilia\/wp-json\/wp\/v2\/pages"}],"about":[{"href":"https:\/\/med-br.com\/psiquiatra-brasilia\/wp-json\/wp\/v2\/types\/page"}],"author":[{"embeddable":true,"href":"https:\/\/med-br.com\/psiquiatra-brasilia\/wp-json\/wp\/v2\/users\/5"}],"replies":[{"embeddable":true,"href":"https:\/\/med-br.com\/psiquiatra-brasilia\/wp-json\/wp\/v2\/comments?post=15254"}],"version-history":[{"count":20,"href":"https:\/\/med-br.com\/psiquiatra-brasilia\/wp-json\/wp\/v2\/pages\/15254\/revisions"}],"predecessor-version":[{"id":15276,"href":"https:\/\/med-br.com\/psiquiatra-brasilia\/wp-json\/wp\/v2\/pages\/15254\/revisions\/15276"}],"wp:attachment":[{"href":"https:\/\/med-br.com\/psiquiatra-brasilia\/wp-json\/wp\/v2\/media?parent=15254"}],"curies":[{"name":"wp","href":"https:\/\/api.w.org\/{rel}","templated":true}]}}